{"id":1649,"date":"2024-07-09T12:08:53","date_gmt":"2024-07-09T10:08:53","guid":{"rendered":"https:\/\/teresianas.sjdigitaldemo.ovh\/arrels\/"},"modified":"2025-01-23T07:39:36","modified_gmt":"2025-01-23T06:39:36","slug":"arrels","status":"publish","type":"page","link":"https:\/\/teresianaseuropa.org\/ca\/arrels\/","title":{"rendered":"Arrels"},"content":{"rendered":"<p>[et_pb_section fb_built=&#8221;1&#8243; admin_label=&#8221;Header&#8221; _builder_version=&#8221;4.26.0&#8243; _module_preset=&#8221;default&#8221; background_color=&#8221;#2C559E&#8221; background_image=&#8221;https:\/\/teresianaseuropa.org\/wp-content\/uploads\/2024\/09\/20240309_220856-1-scaled.jpg&#8221; background_blend=&#8221;multiply&#8221; custom_padding=&#8221;0px||0px||true|false&#8221; global_colors_info=&#8221;{}&#8221;][et_pb_row column_structure=&#8221;1_2,1_2&#8243; _builder_version=&#8221;4.16&#8243; _module_preset=&#8221;default&#8221; global_colors_info=&#8221;{}&#8221;][et_pb_column type=&#8221;1_2&#8243; _builder_version=&#8221;4.16&#8243; _module_preset=&#8221;default&#8221; custom_padding=&#8221;10%||8vw||false|false&#8221; custom_padding_tablet=&#8221;0vw||0vw||true|false&#8221; custom_padding_phone=&#8221;&#8221; custom_padding_last_edited=&#8221;on|tablet&#8221; global_colors_info=&#8221;{}&#8221;][et_pb_divider show_divider=&#8221;off&#8221; admin_label=&#8221;Separador&#8221; _builder_version=&#8221;4.26.0&#8243; _module_preset=&#8221;default&#8221; global_colors_info=&#8221;{}&#8221;][\/et_pb_divider][et_pb_divider show_divider=&#8221;off&#8221; admin_label=&#8221;Separador&#8221; _builder_version=&#8221;4.26.0&#8243; _module_preset=&#8221;default&#8221; global_colors_info=&#8221;{}&#8221;][\/et_pb_divider][et_pb_divider show_divider=&#8221;off&#8221; admin_label=&#8221;Separador&#8221; _builder_version=&#8221;4.26.0&#8243; _module_preset=&#8221;default&#8221; global_colors_info=&#8221;{}&#8221;][\/et_pb_divider][et_pb_divider show_divider=&#8221;off&#8221; admin_label=&#8221;Separador&#8221; _builder_version=&#8221;4.26.0&#8243; _module_preset=&#8221;default&#8221; global_colors_info=&#8221;{}&#8221;][\/et_pb_divider][et_pb_text _builder_version=&#8221;4.26.0&#8243; _module_preset=&#8221;b3e3ff14-5f5c-4608-8ecf-1885ce3da7aa&#8221; header_font=&#8221;||||||||&#8221; header_text_color=&#8221;#FFFFFF&#8221; header_font_size=&#8221;70px&#8221; header_line_height=&#8221;1.1em&#8221; custom_margin=&#8221;||10px||false|false&#8221; custom_margin_tablet=&#8221;||10px||false|false&#8221; custom_margin_phone=&#8221;50px||10px||false|false&#8221; custom_margin_last_edited=&#8221;on|phone&#8221; header_font_size_tablet=&#8221;40px&#8221; header_font_size_phone=&#8221;24px&#8221; header_font_size_last_edited=&#8221;on|desktop&#8221; global_colors_info=&#8221;{}&#8221;]<\/p>\n<h1>Una invitaci\u00f3 apassionant<\/h1>\n<p>[\/et_pb_text][et_pb_text _builder_version=&#8221;4.26.0&#8243; _module_preset=&#8221;da86b6f0-f83c-4c7c-bdd8-3019777ddffe&#8221; text_font=&#8221;||||||||&#8221; text_text_color=&#8221;#FFFFFF&#8221; text_font_size=&#8221;16px&#8221; text_line_height=&#8221;1.6em&#8221; text_font_size_tablet=&#8221;15px&#8221; text_font_size_phone=&#8221;14px&#8221; text_font_size_last_edited=&#8221;on|desktop&#8221; global_colors_info=&#8221;{}&#8221;]<\/p>\n<p>El <strong>1876<\/strong> , <strong>Enric<\/strong> d&#8217;Oss\u00f3 ens va fundar i, en fer-ho, ens va lliurar el regal m\u00e9s gran: <strong>Teresa de Jes\u00fas<\/strong> . Con\u00e8ixer tots dos \u00e9s submergir-nos en les nostres arrels, comprendre d&#8217;on venim i recon\u00e8ixer que som aqu\u00ed gr\u00e0cies a la seva visi\u00f3. <\/p>\n<p>No es tracta nom\u00e9s de mirar el passat, sin\u00f3 de descobrir en les seves vides i ensenyaments un projecte apassionant que continua viu avui: ser <strong>teresianes d&#8217;Oss<\/strong>\u00f3 , dones que abracen el carisma de Teresa i ho projecten cap al futur amb la mateixa passi\u00f3 i lliurament.<\/p>\n<p>[\/et_pb_text][\/et_pb_column][et_pb_column type=&#8221;1_2&#8243; _builder_version=&#8221;4.16&#8243; _module_preset=&#8221;default&#8221; global_colors_info=&#8221;{}&#8221;][\/et_pb_column][\/et_pb_row][\/et_pb_section][et_pb_section fb_built=&#8221;1&#8243; admin_label=&#8221;About&#8221; module_id=&#8221;enric&#8221; _builder_version=&#8221;4.26.0&#8243; _module_preset=&#8221;default&#8221; background_color=&#8221;#FFFFFF&#8221; custom_padding=&#8221;0px||0px||true|false&#8221; global_colors_info=&#8221;{}&#8221;][et_pb_row column_structure=&#8221;1_2,1_2&#8243; _builder_version=&#8221;4.26.0&#8243; _module_preset=&#8221;default&#8221; custom_margin_tablet=&#8221;0px||||false|false&#8221; custom_margin_last_edited=&#8221;off|desktop&#8221; custom_padding=&#8221;0px||0px||true|false&#8221; global_colors_info=&#8221;{}&#8221;][et_pb_column type=&#8221;1_2&#8243; admin_label=&#8221;Columna&#8221; _builder_version=&#8221;4.26.0&#8243; _module_preset=&#8221;default&#8221; background_enable_image=&#8221;off&#8221; global_colors_info=&#8221;{}&#8221;][et_pb_image title_text=&#8221;Sant Enric ap\u00f2stol&#8221; align=&#8221;right&#8221; admin_label=&#8221;Imagen&#8221; _builder_version=&#8221;4.26.0&#8243; _module_preset=&#8221;default&#8221; background_image=&#8221;https:\/\/teresianaseuropa.org\/wp-content\/uploads\/2024\/09\/San-Enrique-apostol.jpg&#8221; custom_margin=&#8221;|0px||-10vw|false|false&#8221; custom_padding=&#8221;||100%||false|false&#8221; global_colors_info=&#8221;{}&#8221;][\/et_pb_image][\/et_pb_column][et_pb_column type=&#8221;1_2&#8243; admin_label=&#8221;Columna&#8221; _builder_version=&#8221;4.16&#8243; _module_preset=&#8221;default&#8221; custom_padding=&#8221;100px||30px||false|false&#8221; custom_padding_tablet=&#8221;30px||30px||true|false&#8221; custom_padding_phone=&#8221;&#8221; custom_padding_last_edited=&#8221;on|phone&#8221; global_colors_info=&#8221;{}&#8221;][et_pb_text admin_label=&#8221;Texto&#8221; _builder_version=&#8221;4.26.0&#8243; _module_preset=&#8221;003e9429-8e11-4d9e-968b-8881092bbf81&#8243; header_text_color=&#8221;#2C559E&#8221; header_2_font=&#8221;|500|||||||&#8221; header_2_text_color=&#8221;#2C559E&#8221; header_2_font_size=&#8221;40px&#8221; header_2_line_height=&#8221;1.2em&#8221; custom_margin=&#8221;||0px||false|false&#8221; header_2_font_size_tablet=&#8221;30px&#8221; header_2_font_size_phone=&#8221;30px&#8221; header_2_font_size_last_edited=&#8221;on|phone&#8221; header_2_letter_spacing_tablet=&#8221;&#8221; header_2_letter_spacing_phone=&#8221;&#8221; header_2_letter_spacing_last_edited=&#8221;on|phone&#8221; locked=&#8221;off&#8221; global_colors_info=&#8221;{}&#8221;]<\/p>\n<h2><b>Enric d&#8217;Oss\u00f3: Un mestre amb cor de foc<\/b><\/h2>\n<p>[\/et_pb_text][et_pb_text admin_label=&#8221;Texto&#8221; _builder_version=&#8221;4.26.0&#8243; _module_preset=&#8221;c2a3d585-c259-4e5a-8faa-710c0e634348&#8243; text_font=&#8221;|500|||||||&#8221; text_font_size=&#8221;18px&#8221; text_line_height=&#8221;1.6em&#8221; text_font_size_tablet=&#8221;15px&#8221; text_font_size_phone=&#8221;18px&#8221; text_font_size_last_edited=&#8221;on|phone&#8221; header_font_size_tablet=&#8221;55px&#8221; header_font_size_last_edited=&#8221;off|desktop&#8221; locked=&#8221;off&#8221; global_colors_info=&#8221;{}&#8221;]<\/p>\n<p><b>T&#8217;apassiona ajudar els altres? Et preguntes com viure una fe que impacti el m\u00f3n? <\/b><\/p>\n<p><span style=\"font-weight: 400;\">Coneix la hist\u00f2ria d&#8217;Enric d&#8217;Oss\u00f3, el nostre fundador,<\/span> <span style=\"font-weight: 400;\">un<\/span> <b>sacerdot<\/b> <b>catal\u00e0<\/b> <span style=\"font-weight: 400;\">del segle<\/span> <b>XIX<\/b> <span style=\"font-weight: 400;\">, patr\u00f3 dels catequistes espanyols, que ens ensenya el poder de l&#8217;acci\u00f3 i la fe.<\/span><\/p>\n<p>[\/et_pb_text][\/et_pb_column][\/et_pb_row][\/et_pb_section][et_pb_section fb_built=&#8221;1&#8243; admin_label=&#8221;Mission&#8221; _builder_version=&#8221;4.26.0&#8243; _module_preset=&#8221;default&#8221; background_enable_color=&#8221;off&#8221; use_background_color_gradient=&#8221;on&#8221; background_color_gradient_direction=&#8221;90deg&#8221; background_color_gradient_stops=&#8221;#ffffff 65%|#9ae6fe 65%&#8221; custom_padding=&#8221;||||false|false&#8221; global_colors_info=&#8221;{}&#8221;][et_pb_row column_structure=&#8221;1_2,1_2&#8243; _builder_version=&#8221;4.26.0&#8243; _module_preset=&#8221;default&#8221; custom_padding=&#8221;||||false|false&#8221; global_colors_info=&#8221;{}&#8221;][et_pb_column type=&#8221;1_2&#8243; _builder_version=&#8221;4.16&#8243; _module_preset=&#8221;default&#8221; global_colors_info=&#8221;{}&#8221;][et_pb_accordion toggle_icon=&#8221;&#x22;||divi||400&#8243; _builder_version=&#8221;4.26.0&#8243; _module_preset=&#8221;default&#8221; custom_margin=&#8221;-10vw||||false|false&#8221; global_colors_info=&#8221;{}&#8221;][et_pb_accordion_item title=&#8221;el seu cam\u00ed&#8221; open=&#8221;on&#8221; open_toggle_text_color=&#8221;#FFFFFF&#8221; open_toggle_background_color=&#8221;#2C559E&#8221; closed_toggle_text_color=&#8221;#FFFFFF&#8221; closed_toggle_background_color=&#8221;#2C559E&#8221; icon_color=&#8221;#FFFFFF&#8221; toggle_icon=&#8221;&#x22;||divi||400&#8243; use_icon_font_size=&#8221;on&#8221; icon_font_size=&#8221;30px&#8221; _builder_version=&#8221;4.26.0&#8243; _module_preset=&#8221;default&#8221; body_text_color=&#8221;#FFFFFF&#8221; body_font_size=&#8221;18px&#8221; border_width_all=&#8221;0px&#8221; global_colors_info=&#8221;{}&#8221; toggle_text_color=&#8221;#FFFFFF&#8221; toggle_level=&#8221;h1&#8243; toggle_font=&#8221;&#8211;et_global_body_font|600|||||||&#8221;]<\/p>\n<ul>\n<li style=\"font-weight: 400;\" aria-level=\"1\"><span style=\"font-weight: 400;\">Un jove amb un somni: ser<\/span> <b>mestre<\/b><span style=\"font-weight: 400;\">&#8230; i ho va aconseguir! Per\u00f2 el seu cor cremava per alguna cosa m\u00e9s. <\/span><\/li>\n<li style=\"font-weight: 400;\" aria-level=\"1\"><span style=\"font-weight: 400;\">Una trobada amb<\/span> <b>Jes\u00fas<\/b><span style=\"font-weight: 400;\"> que el va transformar. Es va convertir en  <\/span><b>sacerdot<\/b> <span style=\"font-weight: 400;\">i va dedicar la seva vida a servir D\u00e9u i el pro\u00efsme.<\/span><\/li>\n<li style=\"font-weight: 400;\" aria-level=\"1\"><span style=\"font-weight: 400;\">Un descobriment que ho canvia tot:<\/span> <b>Teresa de Jes\u00fas<\/b><\/li>\n<li style=\"font-weight: 400;\" aria-level=\"1\"><span style=\"font-weight: 400;\">Un mestre de cor: va fundar la<\/span> <b>Companyia de Santa Teresa<\/b> <span style=\"font-weight: 400;\">per portar<\/span> <b>leducaci\u00f3<\/b> <span style=\"font-weight: 400;\">a nens i nenes.<\/span><\/li>\n<li style=\"font-weight: 400;\" aria-level=\"1\">Un <b>escriptor apassionat<\/b> <span>: va escriure llibres com &#8220;El Quart d&#8217;Hora d&#8217;Oraci\u00f3&#8221; per ajudar els altres a trobar D\u00e9u.<\/span><\/li>\n<\/ul>\n<p>[\/et_pb_accordion_item][et_pb_accordion_item title=&#8221;el seu llegat&#8221; open_toggle_text_color=&#8221;#FFFFFF&#8221; open_toggle_background_color=&#8221;#2C559E&#8221; closed_toggle_text_color=&#8221;#FFFFFF&#8221; closed_toggle_background_color=&#8221;#2C559E&#8221; icon_color=&#8221;#FFFFFF&#8221; toggle_icon=&#8221;&#x22;||divi||400&#8243; use_icon_font_size=&#8221;on&#8221; icon_font_size=&#8221;30px&#8221; _builder_version=&#8221;4.26.0&#8243; _module_preset=&#8221;default&#8221; body_text_color=&#8221;#FFFFFF&#8221; body_font_size=&#8221;18px&#8221; border_width_all=&#8221;0px&#8221; global_colors_info=&#8221;{}&#8221; toggle_text_color=&#8221;#FFFFFF&#8221; toggle_level=&#8221;h1&#8243; toggle_font=&#8221;&#8211;et_global_body_font|600|||||||&#8221; open=&#8221;off&#8221;]<\/p>\n<ul>\n<li style=\"font-weight: 400;\" aria-level=\"1\"><span style=\"font-weight: 400;\">Una<\/span> <b>comunitat<\/b> <span style=\"font-weight: 400;\">de dones que segueixen el seu exemple, les<\/span> <b>Teresianes<\/b> <span style=\"font-weight: 400;\">.<\/span><\/li>\n<li style=\"font-weight: 400;\" aria-level=\"1\"><span style=\"font-weight: 400;\">Escoles que eduquen milers de nens i nenes arreu del m\u00f3n.<\/span><\/li>\n<li style=\"font-weight: 400;\" aria-level=\"1\"><span style=\"font-weight: 400;\">Un missatge d&#8217;esperan\u00e7a: la<\/span> <b>fe<\/b> <span style=\"font-weight: 400;\">ens impulsa a<\/span> <b>transformar<\/b> <span style=\"font-weight: 400;\">el m\u00f3n.<\/span><\/li>\n<li style=\"font-weight: 400;\" aria-level=\"1\">Una <b>espiritualitat<\/b> <span>a l&#8217;estil de Teresa de Jes\u00fas.<\/span><\/li>\n<\/ul>\n<p>[\/et_pb_accordion_item][et_pb_accordion_item title=&#8221;el seu secret&#8221; open_toggle_text_color=&#8221;#FFFFFF&#8221; open_toggle_background_color=&#8221;#2C559E&#8221; closed_toggle_text_color=&#8221;#FFFFFF&#8221; closed_toggle_background_color=&#8221;#2C559E&#8221; icon_color=&#8221;#FFFFFF&#8221; toggle_icon=&#8221;&#x22;||divi||400&#8243; use_icon_font_size=&#8221;on&#8221; icon_font_size=&#8221;30px&#8221; _builder_version=&#8221;4.26.0&#8243; _module_preset=&#8221;default&#8221; body_text_color=&#8221;#FFFFFF&#8221; body_font_size=&#8221;18px&#8221; border_width_all=&#8221;0px&#8221; global_colors_info=&#8221;{}&#8221; toggle_text_color=&#8221;#FFFFFF&#8221; toggle_level=&#8221;h1&#8243; toggle_font=&#8221;&#8211;et_global_body_font|600|||||||&#8221; open=&#8221;off&#8221;]<\/p>\n<ul>\n<li style=\"font-weight: 400;\" aria-level=\"1\"><span style=\"font-weight: 400;\">La<\/span> <b>preg\u00e0ria<\/b> <span style=\"font-weight: 400;\">: una<\/span> <b>trobada<\/b> <span style=\"font-weight: 400;\">personal amb D\u00e9u que li donava la for\u00e7a per seguir endavant.<\/span><\/li>\n<li style=\"font-weight: 400;\" aria-level=\"1\"><span style=\"font-weight: 400;\">L&#8217;<\/span> <b>escolta<\/b> <span style=\"font-weight: 400;\">: estar atent a les necessitats del seu temps i respondre amb amor.<\/span><\/li>\n<li style=\"font-weight: 400;\" aria-level=\"1\">L&#8217;acci\u00f3: posar <b>fil a l&#8217;agulla<\/b> <span>per construir un m\u00f3n millor.<\/span><\/li>\n<\/ul>\n<p>[\/et_pb_accordion_item][et_pb_accordion_item title=&#8221;la seva invitaci\u00f3&#8221; open_toggle_text_color=&#8221;#FFFFFF&#8221; open_toggle_background_color=&#8221;#2C559E&#8221; closed_toggle_text_color=&#8221;#FFFFFF&#8221; closed_toggle_background_color=&#8221;#2C559E&#8221; icon_color=&#8221;#FFFFFF&#8221; toggle_icon=&#8221;&#x22;||divi||400&#8243; use_icon_font_size=&#8221;on&#8221; icon_font_size=&#8221;30px&#8221; _builder_version=&#8221;4.26.0&#8243; _module_preset=&#8221;default&#8221; body_text_color=&#8221;#FFFFFF&#8221; body_font_size=&#8221;18px&#8221; border_width_all=&#8221;0px&#8221; global_colors_info=&#8221;{}&#8221; toggle_text_color=&#8221;#FFFFFF&#8221; toggle_level=&#8221;h1&#8243; toggle_font=&#8221;&#8211;et_global_body_font|600|||||||&#8221; open=&#8221;off&#8221;]<\/p>\n<p><span style=\"font-weight: 400;\">Viure una fe en<\/span> <b>moviment<\/b> <span style=\"font-weight: 400;\">, una fe que es tradueix en accions que busquen canviar el m\u00f3n.<\/span><\/p>\n<p><b>Recorda:<\/b><span style=\"font-weight: 400;\"> La fe no es queda a les parets de l&#8217;esgl\u00e9sia. Enric d&#8217;Oss\u00f3 ens ensenya que la veritable fe neix d&#8217;una relaci\u00f3 d&#8217;  <\/span><b>Amistat<\/b> <span style=\"font-weight: 400;\">amb<\/span> <b>D\u00e9u<\/b> <span style=\"font-weight: 400;\">i es manifesta en<\/span> <b>accions<\/b> <span style=\"font-weight: 400;\">que<\/span> <b>transformen<\/b> <span style=\"font-weight: 400;\">el m\u00f3n.<\/span> <\/p>\n<p><span style=\"font-weight: 400;\">Enc\u00e9n<\/span> <span style=\"font-weight: 400;\">la teva llum i<\/span> <b>uneix<\/b> &#8211; <b>te<\/b> <span style=\"font-weight: 400;\">a l&#8217;aventura!<\/span><\/p>\n<p>[\/et_pb_accordion_item][\/et_pb_accordion][\/et_pb_column][et_pb_column type=&#8221;1_2&#8243; _builder_version=&#8221;4.16&#8243; _module_preset=&#8221;default&#8221; custom_padding=&#8221;120px||||false|false&#8221; custom_padding_tablet=&#8221;0px||||false|false&#8221; custom_padding_phone=&#8221;&#8221; custom_padding_last_edited=&#8221;on|tablet&#8221; global_colors_info=&#8221;{}&#8221;][et_pb_image src=&#8221;https:\/\/teresianaseuropa.org\/wp-content\/uploads\/2024\/09\/IMG_1164-1-scaled.jpg&#8221; title_text=&#8221;IMG_1164&#8243; _builder_version=&#8221;4.26.0&#8243; _module_preset=&#8221;default&#8221; global_colors_info=&#8221;{}&#8221;][\/et_pb_image][\/et_pb_column][\/et_pb_row][et_pb_row column_structure=&#8221;1_2,1_2&#8243; _builder_version=&#8221;4.26.0&#8243; _module_preset=&#8221;default&#8221; background_enable_color=&#8221;off&#8221; custom_padding=&#8221;||||false|false&#8221; global_colors_info=&#8221;{}&#8221;][et_pb_column type=&#8221;1_2&#8243; _builder_version=&#8221;4.16&#8243; _module_preset=&#8221;default&#8221; global_colors_info=&#8221;{}&#8221;][et_pb_text _builder_version=&#8221;4.26.0&#8243; _module_preset=&#8221;003e9429-8e11-4d9e-968b-8881092bbf81&#8243; header_2_font=&#8221;&#8211;et_global_body_font|500|||||||&#8221; header_2_text_color=&#8221;#000000&#8243; header_2_font_size=&#8221;40px&#8221; header_2_line_height=&#8221;1.2em&#8221; custom_margin=&#8221;||0px||false|false&#8221; header_2_font_size_tablet=&#8221;30px&#8221; header_2_font_size_phone=&#8221;20px&#8221; header_2_font_size_last_edited=&#8221;on|desktop&#8221; locked=&#8221;off&#8221; global_colors_info=&#8221;{}&#8221;]<\/p>\n<h2>descobreix m\u00e9s sobre ell<\/h2>\n<p>[\/et_pb_text][et_pb_button button_url=&#8221;https:\/\/www.stjteresianas.org\/espiritualidad\/san-enrique-de-osso&#8221; button_text=&#8221;Vida i segell teresi\u00e0 &#8221; _builder_version=&#8221;4.26.0&#8243; _module_preset=&#8221;default&#8221; custom_button=&#8221;on&#8221; button_text_size=&#8221;16px&#8221; button_text_color=&#8221;#D90492&#8243; button_bg_color=&#8221;RGBA(255,255,255,0)&#8221; button_border_width=&#8221;0px&#8221; button_use_icon=&#8221;off&#8221; custom_margin=&#8221;0px||0px||true|false&#8221; global_colors_info=&#8221;{}&#8221; button_text_color__hover=&#8221;#9AE6FE&#8221; button_text_color__hover_enabled=&#8221;on|hover&#8221; button_border_color__hover=&#8221;RGBA(255,255,255,0)&#8221; button_border_color__hover_enabled=&#8221;on|desktop&#8221;][\/et_pb_button][et_pb_button button_url=&#8221;https:\/\/rutaosso.org\/&#8221; button_text=&#8221;Ruta Enric d&#039;Oss\u00f3&#8221; _builder_version=&#8221;4.26.0&#8243; _module_preset=&#8221;default&#8221; custom_button=&#8221;on&#8221; button_text_size=&#8221;16px&#8221; button_text_color=&#8221;#D90492&#8243; button_bg_color=&#8221;RGBA(255,255,255,0)&#8221; button_border_width=&#8221;0px&#8221; button_use_icon=&#8221;off&#8221; custom_margin=&#8221;0px||0px||true|false&#8221; global_colors_info=&#8221;{}&#8221; button_text_color__hover=&#8221;#9AE6FE&#8221; button_text_color__hover_enabled=&#8221;on|hover&#8221; button_border_color__hover=&#8221;RGBA(255,255,255,0)&#8221; button_border_color__hover_enabled=&#8221;on|desktop&#8221;][\/et_pb_button][et_pb_button button_url=&#8221;https:\/\/www.stjteresianas.org\/biblioteca\/enrique-de-osso-obras-y-cartas&#8221; button_text=&#8221;Escrits i cartes&#8221; _builder_version=&#8221;4.26.0&#8243; _module_preset=&#8221;default&#8221; custom_button=&#8221;on&#8221; button_text_size=&#8221;16px&#8221; button_text_color=&#8221;#D90492&#8243; button_bg_color=&#8221;RGBA(255,255,255,0)&#8221; button_border_width=&#8221;0px&#8221; button_use_icon=&#8221;off&#8221; custom_margin=&#8221;0px||0px||true|false&#8221; global_colors_info=&#8221;{}&#8221; button_text_color__hover=&#8221;#9AE6FE&#8221; button_text_color__hover_enabled=&#8221;on|hover&#8221; button_border_color__hover=&#8221;RGBA(255,255,255,0)&#8221; button_border_color__hover_enabled=&#8221;on|desktop&#8221;][\/et_pb_button][\/et_pb_column][et_pb_column type=&#8221;1_2&#8243; _builder_version=&#8221;4.16&#8243; _module_preset=&#8221;default&#8221; custom_padding=&#8221;120px||||false|false&#8221; custom_padding_tablet=&#8221;0px||||false|false&#8221; custom_padding_phone=&#8221;&#8221; custom_padding_last_edited=&#8221;on|tablet&#8221; global_colors_info=&#8221;{}&#8221;][\/et_pb_column][\/et_pb_row][\/et_pb_section][et_pb_section fb_built=&#8221;1&#8243; admin_label=&#8221;About&#8221; module_id=&#8221;teresa&#8221; _builder_version=&#8221;4.26.0&#8243; _module_preset=&#8221;default&#8221; use_background_color_gradient=&#8221;on&#8221; background_color_gradient_direction=&#8221;90deg&#8221; background_color_gradient_stops=&#8221;#ffcc33 8%|#ffffff 8%&#8221; custom_padding=&#8221;0px||0px||true|false&#8221; global_colors_info=&#8221;{}&#8221;][et_pb_row column_structure=&#8221;1_2,1_2&#8243; _builder_version=&#8221;4.26.0&#8243; _module_preset=&#8221;default&#8221; custom_margin_tablet=&#8221;0px||||false|false&#8221; custom_margin_last_edited=&#8221;off|desktop&#8221; custom_padding=&#8221;0px||0px||true|false&#8221; global_colors_info=&#8221;{}&#8221;][et_pb_column type=&#8221;1_2&#8243; _builder_version=&#8221;4.16&#8243; _module_preset=&#8221;default&#8221; custom_padding=&#8221;100px||30px||false|false&#8221; custom_padding_tablet=&#8221;30px||30px||true|false&#8221; custom_padding_phone=&#8221;&#8221; custom_padding_last_edited=&#8221;on|phone&#8221; global_colors_info=&#8221;{}&#8221;][et_pb_text _builder_version=&#8221;4.26.0&#8243; _module_preset=&#8221;003e9429-8e11-4d9e-968b-8881092bbf81&#8243; header_text_color=&#8221;#2C559E&#8221; header_2_font=&#8221;|500|||||||&#8221; header_2_text_color=&#8221;#D90492&#8243; header_2_font_size=&#8221;40px&#8221; header_2_line_height=&#8221;1.2em&#8221; custom_margin=&#8221;||0px||false|false&#8221; header_2_font_size_tablet=&#8221;30px&#8221; header_2_font_size_phone=&#8221;30px&#8221; header_2_font_size_last_edited=&#8221;on|desktop&#8221; locked=&#8221;off&#8221; global_colors_info=&#8221;{}&#8221;]<\/p>\n<h2><b>Teresa de Jes\u00fas: Una dona lliure al segle XVI<\/b><\/h2>\n<p>[\/et_pb_text][et_pb_text admin_label=&#8221;Texto&#8221; _builder_version=&#8221;4.26.0&#8243; _module_preset=&#8221;7262e956-c376-4aa6-9642-c413f71527d0&#8243; text_font_size=&#8221;18px&#8221; text_line_height=&#8221;1.8em&#8221; text_font_size_tablet=&#8221;18px&#8221; text_font_size_phone=&#8221;18px&#8221; text_font_size_last_edited=&#8221;on|phone&#8221; locked=&#8221;off&#8221; global_colors_info=&#8221;{}&#8221;]<\/p>\n<p><span style=\"font-weight: 400;\">Model de dona, passi\u00f3 per Jes\u00fas,<\/span> <b>humanitat de Jes\u00fas<\/b> <span style=\"font-weight: 400;\">, preg\u00e0ria com<\/span> <b>a tracte d&#8217;amistat<\/b> <span style=\"font-weight: 400;\">, mestra de<\/span> <b>preg\u00e0ria<\/b> <span style=\"font-weight: 400;\">, capacitat de<\/span> <b>reforma<\/b> <span style=\"font-weight: 400;\">des de la seva realitat, recerca de la veritat,<\/span> <b>amor a l&#8217;Esgl\u00e9sia<\/b> <span style=\"font-weight: 400;\">.<\/span><\/p>\n<p>[\/et_pb_text][et_pb_text _builder_version=&#8221;4.26.0&#8243; _module_preset=&#8221;c2a3d585-c259-4e5a-8faa-710c0e634348&#8243; text_font=&#8221;|500|||||||&#8221; text_font_size=&#8221;18px&#8221; text_line_height=&#8221;1.6em&#8221; text_font_size_tablet=&#8221;15px&#8221; text_font_size_phone=&#8221;18px&#8221; text_font_size_last_edited=&#8221;on|desktop&#8221; locked=&#8221;off&#8221; global_colors_info=&#8221;{}&#8221;]<\/p>\n<p><b>T&#8217;apassiona la llibertat? Et preguntes com viure una vida sense lligams, connectada amb all\u00f2 m\u00e9s essencial? <\/b><\/p>\n<p><span style=\"font-weight: 400;\">Coneix la hist\u00f2ria de Teresa de Jes\u00fas, una<\/span> <b>dona<\/b> <span style=\"font-weight: 400;\">castellana del<\/span> <b>segle XVI<\/b> <span style=\"font-weight: 400;\">que ens ensenya el poder de la<\/span> <b>passi\u00f3<\/b> <span style=\"font-weight: 400;\">, la recerca de<\/span> <b>la veritat<\/b> <span style=\"font-weight: 400;\">i la connexi\u00f3 amb<\/span> <b>D\u00e9u<\/b> <span style=\"font-weight: 400;\">.<\/span><\/p>\n<p>[\/et_pb_text][\/et_pb_column][et_pb_column type=&#8221;1_2&#8243; _builder_version=&#8221;4.26.0&#8243; _module_preset=&#8221;default&#8221; global_colors_info=&#8221;{}&#8221;][et_pb_image src=&#8221;https:\/\/teresianaseuropa.org\/wp-content\/uploads\/2024\/12\/20221015_075729-copia-en-tamano-grande.jpeg&#8221; title_text=&#8221;20221015_075729-c\u00f2pia en grand\u00e0ria gran&#8221; show_bottom_space=&#8221;off&#8221; align=&#8221;right&#8221; _builder_version=&#8221;4.26.0&#8243; _module_preset=&#8221;default&#8221; background_enable_image=&#8221;off&#8221; background_size=&#8221;contain&#8221; position_origin_a=&#8221;top_right&#8221; custom_margin=&#8221;|-24vw||0px|false|false&#8221; hover_enabled=&#8221;0&#8243; global_colors_info=&#8221;{}&#8221; sticky_enabled=&#8221;0&#8243;][\/et_pb_image][\/et_pb_column][\/et_pb_row][\/et_pb_section][et_pb_section fb_built=&#8221;1&#8243; admin_label=&#8221;History&#8221; _builder_version=&#8221;4.26.0&#8243; _module_preset=&#8221;default&#8221; background_color=&#8221;#FFCC33&#8243; custom_padding=&#8221;||120px||false|false&#8221; global_colors_info=&#8221;{}&#8221;][et_pb_row column_structure=&#8221;1_2,1_2&#8243; _builder_version=&#8221;4.26.0&#8243; _module_preset=&#8221;default&#8221; global_colors_info=&#8221;{}&#8221;][et_pb_column type=&#8221;1_2&#8243; _builder_version=&#8221;4.16&#8243; _module_preset=&#8221;default&#8221; global_colors_info=&#8221;{}&#8221;][et_pb_image src=&#8221;https:\/\/teresianaseuropa.org\/wp-content\/uploads\/2024\/09\/IMG_2955-scaled.jpg&#8221; title_text=&#8221;IMG_2955&#8243; _builder_version=&#8221;4.26.0&#8243; _module_preset=&#8221;default&#8221; custom_margin=&#8221;||-96px|||&#8221; global_colors_info=&#8221;{}&#8221;][\/et_pb_image][\/et_pb_column][et_pb_column type=&#8221;1_2&#8243; _builder_version=&#8221;4.16&#8243; _module_preset=&#8221;default&#8221; global_colors_info=&#8221;{}&#8221;][et_pb_accordion toggle_icon=&#8221;&#x22;||divi||400&#8243; _builder_version=&#8221;4.26.0&#8243; _module_preset=&#8221;default&#8221; custom_margin=&#8221;-15vw|||-2vw|false|false&#8221; global_colors_info=&#8221;{}&#8221;][et_pb_accordion_item title=&#8221;el seu cam\u00ed&#8221; open=&#8221;on&#8221; open_toggle_text_color=&#8221;#FFFFFF&#8221; open_toggle_background_color=&#8221;#D90492&#8243; closed_toggle_text_color=&#8221;#FFFFFF&#8221; closed_toggle_background_color=&#8221;#D90492&#8243; icon_color=&#8221;#FFFFFF&#8221; toggle_icon=&#8221;&#x22;||divi||400&#8243; use_icon_font_size=&#8221;on&#8221; icon_font_size=&#8221;30px&#8221; _builder_version=&#8221;4.26.0&#8243; _module_preset=&#8221;default&#8221; body_text_color=&#8221;#FFFFFF&#8221; body_font_size=&#8221;18px&#8221; border_width_all=&#8221;0px&#8221; global_colors_info=&#8221;{}&#8221; toggle_text_color=&#8221;#FFFFFF&#8221; toggle_level=&#8221;h1&#8243; toggle_font=&#8221;&#8211;et_global_body_font|600|||||||&#8221;]<\/p>\n<ul>\n<li style=\"font-weight: 400;\" aria-level=\"1\"><span style=\"font-weight: 400;\">Una jove rebel: Teresa va desafiar les normes de la seva \u00e8poca per seguir la seva passi\u00f3:<\/span> <b>Jes\u00fas. No era una simple monja, era una dona lliure que buscaba una<\/b><b>relaci\u00f3 personal amb D\u00e9u.<\/b> <span style=\"font-weight: 400;\">amb D\u00e9u.<\/span><\/li>\n<li style=\"font-weight: 400;\" aria-level=\"1\"><span style=\"font-weight: 400;\">Una m\u00edstica<\/span> <b>auda\u00e7<\/b> <span style=\"font-weight: 400;\">: Es va endinsar en els camins de la preg\u00e0ria i la<\/span> <b>contemplaci\u00f3<\/b> <span style=\"font-weight: 400;\">, deixant un llegat d&#8217;<\/span> <b>experi\u00e8ncies i saviesa<\/b> <span style=\"font-weight: 400;\">que encara avui ens inspira.<\/span><\/li>\n<li style=\"font-weight: 400;\" aria-level=\"1\"><span style=\"font-weight: 400;\">Una gran<\/span> <b>escriptora<\/b> <span style=\"font-weight: 400;\">: Els seus llibres, com &#8220;Cam\u00ed de Perfecci\u00f3&#8221; o &#8220;Les Estades del Castell Interior&#8221;, s\u00f3n una guia pr\u00e0ctica per assolir la uni\u00f3 amb D\u00e9u.<\/span><\/li>\n<\/ul>\n<p>[\/et_pb_accordion_item][et_pb_accordion_item title=&#8221;el seu llegat&#8221; open_toggle_text_color=&#8221;#FFFFFF&#8221; open_toggle_background_color=&#8221;#D90492&#8243; closed_toggle_text_color=&#8221;#FFFFFF&#8221; closed_toggle_background_color=&#8221;#D90492&#8243; icon_color=&#8221;#FFFFFF&#8221; toggle_icon=&#8221;&#x22;||divi||400&#8243; use_icon_font_size=&#8221;on&#8221; icon_font_size=&#8221;30px&#8221; _builder_version=&#8221;4.26.0&#8243; _module_preset=&#8221;default&#8221; body_text_color=&#8221;#FFFFFF&#8221; body_font_size=&#8221;18px&#8221; border_width_all=&#8221;0px&#8221; global_colors_info=&#8221;{}&#8221; toggle_text_color=&#8221;#FFFFFF&#8221; toggle_level=&#8221;h1&#8243; toggle_font=&#8221;&#8211;et_global_body_font|600|||||||&#8221; open=&#8221;off&#8221;]<\/p>\n<ul>\n<li style=\"font-weight: 400;\" aria-level=\"1\"><span style=\"font-weight: 400;\">Una<\/span> <b>reformadora<\/b> <span style=\"font-weight: 400;\">valenta: Va fundar l&#8217;Ordre de les Carmelites Descalces, una comunitat de dones que segueixen el cam\u00ed de recerca i entrega a D\u00e9u.<\/span><\/li>\n<li style=\"font-weight: 400;\" aria-level=\"1\"><span style=\"font-weight: 400;\">Una<\/span> <b>mestra de preg\u00e0ria<\/b> <span style=\"font-weight: 400;\">: Els seus ensenyaments ens ajuden a conrear una relaci\u00f3 profunda amb D\u00e9u, basada en la<\/span> <b>confian\u00e7a<\/b> <span style=\"font-weight: 400;\">i l&#8217;<\/span> <b>amor<\/b> <span style=\"font-weight: 400;\">.<\/span><\/li>\n<li style=\"font-weight: 400;\" aria-level=\"1\">Un s\u00edmbol de <b>llibertat<\/b> <span>: Teresa ens inspira a trencar les cadenes que ens lliguen i a viure una vida aut\u00e8ntica,<\/span> <b>connectada<\/b> <span>amb el nostre<\/span> <b>\u00e9sser interior.<\/b><\/li>\n<\/ul>\n<p>[\/et_pb_accordion_item][et_pb_accordion_item title=&#8221;el seu secret&#8221; open_toggle_text_color=&#8221;#FFFFFF&#8221; open_toggle_background_color=&#8221;#D90492&#8243; closed_toggle_text_color=&#8221;#FFFFFF&#8221; closed_toggle_background_color=&#8221;#D90492&#8243; icon_color=&#8221;#FFFFFF&#8221; toggle_icon=&#8221;&#x22;||divi||400&#8243; use_icon_font_size=&#8221;on&#8221; icon_font_size=&#8221;30px&#8221; _builder_version=&#8221;4.26.0&#8243; _module_preset=&#8221;default&#8221; body_text_color=&#8221;#FFFFFF&#8221; body_font_size=&#8221;18px&#8221; border_width_all=&#8221;0px&#8221; global_colors_info=&#8221;{}&#8221; toggle_text_color=&#8221;#FFFFFF&#8221; toggle_level=&#8221;h1&#8243; toggle_font=&#8221;&#8211;et_global_body_font|600|||||||&#8221; open=&#8221;off&#8221;]<\/p>\n<ul>\n<li><span style=\"font-weight: 400;\">La<\/span> <b>passi\u00f3 per D\u00e9u<\/b> <span style=\"font-weight: 400;\">Un foc ardent que la impulsava a buscar-lo amb tot el seu cor.<\/span><\/li>\n<li><span style=\"font-weight: 400;\">La recerca de<\/span> <b>la veritat<\/b> <span style=\"font-weight: 400;\">Una ment<\/span> <b>inquieta<\/b> <span style=\"font-weight: 400;\">que no es conformava amb respostes f\u00e0cils.<\/span><\/li>\n<li>La connexi\u00f3 amb all\u00f2 <b>essencial<\/b> <span>: Una vida senzilla i austera, centrada en el que realment importa<\/span> <b>.<\/b><\/li>\n<\/ul>\n<p>[\/et_pb_accordion_item][et_pb_accordion_item title=&#8221;la seva invitaci\u00f3&#8221; open_toggle_text_color=&#8221;#FFFFFF&#8221; open_toggle_background_color=&#8221;#D90492&#8243; closed_toggle_text_color=&#8221;#FFFFFF&#8221; closed_toggle_background_color=&#8221;#D90492&#8243; icon_color=&#8221;#FFFFFF&#8221; toggle_icon=&#8221;&#x22;||divi||400&#8243; use_icon_font_size=&#8221;on&#8221; icon_font_size=&#8221;30px&#8221; _builder_version=&#8221;4.26.0&#8243; _module_preset=&#8221;default&#8221; body_text_color=&#8221;#FFFFFF&#8221; body_font_size=&#8221;18px&#8221; border_width_all=&#8221;0px&#8221; global_colors_info=&#8221;{}&#8221; toggle_text_color=&#8221;#FFFFFF&#8221; toggle_level=&#8221;h1&#8243; toggle_font=&#8221;&#8211;et_global_body_font|600|||||||&#8221; open=&#8221;off&#8221;]<\/p>\n<p class=\"p1\">Viure una vida sense l\u00edmits, una vida <b>connectada<\/b> amb la <b>Font<\/b> de la veritable <b>llibertat.<\/b><b><\/b><\/p>\n<p class=\"p1\"><b>Recorda:<\/b><b><\/b> La <b>llibertat<\/b> no \u00e9s nom\u00e9s un concepte, \u00e9s una <b>experi\u00e8ncia<\/b> que es viu en el dia a dia. Teresa de Jes\u00fas ens ensenya com aconseguir-ho a trav\u00e9s de la passi\u00f3 per D\u00e9u, la recerca de la veritat i la connexi\u00f3 amb all\u00f2 que \u00e9s essencial. <\/p>\n<p class=\"p1\"><b>Desperta<\/b> el teu esperit i <b>uneix<\/b> -te a l&#8217;aventura!<\/p>\n<p>[\/et_pb_accordion_item][\/et_pb_accordion][et_pb_text _builder_version=&#8221;4.26.0&#8243; _module_preset=&#8221;003e9429-8e11-4d9e-968b-8881092bbf81&#8243; header_2_font=&#8221;&#8211;et_global_body_font|500|||||||&#8221; header_2_text_color=&#8221;#000000&#8243; header_2_font_size=&#8221;40px&#8221; header_2_line_height=&#8221;1.2em&#8221; custom_margin=&#8221;||0px||false|false&#8221; header_2_font_size_tablet=&#8221;30px&#8221; header_2_font_size_phone=&#8221;20px&#8221; header_2_font_size_last_edited=&#8221;on|desktop&#8221; locked=&#8221;off&#8221; global_colors_info=&#8221;{}&#8221;]<\/p>\n<h2>descobreix m\u00e9s sobre Teresa de Jes\u00fas<\/h2>\n<p>[\/et_pb_text][et_pb_button button_url=&#8221;https:\/\/www.stjteresianas.org\/espiritualidad\/santa-teresa-de-jesus&#8221; url_new_window=&#8221;on&#8221; button_text=&#8221;A la seva vida&#8221; _builder_version=&#8221;4.26.0&#8243; _module_preset=&#8221;default&#8221; custom_button=&#8221;on&#8221; button_text_size=&#8221;16px&#8221; button_text_color=&#8221;#D90492&#8243; button_bg_color=&#8221;RGBA(255,255,255,0)&#8221; button_border_width=&#8221;0px&#8221; button_use_icon=&#8221;off&#8221; custom_margin=&#8221;0px||0px||true|false&#8221; global_colors_info=&#8221;{}&#8221; button_text_color__hover=&#8221;#9AE6FE&#8221; button_text_color__hover_enabled=&#8221;on|hover&#8221; button_border_color__hover=&#8221;RGBA(255,255,255,0)&#8221; button_border_color__hover_enabled=&#8221;on|desktop&#8221;][\/et_pb_button][et_pb_button button_url=&#8221;https:\/\/www.stjteresianas.org\/biblioteca\/teresa-de-jesus-obras-y-cartas&#8221; url_new_window=&#8221;on&#8221; button_text=&#8221;Als seus escrits&#8221; _builder_version=&#8221;4.26.0&#8243; _module_preset=&#8221;default&#8221; custom_button=&#8221;on&#8221; button_text_size=&#8221;16px&#8221; button_text_color=&#8221;#D90492&#8243; button_bg_color=&#8221;RGBA(255,255,255,0)&#8221; button_border_width=&#8221;0px&#8221; button_use_icon=&#8221;off&#8221; custom_margin=&#8221;0px||0px||true|false&#8221; global_colors_info=&#8221;{}&#8221; button_text_color__hover=&#8221;#9AE6FE&#8221; button_text_color__hover_enabled=&#8221;on|hover&#8221; button_border_color__hover=&#8221;RGBA(255,255,255,0)&#8221; button_border_color__hover_enabled=&#8221;on|desktop&#8221;][\/et_pb_button][\/et_pb_column][\/et_pb_row][et_pb_row column_structure=&#8221;1_2,1_2&#8243; _builder_version=&#8221;4.26.0&#8243; _module_preset=&#8221;default&#8221; background_enable_color=&#8221;off&#8221; custom_padding=&#8221;||||false|false&#8221; global_colors_info=&#8221;{}&#8221;][et_pb_column type=&#8221;1_2&#8243; _builder_version=&#8221;4.16&#8243; _module_preset=&#8221;default&#8221; custom_padding=&#8221;120px||||false|false&#8221; custom_padding_tablet=&#8221;0px||||false|false&#8221; custom_padding_phone=&#8221;&#8221; custom_padding_last_edited=&#8221;on|tablet&#8221; global_colors_info=&#8221;{}&#8221;][\/et_pb_column][et_pb_column type=&#8221;1_2&#8243; _builder_version=&#8221;4.16&#8243; _module_preset=&#8221;default&#8221; global_colors_info=&#8221;{}&#8221;][\/et_pb_column][\/et_pb_row][\/et_pb_section]<\/p>\n","protected":false},"excerpt":{"rendered":"<p>Una invitaci\u00f3 apassionantEl 1876 , Enric d&#8217;Oss\u00f3 ens va fundar i, en fer-ho, ens va lliurar el regal m\u00e9s gran: Teresa de Jes\u00fas . Con\u00e8ixer tots dos \u00e9s submergir-nos en [&hellip;]<\/p>\n","protected":false},"author":1,"featured_media":0,"parent":0,"menu_order":0,"comment_status":"closed","ping_status":"closed","template":"","meta":{"_et_pb_use_builder":"on","_et_pb_old_content":"","_et_gb_content_width":"","footnotes":""},"class_list":["post-1649","page","type-page","status-publish","hentry"],"yoast_head":"<!-- This site is optimized with the Yoast SEO plugin v27.5 - https:\/\/yoast.com\/product\/yoast-seo-wordpress\/ -->\n<title>Arrels - Teresianas<\/title>\n<meta name=\"robots\" content=\"index, follow, max-snippet:-1, max-image-preview:large, max-video-preview:-1\" \/>\n<link rel=\"canonical\" href=\"https:\/\/teresianaseuropa.org\/ca\/arrels\/\" \/>\n<meta property=\"og:locale\" content=\"ca_ES\" \/>\n<meta property=\"og:type\" content=\"article\" \/>\n<meta property=\"og:title\" content=\"Arrels - Teresianas\" \/>\n<meta property=\"og:description\" content=\"Una invitaci\u00f3 apassionantEl 1876 , Enric d&#039;Oss\u00f3 ens va fundar i, en fer-ho, ens va lliurar el regal m\u00e9s gran: Teresa de Jes\u00fas . Con\u00e8ixer tots dos \u00e9s submergir-nos en [&hellip;]\" \/>\n<meta property=\"og:url\" content=\"https:\/\/teresianaseuropa.org\/ca\/arrels\/\" \/>\n<meta property=\"og:site_name\" content=\"Teresianas\" \/>\n<meta property=\"article:modified_time\" content=\"2025-01-23T06:39:36+00:00\" \/>\n<meta name=\"twitter:card\" content=\"summary_large_image\" \/>\n<meta name=\"twitter:label1\" content=\"Temps estimat de lectura\" \/>\n\t<meta name=\"twitter:data1\" content=\"17 minuts\" \/>\n<script type=\"application\/ld+json\" class=\"yoast-schema-graph\">{\"@context\":\"https:\\\/\\\/schema.org\",\"@graph\":[{\"@type\":\"WebPage\",\"@id\":\"https:\\\/\\\/teresianaseuropa.org\\\/ca\\\/arrels\\\/\",\"url\":\"https:\\\/\\\/teresianaseuropa.org\\\/ca\\\/arrels\\\/\",\"name\":\"Arrels - Teresianas\",\"isPartOf\":{\"@id\":\"https:\\\/\\\/teresianaseuropa.org\\\/ca\\\/#website\"},\"datePublished\":\"2024-07-09T10:08:53+00:00\",\"dateModified\":\"2025-01-23T06:39:36+00:00\",\"breadcrumb\":{\"@id\":\"https:\\\/\\\/teresianaseuropa.org\\\/ca\\\/arrels\\\/#breadcrumb\"},\"inLanguage\":\"ca\",\"potentialAction\":[{\"@type\":\"ReadAction\",\"target\":[\"https:\\\/\\\/teresianaseuropa.org\\\/ca\\\/arrels\\\/\"]}]},{\"@type\":\"BreadcrumbList\",\"@id\":\"https:\\\/\\\/teresianaseuropa.org\\\/ca\\\/arrels\\\/#breadcrumb\",\"itemListElement\":[{\"@type\":\"ListItem\",\"position\":1,\"name\":\"Portada\",\"item\":\"https:\\\/\\\/teresianaseuropa.org\\\/ca\\\/teresianes\\\/\"},{\"@type\":\"ListItem\",\"position\":2,\"name\":\"Arrels\"}]},{\"@type\":\"WebSite\",\"@id\":\"https:\\\/\\\/teresianaseuropa.org\\\/ca\\\/#website\",\"url\":\"https:\\\/\\\/teresianaseuropa.org\\\/ca\\\/\",\"name\":\"Teresianas Europa\",\"description\":\"\",\"publisher\":{\"@id\":\"https:\\\/\\\/teresianaseuropa.org\\\/ca\\\/#organization\"},\"potentialAction\":[{\"@type\":\"SearchAction\",\"target\":{\"@type\":\"EntryPoint\",\"urlTemplate\":\"https:\\\/\\\/teresianaseuropa.org\\\/ca\\\/?s={search_term_string}\"},\"query-input\":{\"@type\":\"PropertyValueSpecification\",\"valueRequired\":true,\"valueName\":\"search_term_string\"}}],\"inLanguage\":\"ca\"},{\"@type\":\"Organization\",\"@id\":\"https:\\\/\\\/teresianaseuropa.org\\\/ca\\\/#organization\",\"name\":\"Teresianas Provincia de Europa\",\"url\":\"https:\\\/\\\/teresianaseuropa.org\\\/ca\\\/\",\"logo\":{\"@type\":\"ImageObject\",\"inLanguage\":\"ca\",\"@id\":\"https:\\\/\\\/teresianaseuropa.org\\\/ca\\\/#\\\/schema\\\/logo\\\/image\\\/\",\"url\":\"https:\\\/\\\/teresianaseuropa.org\\\/wp-content\\\/uploads\\\/2024\\\/07\\\/stjLogo.png\",\"contentUrl\":\"https:\\\/\\\/teresianaseuropa.org\\\/wp-content\\\/uploads\\\/2024\\\/07\\\/stjLogo.png\",\"width\":376,\"height\":194,\"caption\":\"Teresianas Provincia de Europa\"},\"image\":{\"@id\":\"https:\\\/\\\/teresianaseuropa.org\\\/ca\\\/#\\\/schema\\\/logo\\\/image\\\/\"},\"sameAs\":[\"https:\\\/\\\/www.instagram.com\\\/teresianaseuropa\\\/\"]}]}<\/script>\n<!-- \/ Yoast SEO plugin. -->","yoast_head_json":{"title":"Arrels - Teresianas","robots":{"index":"index","follow":"follow","max-snippet":"max-snippet:-1","max-image-preview":"max-image-preview:large","max-video-preview":"max-video-preview:-1"},"canonical":"https:\/\/teresianaseuropa.org\/ca\/arrels\/","og_locale":"ca_ES","og_type":"article","og_title":"Arrels - Teresianas","og_description":"Una invitaci\u00f3 apassionantEl 1876 , Enric d'Oss\u00f3 ens va fundar i, en fer-ho, ens va lliurar el regal m\u00e9s gran: Teresa de Jes\u00fas . Con\u00e8ixer tots dos \u00e9s submergir-nos en [&hellip;]","og_url":"https:\/\/teresianaseuropa.org\/ca\/arrels\/","og_site_name":"Teresianas","article_modified_time":"2025-01-23T06:39:36+00:00","twitter_card":"summary_large_image","twitter_misc":{"Temps estimat de lectura":"17 minuts"},"schema":{"@context":"https:\/\/schema.org","@graph":[{"@type":"WebPage","@id":"https:\/\/teresianaseuropa.org\/ca\/arrels\/","url":"https:\/\/teresianaseuropa.org\/ca\/arrels\/","name":"Arrels - Teresianas","isPartOf":{"@id":"https:\/\/teresianaseuropa.org\/ca\/#website"},"datePublished":"2024-07-09T10:08:53+00:00","dateModified":"2025-01-23T06:39:36+00:00","breadcrumb":{"@id":"https:\/\/teresianaseuropa.org\/ca\/arrels\/#breadcrumb"},"inLanguage":"ca","potentialAction":[{"@type":"ReadAction","target":["https:\/\/teresianaseuropa.org\/ca\/arrels\/"]}]},{"@type":"BreadcrumbList","@id":"https:\/\/teresianaseuropa.org\/ca\/arrels\/#breadcrumb","itemListElement":[{"@type":"ListItem","position":1,"name":"Portada","item":"https:\/\/teresianaseuropa.org\/ca\/teresianes\/"},{"@type":"ListItem","position":2,"name":"Arrels"}]},{"@type":"WebSite","@id":"https:\/\/teresianaseuropa.org\/ca\/#website","url":"https:\/\/teresianaseuropa.org\/ca\/","name":"Teresianas Europa","description":"","publisher":{"@id":"https:\/\/teresianaseuropa.org\/ca\/#organization"},"potentialAction":[{"@type":"SearchAction","target":{"@type":"EntryPoint","urlTemplate":"https:\/\/teresianaseuropa.org\/ca\/?s={search_term_string}"},"query-input":{"@type":"PropertyValueSpecification","valueRequired":true,"valueName":"search_term_string"}}],"inLanguage":"ca"},{"@type":"Organization","@id":"https:\/\/teresianaseuropa.org\/ca\/#organization","name":"Teresianas Provincia de Europa","url":"https:\/\/teresianaseuropa.org\/ca\/","logo":{"@type":"ImageObject","inLanguage":"ca","@id":"https:\/\/teresianaseuropa.org\/ca\/#\/schema\/logo\/image\/","url":"https:\/\/teresianaseuropa.org\/wp-content\/uploads\/2024\/07\/stjLogo.png","contentUrl":"https:\/\/teresianaseuropa.org\/wp-content\/uploads\/2024\/07\/stjLogo.png","width":376,"height":194,"caption":"Teresianas Provincia de Europa"},"image":{"@id":"https:\/\/teresianaseuropa.org\/ca\/#\/schema\/logo\/image\/"},"sameAs":["https:\/\/www.instagram.com\/teresianaseuropa\/"]}]}},"_links":{"self":[{"href":"https:\/\/teresianaseuropa.org\/ca\/wp-json\/wp\/v2\/pages\/1649","targetHints":{"allow":["GET"]}}],"collection":[{"href":"https:\/\/teresianaseuropa.org\/ca\/wp-json\/wp\/v2\/pages"}],"about":[{"href":"https:\/\/teresianaseuropa.org\/ca\/wp-json\/wp\/v2\/types\/page"}],"author":[{"embeddable":true,"href":"https:\/\/teresianaseuropa.org\/ca\/wp-json\/wp\/v2\/users\/1"}],"replies":[{"embeddable":true,"href":"https:\/\/teresianaseuropa.org\/ca\/wp-json\/wp\/v2\/comments?post=1649"}],"version-history":[{"count":26,"href":"https:\/\/teresianaseuropa.org\/ca\/wp-json\/wp\/v2\/pages\/1649\/revisions"}],"predecessor-version":[{"id":1835,"href":"https:\/\/teresianaseuropa.org\/ca\/wp-json\/wp\/v2\/pages\/1649\/revisions\/1835"}],"wp:attachment":[{"href":"https:\/\/teresianaseuropa.org\/ca\/wp-json\/wp\/v2\/media?parent=1649"}],"curies":[{"name":"wp","href":"https:\/\/api.w.org\/{rel}","templated":true}]}}