{"id":1651,"date":"2024-07-09T12:08:53","date_gmt":"2024-07-09T10:08:53","guid":{"rendered":"https:\/\/teresianas.sjdigitaldemo.ovh\/nosaltres\/"},"modified":"2025-01-23T07:40:49","modified_gmt":"2025-01-23T06:40:49","slug":"nosaltres","status":"publish","type":"page","link":"https:\/\/teresianaseuropa.org\/ca\/nosaltres\/","title":{"rendered":"Nosaltres"},"content":{"rendered":"<p>[et_pb_section fb_built=&#8221;1&#8243; admin_label=&#8221;Header&#8221; _builder_version=&#8221;4.26.0&#8243; _module_preset=&#8221;default&#8221; background_color=&#8221;#2C559E&#8221; background_image=&#8221;https:\/\/teresianaseuropa.org\/wp-content\/uploads\/2024\/07\/AdobeStock_228690296-scaled.jpeg&#8221; background_position=&#8221;top_left&#8221; background_blend=&#8221;multiply&#8221; custom_padding=&#8221;||||false|false&#8221; bottom_divider_color=&#8221;#FFFFFF&#8221; bottom_divider_height=&#8221;10vw&#8221; global_colors_info=&#8221;{%22gcid-af512a5f-530a-4e80-bfc4-3632d9174c8b%22:%91%93,%22gcid-b593ef39-6aba-4318-8d2d-133b31113704%22:%91%93}&#8221;][et_pb_row column_structure=&#8221;1_2,1_2&#8243; admin_label=&#8221;Fila&#8221; _builder_version=&#8221;4.26.0&#8243; _module_preset=&#8221;default&#8221; custom_margin_tablet=&#8221;&#8221; custom_margin_phone=&#8221;50px||||false|false&#8221; custom_margin_last_edited=&#8221;on|phone&#8221; global_colors_info=&#8221;{}&#8221;][et_pb_column type=&#8221;1_2&#8243; admin_label=&#8221;Columna&#8221; _builder_version=&#8221;4.16&#8243; _module_preset=&#8221;default&#8221; custom_padding=&#8221;10%||8vw||false|false&#8221; custom_padding_tablet=&#8221;0vw||0vw||true|false&#8221; custom_padding_phone=&#8221;&#8221; custom_padding_last_edited=&#8221;on|tablet&#8221; global_colors_info=&#8221;{}&#8221;][et_pb_divider show_divider=&#8221;off&#8221; _builder_version=&#8221;4.26.0&#8243; _module_preset=&#8221;default&#8221; global_colors_info=&#8221;{}&#8221;][\/et_pb_divider][et_pb_divider show_divider=&#8221;off&#8221; _builder_version=&#8221;4.26.0&#8243; _module_preset=&#8221;default&#8221; global_colors_info=&#8221;{}&#8221;][\/et_pb_divider][et_pb_text _builder_version=&#8221;4.26.0&#8243; _module_preset=&#8221;b3e3ff14-5f5c-4608-8ecf-1885ce3da7aa&#8221; header_font=&#8221;||||||||&#8221; header_text_color=&#8221;#FFFFFF&#8221; header_font_size=&#8221;70px&#8221; header_line_height=&#8221;1.1em&#8221; custom_margin=&#8221;||10px||false|false&#8221; header_font_size_tablet=&#8221;40px&#8221; header_font_size_phone=&#8221;24px&#8221; header_font_size_last_edited=&#8221;on|desktop&#8221; global_colors_info=&#8221;{}&#8221;]<\/p>\n<h1>Ser altres Tereses de Jes\u00fas<\/h1>\n<p>[\/et_pb_text][et_pb_text _builder_version=&#8221;4.26.0&#8243; _module_preset=&#8221;da86b6f0-f83c-4c7c-bdd8-3019777ddffe&#8221; text_font=&#8221;||||||||&#8221; text_text_color=&#8221;#FFFFFF&#8221; text_font_size=&#8221;16px&#8221; text_line_height=&#8221;1.6em&#8221; text_font_size_tablet=&#8221;15px&#8221; text_font_size_phone=&#8221;14px&#8221; text_font_size_last_edited=&#8221;on|desktop&#8221; global_colors_info=&#8221;{}&#8221;]<\/p>\n<p><span style=\"font-weight: 400;\">Enric d&#8217;Oss\u00f3 ens va donar a Teresa de Jes\u00fas com<\/span> <b>a mestra de vida i preg\u00e0ria<\/b><span style=\"font-weight: 400;\">. Ella nos ense\u00f1a a vivir en   <\/span><b>relaci\u00f3 d&#8217;amistat amb Jes\u00fas <\/b><span style=\"font-weight: 400;\">, i ens acompanya en el<\/span> <b>cam\u00ed del propi coneixement.<\/b> <span style=\"font-weight: 400;\">Com la Teresa, responent agra\u00efdes a all\u00f2 que rebem de D\u00e9u, ens comprometem en la<\/span> <b>construcci\u00f3 d&#8217;una humanitat m\u00e9s justa i m\u00e9s<\/b> <span style=\"font-weight: 400;\">fraterna.<\/span> <\/p>\n<p><span style=\"font-weight: 400;\">Cridades a:<\/span><\/p>\n<ul>\n<li style=\"font-weight: 400;\" aria-level=\"1\"><span style=\"font-weight: 400;\">ser mestres de preg\u00e0ria<\/span><\/li>\n<li style=\"font-weight: 400;\" aria-level=\"1\"><span style=\"font-weight: 400;\">Viure en relaci\u00f3 d\u2019amistat amb Jes\u00fas<\/span><\/li>\n<li style=\"font-weight: 400;\" aria-level=\"1\"><span style=\"font-weight: 400;\">tenir cura del propi coneixement<\/span><\/li>\n<li style=\"font-weight: 400;\" aria-level=\"1\"><span style=\"font-weight: 400;\">viure agra\u00efdes<\/span><\/li>\n<li style=\"font-weight: 400;\" aria-level=\"1\"><span style=\"font-weight: 400;\">construir amb altres una humanitat justa i fraterna.<\/span><\/li>\n<\/ul>\n<p>[\/et_pb_text][\/et_pb_column][et_pb_column type=&#8221;1_2&#8243; admin_label=&#8221;Columna&#8221; _builder_version=&#8221;4.16&#8243; _module_preset=&#8221;default&#8221; global_colors_info=&#8221;{}&#8221;][\/et_pb_column][\/et_pb_row][\/et_pb_section][et_pb_section fb_built=&#8221;1&#8243; admin_label=&#8221;Services&#8221; _builder_version=&#8221;4.26.0&#8243; _module_preset=&#8221;default&#8221; background_color=&#8221;#FFFFFF&#8221; background_enable_image=&#8221;off&#8221; background_size=&#8221;contain&#8221; custom_margin=&#8221;||-2px|||&#8221; custom_padding=&#8221;||1px|||&#8221; global_colors_info=&#8221;{}&#8221;][et_pb_row _builder_version=&#8221;4.26.0&#8243; _module_preset=&#8221;default&#8221; background_color=&#8221;RGBA(255,255,255,0)&#8221; global_colors_info=&#8221;{}&#8221;][et_pb_column type=&#8221;4_4&#8243; _builder_version=&#8221;4.16&#8243; _module_preset=&#8221;default&#8221; global_colors_info=&#8221;{}&#8221;][et_pb_text _builder_version=&#8221;4.26.0&#8243; _module_preset=&#8221;90865f4d-2cce-42a7-b40e-d3fbad25605a&#8221; header_2_font=&#8221;DM Serif Display||||||||&#8221; header_2_text_color=&#8221;#000000&#8243; header_2_font_size=&#8221;48px&#8221; header_2_line_height=&#8221;1.2em&#8221; text_orientation=&#8221;center&#8221; max_width=&#8221;700px&#8221; module_alignment=&#8221;center&#8221; custom_margin=&#8221;||10px||false|false&#8221; header_2_font_size_tablet=&#8221;32px&#8221; header_2_font_size_phone=&#8221;25px&#8221; header_2_font_size_last_edited=&#8221;on|phone&#8221; global_colors_info=&#8221;{}&#8221;]<\/p>\n<h2>per con\u00e8ixer i estimar Jes\u00fas<\/h2>\n<p>[\/et_pb_text][et_pb_text _builder_version=&#8221;4.26.0&#8243; _module_preset=&#8221;da86b6f0-f83c-4c7c-bdd8-3019777ddffe&#8221; text_font=&#8221;||||||||&#8221; text_text_color=&#8221;#000000&#8243; text_font_size=&#8221;16px&#8221; text_line_height=&#8221;1.6em&#8221; text_orientation=&#8221;center&#8221; max_width=&#8221;500px&#8221; module_alignment=&#8221;center&#8221; text_font_size_tablet=&#8221;15px&#8221; text_font_size_phone=&#8221;14px&#8221; text_font_size_last_edited=&#8221;on|desktop&#8221; locked=&#8221;off&#8221; global_colors_info=&#8221;{}&#8221;]<\/p>\n<p class=\"p1\"><span style=\"font-weight: 400;\">La trobada amb Jes\u00fas ens transforma i ens porta a estimar com Ell, i a comprometre&#8217;ns des de la nostra<\/span> <b>vocaci\u00f3 educadora<\/b> <span style=\"font-weight: 400;\">, amb les situacions que afecten la vida i la dignitat de les persones.<\/span><i><span style=\"font-weight: 400;\">   <\/span><\/i><\/p>\n<p>[\/et_pb_text][\/et_pb_column][\/et_pb_row][et_pb_row column_structure=&#8221;1_5,1_5,1_5,1_5,1_5&#8243; use_custom_gutter=&#8221;on&#8221; gutter_width=&#8221;1&#8243; make_equal=&#8221;on&#8221; _builder_version=&#8221;4.26.0&#8243; _module_preset=&#8221;default&#8221; custom_margin=&#8221;0px||||false|false&#8221; custom_padding=&#8221;0px||0px|0px|true|false&#8221; locked=&#8221;off&#8221; global_colors_info=&#8221;{}&#8221;][et_pb_column type=&#8221;1_5&#8243; _builder_version=&#8221;4.26.0&#8243; _module_preset=&#8221;default&#8221; background_color=&#8221;#9AE6FE&#8221; custom_padding=&#8221;20px|20px|20px|20px|true|true&#8221; global_colors_info=&#8221;{}&#8221; transform_styles__hover_enabled=&#8221;on|hover&#8221; transform_scale__hover_enabled=&#8221;on|hover&#8221; transform_translate__hover_enabled=&#8221;on|desktop&#8221; transform_rotate__hover_enabled=&#8221;on|desktop&#8221; transform_skew__hover_enabled=&#8221;on|desktop&#8221; transform_origin__hover_enabled=&#8221;on|desktop&#8221; transform_scale__hover=&#8221;116%|116%&#8221; z_index__hover_enabled=&#8221;on|hover&#8221; z_index__hover=&#8221;500&#8243;][et_pb_image src=&#8221;https:\/\/teresianaseuropa.org\/wp-content\/uploads\/2024\/07\/Escudo-10.png&#8221; title_text=&#8221;Escut-10&#8243; align=&#8221;center&#8221; _builder_version=&#8221;4.26.0&#8243; _module_preset=&#8221;default&#8221; background_enable_image=&#8221;off&#8221; custom_padding=&#8221;0px|20px|0px|20px|true|true&#8221; border_radii=&#8221;on|100px|100px|100px|100px&#8221; locked=&#8221;off&#8221; global_colors_info=&#8221;{}&#8221;][\/et_pb_image][et_pb_text _builder_version=&#8221;4.26.0&#8243; _module_preset=&#8221;94303537-339d-484d-8204-fdaf972d663a&#8221; text_font=&#8221;||||||||&#8221; text_text_color=&#8221;#FFFFFF&#8221; header_font=&#8221;||||||||&#8221; header_3_font=&#8221;DM Serif Display||||||||&#8221; header_3_text_color=&#8221;#FF720D&#8221; header_3_line_height=&#8221;1.3em&#8221; text_orientation=&#8221;center&#8221; custom_margin=&#8221;||5px||false|false&#8221; custom_padding=&#8221;||||false|false&#8221; header_3_font_size_tablet=&#8221;20px&#8221; header_3_font_size_phone=&#8221;16px&#8221; header_3_font_size_last_edited=&#8221;on|phone&#8221; locked=&#8221;off&#8221; global_colors_info=&#8221;{}&#8221;]<\/p>\n<h3>Espiritualitat<\/h3>\n<p>encarnada, inculturada, alliberadora i compromesa<\/p>\n<p>[\/et_pb_text][\/et_pb_column][et_pb_column type=&#8221;1_5&#8243; _builder_version=&#8221;4.26.0&#8243; _module_preset=&#8221;default&#8221; background_color=&#8221;#FF720D&#8221; custom_padding=&#8221;20px|20px|20px|20px|true|true&#8221; global_colors_info=&#8221;{}&#8221; transform_styles__hover_enabled=&#8221;on|hover&#8221; transform_scale__hover=&#8221;116%|116%&#8221; transform_scale__hover_enabled=&#8221;on|hover&#8221; transform_translate__hover_enabled=&#8221;on|desktop&#8221; transform_rotate__hover_enabled=&#8221;on|desktop&#8221; transform_skew__hover_enabled=&#8221;on|desktop&#8221; transform_origin__hover_enabled=&#8221;on|desktop&#8221; z_index__hover=&#8221;500&#8243; z_index__hover_enabled=&#8221;on|hover&#8221;][et_pb_image src=&#8221;https:\/\/teresianaseuropa.org\/wp-content\/uploads\/2024\/07\/Escudo-14.png&#8221; title_text=&#8221;Escut-14&#8243; align=&#8221;center&#8221; _builder_version=&#8221;4.26.0&#8243; _module_preset=&#8221;default&#8221; background_enable_image=&#8221;off&#8221; custom_padding=&#8221;0px|20px|0px|20px|true|true&#8221; border_radii=&#8221;on|100px|100px|100px|100px&#8221; locked=&#8221;off&#8221; global_colors_info=&#8221;{}&#8221;][\/et_pb_image][et_pb_text _builder_version=&#8221;4.26.0&#8243; _module_preset=&#8221;94303537-339d-484d-8204-fdaf972d663a&#8221; text_font=&#8221;|600|||||||&#8221; text_text_color=&#8221;#FFFFFF&#8221; header_font=&#8221;||||||||&#8221; header_text_color=&#8221;#9AE6FE&#8221; header_3_font=&#8221;DM Serif Display||||||||&#8221; header_3_text_color=&#8221;#FFCC33&#8243; header_3_line_height=&#8221;1.3em&#8221; text_orientation=&#8221;center&#8221; custom_margin=&#8221;||5px||false|false&#8221; custom_padding=&#8221;||||false|false&#8221; header_3_font_size_tablet=&#8221;20px&#8221; header_3_font_size_phone=&#8221;16px&#8221; header_3_font_size_last_edited=&#8221;on|phone&#8221; locked=&#8221;off&#8221; global_colors_info=&#8221;{}&#8221;]<\/p>\n<h3>Vida en comunitat<\/h3>\n<p><span style=\"font-weight: 400;\">projecte compartit, diversitat, acollida i cura<\/span><\/p>\n<p>[\/et_pb_text][\/et_pb_column][et_pb_column type=&#8221;1_5&#8243; _builder_version=&#8221;4.26.0&#8243; _module_preset=&#8221;default&#8221; background_color=&#8221;#D90492&#8243; custom_padding=&#8221;20px|20px|20px|20px|true|true&#8221; global_colors_info=&#8221;{}&#8221; transform_styles__hover_enabled=&#8221;on|hover&#8221; transform_scale__hover=&#8221;116%|116%&#8221; transform_scale__hover_enabled=&#8221;on|hover&#8221; transform_translate__hover_enabled=&#8221;on|desktop&#8221; transform_rotate__hover_enabled=&#8221;on|desktop&#8221; transform_skew__hover_enabled=&#8221;on|desktop&#8221; transform_origin__hover_enabled=&#8221;on|desktop&#8221; z_index__hover=&#8221;500&#8243; z_index__hover_enabled=&#8221;on|hover&#8221;][et_pb_image src=&#8221;https:\/\/teresianaseuropa.org\/wp-content\/uploads\/2024\/07\/Escudo-05.png&#8221; title_text=&#8221;Escut-05&#8243; align=&#8221;center&#8221; _builder_version=&#8221;4.26.0&#8243; _module_preset=&#8221;default&#8221; background_enable_image=&#8221;off&#8221; custom_padding=&#8221;0px|20px|0px|20px|true|true&#8221; border_radii=&#8221;on|100px|100px|100px|100px&#8221; locked=&#8221;off&#8221; global_colors_info=&#8221;{}&#8221;][\/et_pb_image][et_pb_text _builder_version=&#8221;4.26.0&#8243; _module_preset=&#8221;94303537-339d-484d-8204-fdaf972d663a&#8221; text_text_color=&#8221;#FFFFFF&#8221; header_font=&#8221;||||||||&#8221; header_3_font=&#8221;DM Serif Display||||||||&#8221; header_3_text_color=&#8221;#9AE6FE&#8221; header_3_line_height=&#8221;1.3em&#8221; text_orientation=&#8221;center&#8221; custom_margin=&#8221;0px||0px|0px|true|false&#8221; custom_padding=&#8221;0px|||0px|false|false&#8221; header_3_font_size_tablet=&#8221;20px&#8221; header_3_font_size_phone=&#8221;16px&#8221; header_3_font_size_last_edited=&#8221;on|phone&#8221; locked=&#8221;off&#8221; global_colors_info=&#8221;{}&#8221;]<\/p>\n<h3><span class=\"s1\"><\/span>Vida de preg\u00e0ria<\/h3>\n<p><span style=\"font-weight: 400;\">relaci\u00f3 d&#8217;amistat amb Jes\u00fas, trobada amb la Paraula i el proc\u00e9s<\/span><\/p>\n<h3><\/h3>\n<p>[\/et_pb_text][\/et_pb_column][et_pb_column type=&#8221;1_5&#8243; _builder_version=&#8221;4.26.0&#8243; _module_preset=&#8221;default&#8221; background_color=&#8221;#FFCC33&#8243; custom_padding=&#8221;20px|20px|20px|20px|true|true&#8221; global_colors_info=&#8221;{}&#8221; transform_styles__hover_enabled=&#8221;on|hover&#8221; transform_scale__hover=&#8221;116%|116%&#8221; transform_scale__hover_enabled=&#8221;on|hover&#8221; transform_translate__hover_enabled=&#8221;on|desktop&#8221; transform_rotate__hover_enabled=&#8221;on|desktop&#8221; transform_skew__hover_enabled=&#8221;on|desktop&#8221; transform_origin__hover_enabled=&#8221;on|desktop&#8221; z_index__hover=&#8221;500&#8243; z_index__hover_enabled=&#8221;on|hover&#8221;][et_pb_image src=&#8221;https:\/\/teresianaseuropa.org\/wp-content\/uploads\/2024\/07\/Escudo-15.png&#8221; title_text=&#8221;Escut-15&#8243; align=&#8221;center&#8221; _builder_version=&#8221;4.26.0&#8243; _module_preset=&#8221;default&#8221; background_enable_image=&#8221;off&#8221; custom_padding=&#8221;0px|20px|0px|20px|true|true&#8221; border_radii=&#8221;on|100px|100px|100px|100px&#8221; locked=&#8221;off&#8221; global_colors_info=&#8221;{}&#8221;][\/et_pb_image][et_pb_text _builder_version=&#8221;4.26.0&#8243; _module_preset=&#8221;94303537-339d-484d-8204-fdaf972d663a&#8221; text_text_color=&#8221;#FFFFFF&#8221; header_font=&#8221;||||||||&#8221; header_3_font=&#8221;DM Serif Display||||||||&#8221; header_3_text_color=&#8221;#D90492&#8243; header_3_line_height=&#8221;1.3em&#8221; text_orientation=&#8221;center&#8221; custom_margin=&#8221;||5px||false|false&#8221; custom_padding=&#8221;||||false|false&#8221; header_3_font_size_tablet=&#8221;20px&#8221; header_3_font_size_phone=&#8221;16px&#8221; header_3_font_size_last_edited=&#8221;on|phone&#8221; locked=&#8221;off&#8221; global_colors_info=&#8221;{}&#8221;]<\/p>\n<h3><span class=\"s1\"><\/span><span style=\"font-weight: 400;\">Escolta de la realitat<\/span><\/h3>\n<p><span style=\"font-weight: 400;\">amb altres, a l&#8217;Esgl\u00e9sia i per al m\u00f3n<\/span><\/p>\n<h3><\/h3>\n<p>[\/et_pb_text][\/et_pb_column][et_pb_column type=&#8221;1_5&#8243; _builder_version=&#8221;4.26.0&#8243; _module_preset=&#8221;default&#8221; background_color=&#8221;#E847F8&#8243; custom_padding=&#8221;20px|20px|20px|20px|true|true&#8221; global_colors_info=&#8221;{}&#8221; transform_styles__hover_enabled=&#8221;on|hover&#8221; transform_scale__hover=&#8221;116%|116%&#8221; transform_scale__hover_enabled=&#8221;on|hover&#8221; transform_translate__hover_enabled=&#8221;on|desktop&#8221; transform_rotate__hover_enabled=&#8221;on|desktop&#8221; transform_skew__hover_enabled=&#8221;on|desktop&#8221; transform_origin__hover_enabled=&#8221;on|desktop&#8221; z_index__hover=&#8221;500&#8243; z_index__hover_enabled=&#8221;on|hover&#8221;][et_pb_image src=&#8221;https:\/\/teresianaseuropa.org\/wp-content\/uploads\/2024\/07\/Escudo-11.png&#8221; title_text=&#8221;Escut-11&#8243; align=&#8221;center&#8221; _builder_version=&#8221;4.26.0&#8243; _module_preset=&#8221;default&#8221; background_enable_image=&#8221;off&#8221; custom_padding=&#8221;0px|20px|0px|20px|true|true&#8221; border_radii=&#8221;on|100px|100px|100px|100px&#8221; locked=&#8221;off&#8221; global_colors_info=&#8221;{}&#8221;][\/et_pb_image][et_pb_text _builder_version=&#8221;4.26.0&#8243; _module_preset=&#8221;94303537-339d-484d-8204-fdaf972d663a&#8221; text_text_color=&#8221;#FFFFFF&#8221; header_font=&#8221;||||||||&#8221; header_3_font=&#8221;DM Serif Display||||||||&#8221; header_3_text_color=&#8221;#FFCC33&#8243; header_3_line_height=&#8221;1.3em&#8221; text_orientation=&#8221;center&#8221; custom_margin=&#8221;||5px||false|false&#8221; custom_padding=&#8221;||||false|false&#8221; header_3_font_size_tablet=&#8221;20px&#8221; header_3_font_size_phone=&#8221;16px&#8221; header_3_font_size_last_edited=&#8221;on|phone&#8221; locked=&#8221;off&#8221; global_colors_info=&#8221;{}&#8221;]<\/p>\n<h3><span class=\"s1\"><\/span>Missi\u00f3<\/h3>\n<p><span style=\"font-weight: 400;\">central a la nostra vida, al servei del Regne i ens posa en cam\u00ed<\/span><\/p>\n<p>[\/et_pb_text][\/et_pb_column][\/et_pb_row][\/et_pb_section][et_pb_section fb_built=&#8221;1&#8243; admin_label=&#8221;How It Works&#8221; _builder_version=&#8221;4.26.0&#8243; _module_preset=&#8221;default&#8221; background_enable_color=&#8221;off&#8221; use_background_color_gradient=&#8221;on&#8221; background_color_gradient_direction=&#8221;90deg&#8221; background_color_gradient_stops=&#8221;#9ae6fe 30%|#d90492 30%&#8221; background_enable_image=&#8221;off&#8221; background_size=&#8221;initial&#8221; custom_margin=&#8221;0px|||||&#8221; top_divider_color=&#8221;#FFFFFF&#8221; top_divider_height=&#8221;133px&#8221; top_divider_flip=&#8221;horizontal&#8221; bottom_divider_height=&#8221;222px&#8221; bottom_divider_repeat=&#8221;1x&#8221; background_color_phone=&#8221;#D90492&#8243; background_last_edited=&#8221;on|phone&#8221; background_enable_color_phone=&#8221;on&#8221; use_background_color_gradient_phone=&#8221;off&#8221; global_colors_info=&#8221;{}&#8221;][et_pb_row column_structure=&#8221;1_3,2_3&#8243; _builder_version=&#8221;4.26.0&#8243; _module_preset=&#8221;default&#8221; global_colors_info=&#8221;{}&#8221;][et_pb_column type=&#8221;1_3&#8243; _builder_version=&#8221;4.16&#8243; _module_preset=&#8221;default&#8221; global_colors_info=&#8221;{}&#8221;][\/et_pb_column][et_pb_column type=&#8221;2_3&#8243; _builder_version=&#8221;4.26.0&#8243; _module_preset=&#8221;default&#8221; custom_padding=&#8221;0px|0px|0px|0px|true|true&#8221; global_colors_info=&#8221;{}&#8221;][et_pb_text _builder_version=&#8221;4.26.0&#8243; _module_preset=&#8221;90865f4d-2cce-42a7-b40e-d3fbad25605a&#8221; header_text_align=&#8221;left&#8221; header_2_font=&#8221;||||||||&#8221; header_2_text_color=&#8221;#FFFFFF&#8221; header_2_font_size=&#8221;48px&#8221; header_2_line_height=&#8221;1.2em&#8221; max_width=&#8221;700px&#8221; module_alignment=&#8221;center&#8221; custom_margin=&#8221;10px|-14px|10px|-14px|true|true&#8221; custom_padding=&#8221;|0px||0px|false|true&#8221; header_2_font_size_tablet=&#8221;32px&#8221; header_2_font_size_phone=&#8221;25px&#8221; header_2_font_size_last_edited=&#8221;on|phone&#8221; locked=&#8221;off&#8221; global_colors_info=&#8221;{}&#8221;]<\/p>\n<h2>i fer-lo con\u00e8ixer i estimar<\/h2>\n<p>[\/et_pb_text][et_pb_text _builder_version=&#8221;4.26.0&#8243; _module_preset=&#8221;da86b6f0-f83c-4c7c-bdd8-3019777ddffe&#8221; text_font=&#8221;||||||||&#8221; text_text_color=&#8221;#FFFFFF&#8221; text_font_size=&#8221;16px&#8221; text_line_height=&#8221;1.6em&#8221; module_alignment=&#8221;center&#8221; text_font_size_tablet=&#8221;15px&#8221; text_font_size_phone=&#8221;14px&#8221; text_font_size_last_edited=&#8221;on|desktop&#8221; locked=&#8221;off&#8221; global_colors_info=&#8221;{}&#8221;]<\/p>\n<p><b>Tota la nostra vida \u00e9s missi\u00f3. <\/b><\/p>\n<p class=\"p1\">\n<p><b>Seguidores i deixebles<\/b> <span style=\"font-weight: 400;\">de Jes\u00fas participem en la seva missi\u00f3 evangelitzadora com<\/span> <b>a testimonis de la seva pres\u00e8ncia<\/b> <span style=\"font-weight: 400;\">a la hist\u00f2ria.<\/span> <\/p>\n<p class=\"p1\"><span style=\"font-weight: 400;\">Vivim la nostra missi\u00f3 en<\/span> <b>Fam\u00edlia Teresiana<\/b> <span style=\"font-weight: 400;\">en diferents \u00e0mbits:<\/span><\/p>\n<p>[\/et_pb_text][\/et_pb_column][\/et_pb_row][et_pb_row column_structure=&#8221;3_5,2_5&#8243; _builder_version=&#8221;4.26.0&#8243; _module_preset=&#8221;default&#8221; global_colors_info=&#8221;{}&#8221;][et_pb_column type=&#8221;3_5&#8243; _builder_version=&#8221;4.26.0&#8243; _module_preset=&#8221;default&#8221; background_color=&#8221;#FFFFFF&#8221; custom_padding=&#8221;50px|80px|50px|80px|true|true&#8221; custom_padding_tablet=&#8221;40px|30px|40px|30px|true|true&#8221; custom_padding_phone=&#8221;|20px||20px|true|true&#8221; custom_padding_last_edited=&#8221;on|tablet&#8221; scroll_scaling_enable=&#8221;on&#8221; scroll_scaling=&#8221;0|50|50|100|100%|114%|100%&#8221; global_colors_info=&#8221;{}&#8221; transform_styles__hover_enabled=&#8221;off|hover&#8221; transform_scale__hover_enabled=&#8221;off|hover&#8221; transform_translate__hover_enabled=&#8221;off|hover&#8221; transform_rotate__hover_enabled=&#8221;off|hover&#8221; transform_skew__hover_enabled=&#8221;off|hover&#8221; transform_origin__hover_enabled=&#8221;off|hover&#8221; transform_scale__hover=&#8221;104%|104%&#8221;][et_pb_text _builder_version=&#8221;4.16&#8243; _module_preset=&#8221;default&#8221; text_font=&#8221;DM Serif Display||||||||&#8221; text_text_color=&#8221;rgba(0,0,0,0.1)&#8221; text_font_size=&#8221;48px&#8221; text_line_height=&#8221;1.1em&#8221; header_font=&#8221;DM Serif Display||||||||&#8221; header_text_color=&#8221;#000000&#8243; header_font_size=&#8221;70px&#8221; header_line_height=&#8221;1.1em&#8221; custom_margin=&#8221;||10px||false|false&#8221; header_font_size_tablet=&#8221;40px&#8221; header_font_size_phone=&#8221;24px&#8221; header_font_size_last_edited=&#8221;on|desktop&#8221; global_colors_info=&#8221;{}&#8221;]01[\/et_pb_text][et_pb_text _builder_version=&#8221;4.26.0&#8243; _module_preset=&#8221;94303537-339d-484d-8204-fdaf972d663a&#8221; header_font=&#8221;||||||||&#8221; header_3_font=&#8221;DM Serif Display||||||||&#8221; header_3_text_color=&#8221;#000000&#8243; header_3_line_height=&#8221;1.3em&#8221; custom_margin=&#8221;||5px||false|false&#8221; custom_padding=&#8221;||||false|false&#8221; header_3_font_size_tablet=&#8221;20px&#8221; header_3_font_size_phone=&#8221;16px&#8221; header_3_font_size_last_edited=&#8221;on|phone&#8221; global_colors_info=&#8221;{}&#8221;]<\/p>\n<h2>Escolar<\/h2>\n<p>[\/et_pb_text][et_pb_text _builder_version=&#8221;4.26.0&#8243; _module_preset=&#8221;da86b6f0-f83c-4c7c-bdd8-3019777ddffe&#8221; text_font=&#8221;||||||||&#8221; text_text_color=&#8221;#000000&#8243; text_font_size=&#8221;16px&#8221; text_line_height=&#8221;1.6em&#8221; text_font_size_tablet=&#8221;15px&#8221; text_font_size_phone=&#8221;14px&#8221; text_font_size_last_edited=&#8221;on|desktop&#8221; global_colors_info=&#8221;{}&#8221;]<\/p>\n<p><b>Acompanyem processos<\/b> <span style=\"font-weight: 400;\">educatius de creixement hum\u00e0 i espiritual.<\/span> <\/p>\n<p><span style=\"font-weight: 400;\">Possibilita que les persones descobreixin la seva pr\u00f2pia<\/span> <b>riquesa interior<\/b> <span style=\"font-weight: 400;\">i siguin capaces de relacionar-se com a<\/span> <b>subjectes de trobada<\/b> <span style=\"font-weight: 400;\">i arribin a ser com Jes\u00fas<\/span> <b>transformadors socials<\/b> <span style=\"font-weight: 400;\">, desenvolupant les seves compet\u00e8ncies i posant-les al<\/span> <b>servei del b\u00e9 com\u00fa<\/b> <span style=\"font-weight: 400;\">.<\/span> <\/p>\n<p>[\/et_pb_text][et_pb_button button_url=&#8221;https:\/\/www.colegiolusobritanico.com\/&#8221; button_text=&#8221;Col\u00e9gio Luso-Brit\u00e2nico (Elvas)&#8221; _builder_version=&#8221;4.26.0&#8243; _module_preset=&#8221;default&#8221; custom_button=&#8221;on&#8221; button_text_size=&#8221;16px&#8221; button_text_color=&#8221;#D90492&#8243; button_bg_color=&#8221;RGBA(255,255,255,0)&#8221; button_border_width=&#8221;0px&#8221; button_use_icon=&#8221;off&#8221; custom_margin=&#8221;0px||0px||true|false&#8221; global_colors_info=&#8221;{}&#8221; button_text_color__hover=&#8221;#9AE6FE&#8221; button_text_color__hover_enabled=&#8221;on|hover&#8221; button_border_color__hover=&#8221;RGBA(255,255,255,0)&#8221; button_border_color__hover_enabled=&#8221;on|desktop&#8221;][\/et_pb_button][et_pb_button button_url=&#8221;https:\/\/www.colegioteresianobraga.com\/&#8221; button_text=&#8221;Col\u00b7legi Teresi\u00e0 de Braga&#8221; _builder_version=&#8221;4.26.0&#8243; _module_preset=&#8221;default&#8221; custom_button=&#8221;on&#8221; button_text_size=&#8221;16px&#8221; button_text_color=&#8221;#D90492&#8243; button_bg_color=&#8221;RGBA(255,255,255,0)&#8221; button_border_width=&#8221;0px&#8221; button_use_icon=&#8221;off&#8221; custom_margin=&#8221;0px||0px||true|false&#8221; global_colors_info=&#8221;{}&#8221; button_text_color__hover=&#8221;#9AE6FE&#8221; button_text_color__hover_enabled=&#8221;on|hover&#8221; button_border_color__hover=&#8221;RGBA(255,255,255,0)&#8221; button_border_color__hover_enabled=&#8221;on|desktop&#8221;][\/et_pb_button][et_pb_button button_url=&#8221;https:\/\/www.colegiostj.com\/&#8221; button_text=&#8221;Col\u00b7legi de Santa Teresa de Jesus (Sant Tirso)&#8221; _builder_version=&#8221;4.26.0&#8243; _module_preset=&#8221;default&#8221; custom_button=&#8221;on&#8221; button_text_size=&#8221;16px&#8221; button_text_color=&#8221;#D90492&#8243; button_bg_color=&#8221;RGBA(255,255,255,0)&#8221; button_border_width=&#8221;0px&#8221; button_use_icon=&#8221;off&#8221; custom_margin=&#8221;0px||0px||true|false&#8221; global_colors_info=&#8221;{}&#8221; button_text_color__hover=&#8221;#9AE6FE&#8221; button_text_color__hover_enabled=&#8221;on|hover&#8221; button_border_color__hover=&#8221;RGBA(255,255,255,0)&#8221; button_border_color__hover_enabled=&#8221;on|desktop&#8221;][\/et_pb_button][et_pb_button button_url=&#8221;https:\/\/escuelateresiana.com\/&#8221; button_text=&#8221;Fundaci\u00f3 escola teresiana&#8221; _builder_version=&#8221;4.26.0&#8243; _module_preset=&#8221;default&#8221; custom_button=&#8221;on&#8221; button_text_size=&#8221;16px&#8221; button_text_color=&#8221;#D90492&#8243; button_bg_color=&#8221;RGBA(255,255,255,0)&#8221; button_border_width=&#8221;0px&#8221; button_use_icon=&#8221;off&#8221; custom_margin=&#8221;0px||0px||true|false&#8221; global_colors_info=&#8221;{}&#8221; button_text_color__hover=&#8221;#9AE6FE&#8221; button_text_color__hover_enabled=&#8221;on|hover&#8221; button_border_color__hover=&#8221;RGBA(255,255,255,0)&#8221; button_border_color__hover_enabled=&#8221;on|desktop&#8221;][\/et_pb_button][\/et_pb_column][et_pb_column type=&#8221;2_5&#8243; _builder_version=&#8221;4.16&#8243; _module_preset=&#8221;default&#8221; global_colors_info=&#8221;{}&#8221;][\/et_pb_column][\/et_pb_row][et_pb_row column_structure=&#8221;1_5,3_5,1_5&#8243; _builder_version=&#8221;4.26.0&#8243; _module_preset=&#8221;default&#8221; global_colors_info=&#8221;{}&#8221;][et_pb_column type=&#8221;1_5&#8243; _builder_version=&#8221;4.16&#8243; _module_preset=&#8221;default&#8221; global_colors_info=&#8221;{}&#8221;][\/et_pb_column][et_pb_column type=&#8221;3_5&#8243; _builder_version=&#8221;4.26.0&#8243; _module_preset=&#8221;default&#8221; background_color=&#8221;#FFFFFF&#8221; custom_padding=&#8221;50px|80px|50px|80px|true|true&#8221; custom_padding_tablet=&#8221;40px|30px|40px|30px|true|true&#8221; custom_padding_phone=&#8221;|20px||20px|true|true&#8221; custom_padding_last_edited=&#8221;on|tablet&#8221; scroll_scaling_enable=&#8221;on&#8221; scroll_scaling=&#8221;0|50|50|100|100%|114%|100&#8243; global_colors_info=&#8221;{}&#8221; transform_styles__hover_enabled=&#8221;on|hover&#8221;][et_pb_text _builder_version=&#8221;4.16&#8243; _module_preset=&#8221;default&#8221; text_font=&#8221;DM Serif Display||||||||&#8221; text_text_color=&#8221;rgba(0,0,0,0.1)&#8221; text_font_size=&#8221;48px&#8221; text_line_height=&#8221;1.1em&#8221; header_font=&#8221;DM Serif Display||||||||&#8221; header_text_color=&#8221;#000000&#8243; header_font_size=&#8221;70px&#8221; header_line_height=&#8221;1.1em&#8221; custom_margin=&#8221;||10px||false|false&#8221; header_font_size_tablet=&#8221;40px&#8221; header_font_size_phone=&#8221;24px&#8221; header_font_size_last_edited=&#8221;on|desktop&#8221; locked=&#8221;off&#8221; global_colors_info=&#8221;{}&#8221;]02[\/et_pb_text][et_pb_text _builder_version=&#8221;4.26.0&#8243; _module_preset=&#8221;94303537-339d-484d-8204-fdaf972d663a&#8221; header_font=&#8221;||||||||&#8221; header_3_font=&#8221;DM Serif Display||||||||&#8221; header_3_text_color=&#8221;#000000&#8243; header_3_line_height=&#8221;1.3em&#8221; custom_margin=&#8221;||5px||false|false&#8221; custom_padding=&#8221;||||false|false&#8221; header_3_font_size_tablet=&#8221;20px&#8221; header_3_font_size_phone=&#8221;16px&#8221; header_3_font_size_last_edited=&#8221;on|phone&#8221; locked=&#8221;off&#8221; global_colors_info=&#8221;{}&#8221;]<\/p>\n<h2>Acci\u00f3 Social<\/h2>\n<p>[\/et_pb_text][et_pb_text _builder_version=&#8221;4.26.0&#8243; _module_preset=&#8221;da86b6f0-f83c-4c7c-bdd8-3019777ddffe&#8221; text_font=&#8221;||||||||&#8221; text_text_color=&#8221;#000000&#8243; text_font_size=&#8221;16px&#8221; text_line_height=&#8221;1.6em&#8221; text_font_size_tablet=&#8221;15px&#8221; text_font_size_phone=&#8221;14px&#8221; text_font_size_last_edited=&#8221;on|desktop&#8221; locked=&#8221;off&#8221; global_colors_info=&#8221;{}&#8221;]<\/p>\n<p class=\"p1\">Acompanyem i caminem juntament amb <strong>persones vulnerables<\/strong> i en risc d&#8217;exclusi\u00f3 per afavorir-ne el <strong>desenvolupament integral<\/strong> partint del reconeixement de la seva <strong>riquesa i dignitat<\/strong> perqu\u00e8 es converteixin en <strong>transformadors socials<\/strong> .<\/p>\n<p>[\/et_pb_text][et_pb_button button_url=&#8221;https:\/\/asocialteresiana.org\/&#8221; button_text=&#8221;Acci\u00f3 Social Teresiana&#8221; _builder_version=&#8221;4.26.0&#8243; _module_preset=&#8221;default&#8221; custom_button=&#8221;on&#8221; button_text_size=&#8221;16px&#8221; button_text_color=&#8221;#D90492&#8243; button_bg_color=&#8221;RGBA(255,255,255,0)&#8221; button_border_width=&#8221;0px&#8221; button_use_icon=&#8221;off&#8221; custom_margin=&#8221;0px||0px||true|false&#8221; global_colors_info=&#8221;{}&#8221; button_text_color__hover=&#8221;#9AE6FE&#8221; button_text_color__hover_enabled=&#8221;on|hover&#8221; button_border_color__hover=&#8221;RGBA(255,255,255,0)&#8221; button_border_color__hover_enabled=&#8221;on|desktop&#8221;][\/et_pb_button][et_pb_button button_url=&#8221;https:\/\/www.fundeo.org\/&#8221; button_text=&#8221;Foneu&#8221; _builder_version=&#8221;4.26.0&#8243; _module_preset=&#8221;default&#8221; custom_button=&#8221;on&#8221; button_text_size=&#8221;16px&#8221; button_text_color=&#8221;#D90492&#8243; button_bg_color=&#8221;RGBA(255,255,255,0)&#8221; button_border_width=&#8221;0px&#8221; button_use_icon=&#8221;off&#8221; custom_margin=&#8221;0px||0px||true|false&#8221; global_colors_info=&#8221;{}&#8221; button_text_color__hover=&#8221;#9AE6FE&#8221; button_text_color__hover_enabled=&#8221;on|hover&#8221; button_border_color__hover=&#8221;RGBA(255,255,255,0)&#8221; button_border_color__hover_enabled=&#8221;on|desktop&#8221;][\/et_pb_button][\/et_pb_column][et_pb_column type=&#8221;1_5&#8243; _builder_version=&#8221;4.16&#8243; _module_preset=&#8221;default&#8221; global_colors_info=&#8221;{}&#8221;][\/et_pb_column][\/et_pb_row][et_pb_row column_structure=&#8221;2_5,3_5&#8243; _builder_version=&#8221;4.26.0&#8243; _module_preset=&#8221;default&#8221; global_colors_info=&#8221;{}&#8221;][et_pb_column type=&#8221;2_5&#8243; _builder_version=&#8221;4.16&#8243; _module_preset=&#8221;default&#8221; global_colors_info=&#8221;{}&#8221;][\/et_pb_column][et_pb_column type=&#8221;3_5&#8243; _builder_version=&#8221;4.26.0&#8243; _module_preset=&#8221;default&#8221; background_color=&#8221;#FFFFFF&#8221; custom_padding=&#8221;50px|80px|50px|80px|true|true&#8221; custom_padding_tablet=&#8221;40px|30px|40px|30px|true|true&#8221; custom_padding_phone=&#8221;|20px||20px|true|true&#8221; custom_padding_last_edited=&#8221;on|tablet&#8221; scroll_scaling_enable=&#8221;on&#8221; scroll_scaling=&#8221;0|50|50|100|100%|114%|100%&#8221; global_colors_info=&#8221;{}&#8221; transform_styles__hover_enabled=&#8221;on|hover&#8221;][et_pb_text _builder_version=&#8221;4.16&#8243; _module_preset=&#8221;default&#8221; text_font=&#8221;DM Serif Display||||||||&#8221; text_text_color=&#8221;rgba(0,0,0,0.1)&#8221; text_font_size=&#8221;48px&#8221; text_line_height=&#8221;1.1em&#8221; header_font=&#8221;DM Serif Display||||||||&#8221; header_text_color=&#8221;#000000&#8243; header_font_size=&#8221;70px&#8221; header_line_height=&#8221;1.1em&#8221; custom_margin=&#8221;||10px||false|false&#8221; header_font_size_tablet=&#8221;40px&#8221; header_font_size_phone=&#8221;24px&#8221; header_font_size_last_edited=&#8221;on|desktop&#8221; global_colors_info=&#8221;{}&#8221;]03[\/et_pb_text][et_pb_text _builder_version=&#8221;4.26.0&#8243; _module_preset=&#8221;94303537-339d-484d-8204-fdaf972d663a&#8221; header_font=&#8221;||||||||&#8221; header_3_font=&#8221;||||||||&#8221; header_3_text_color=&#8221;#000000&#8243; header_3_line_height=&#8221;1.3em&#8221; custom_margin=&#8221;||5px||false|false&#8221; custom_padding=&#8221;||||false|false&#8221; header_3_font_size_tablet=&#8221;20px&#8221; header_3_font_size_phone=&#8221;16px&#8221; header_3_font_size_last_edited=&#8221;on|phone&#8221; global_colors_info=&#8221;{}&#8221;]<\/p>\n<h2>Espiritualitat<\/h2>\n<p>[\/et_pb_text][et_pb_text _builder_version=&#8221;4.26.0&#8243; _module_preset=&#8221;da86b6f0-f83c-4c7c-bdd8-3019777ddffe&#8221; text_font=&#8221;||||||||&#8221; text_text_color=&#8221;#000000&#8243; text_font_size=&#8221;16px&#8221; text_line_height=&#8221;1.6em&#8221; text_font_size_tablet=&#8221;15px&#8221; text_font_size_phone=&#8221;14px&#8221; text_font_size_last_edited=&#8221;on|desktop&#8221; global_colors_info=&#8221;{}&#8221;]<\/p>\n<p><span style=\"font-weight: 400;\">Entenem l&#8217;espiritualitat com una manera de<\/span> <b>viure la relaci\u00f3<\/b> <span style=\"font-weight: 400;\">amb<\/span> <b>D\u00e9u<\/b> <span style=\"font-weight: 400;\">, amb<\/span> <b>nosaltres<\/b> <span style=\"font-weight: 400;\">mateixes, amb<\/span> <b>els altres<\/b> <span style=\"font-weight: 400;\">i amb<\/span> <b>la natura<\/b> <span style=\"font-weight: 400;\">.<\/span><\/p>\n<p class=\"p1\"><span style=\"font-weight: 400;\">Els<\/span> <b>desafiaments<\/b> <span style=\"font-weight: 400;\">que ens interpel\u00b7len i la<\/span> <b>cerca<\/b> <span style=\"font-weight: 400;\">de respostes apropiades a cada context ens demanen viure amb<\/span> <b>fe viva<\/b> <span style=\"font-weight: 400;\">i amb una espiritualitat encarnada, inculturada, alliberadora i compromesa.<\/span> <\/p>\n<p>[\/et_pb_text][et_pb_button button_url=&#8221;https:\/\/enriquedeosso.info\/&#8221; button_text=&#8221;Ideo&#8221; _builder_version=&#8221;4.26.0&#8243; _module_preset=&#8221;default&#8221; custom_button=&#8221;on&#8221; button_text_size=&#8221;16px&#8221; button_text_color=&#8221;#D90492&#8243; button_bg_color=&#8221;RGBA(255,255,255,0)&#8221; button_border_width=&#8221;0px&#8221; button_use_icon=&#8221;off&#8221; custom_margin=&#8221;0px||0px||true|false&#8221; global_colors_info=&#8221;{}&#8221; button_text_color__hover=&#8221;#9AE6FE&#8221; button_text_color__hover_enabled=&#8221;on|hover&#8221; button_border_color__hover=&#8221;RGBA(255,255,255,0)&#8221; button_border_color__hover_enabled=&#8221;on|desktop&#8221;][\/et_pb_button][et_pb_button button_url=&#8221;https:\/\/www.proyectonudo.org\/&#8221; button_text=&#8221;Projecte Nus&#8221; _builder_version=&#8221;4.26.0&#8243; _module_preset=&#8221;default&#8221; custom_button=&#8221;on&#8221; button_text_size=&#8221;16px&#8221; button_text_color=&#8221;#D90492&#8243; button_bg_color=&#8221;RGBA(255,255,255,0)&#8221; button_border_width=&#8221;0px&#8221; button_use_icon=&#8221;off&#8221; custom_margin=&#8221;0px||0px||true|false&#8221; global_colors_info=&#8221;{}&#8221; button_text_color__hover=&#8221;#9AE6FE&#8221; button_text_color__hover_enabled=&#8221;on|hover&#8221; button_border_color__hover=&#8221;RGBA(255,255,255,0)&#8221; button_border_color__hover_enabled=&#8221;on|desktop&#8221;][\/et_pb_button][et_pb_button button_url=&#8221;https:\/\/www.stjavila.org\/&#8221; button_text=&#8221;Casa d\u00b4Espiritualitat \u00c0vila&#8221; _builder_version=&#8221;4.26.0&#8243; _module_preset=&#8221;default&#8221; custom_button=&#8221;on&#8221; button_text_size=&#8221;16px&#8221; button_text_color=&#8221;#D90492&#8243; button_bg_color=&#8221;RGBA(255,255,255,0)&#8221; button_border_width=&#8221;0px&#8221; button_use_icon=&#8221;off&#8221; custom_margin=&#8221;0px||0px||true|false&#8221; global_colors_info=&#8221;{}&#8221; button_text_color__hover=&#8221;#9AE6FE&#8221; button_text_color__hover_enabled=&#8221;on|hover&#8221; button_border_color__hover=&#8221;RGBA(255,255,255,0)&#8221; button_border_color__hover_enabled=&#8221;on|desktop&#8221;][\/et_pb_button][et_pb_button button_url=&#8221;https:\/\/www.stjtortosa.org\/&#8221; button_text=&#8221;Casa d&#039;Espiritualitat Tortosa&#8221; _builder_version=&#8221;4.26.0&#8243; _module_preset=&#8221;default&#8221; custom_button=&#8221;on&#8221; button_text_size=&#8221;16px&#8221; button_text_color=&#8221;#D90492&#8243; button_bg_color=&#8221;RGBA(255,255,255,0)&#8221; button_border_width=&#8221;0px&#8221; button_use_icon=&#8221;off&#8221; custom_margin=&#8221;0px||0px||true|false&#8221; global_colors_info=&#8221;{}&#8221; button_text_color__hover=&#8221;#9AE6FE&#8221; button_text_color__hover_enabled=&#8221;on|hover&#8221; button_border_color__hover=&#8221;RGBA(255,255,255,0)&#8221; button_border_color__hover_enabled=&#8221;on|desktop&#8221;][\/et_pb_button][\/et_pb_column][\/et_pb_row][et_pb_row column_structure=&#8221;1_5,3_5,1_5&#8243; _builder_version=&#8221;4.26.0&#8243; _module_preset=&#8221;default&#8221; global_colors_info=&#8221;{}&#8221;][et_pb_column type=&#8221;1_5&#8243; _builder_version=&#8221;4.16&#8243; _module_preset=&#8221;default&#8221; global_colors_info=&#8221;{}&#8221;][\/et_pb_column][et_pb_column type=&#8221;3_5&#8243; _builder_version=&#8221;4.26.0&#8243; _module_preset=&#8221;default&#8221; background_color=&#8221;#FFFFFF&#8221; custom_padding=&#8221;50px|80px|50px|80px|true|true&#8221; custom_padding_tablet=&#8221;40px|30px|40px|30px|true|true&#8221; custom_padding_phone=&#8221;|20px||20px|true|true&#8221; custom_padding_last_edited=&#8221;on|tablet&#8221; scroll_scaling_enable=&#8221;on&#8221; scroll_scaling=&#8221;0|50|50|100|100%|114%|100%&#8221; global_colors_info=&#8221;{}&#8221; transform_styles__hover_enabled=&#8221;on|hover&#8221;][et_pb_text _builder_version=&#8221;4.16&#8243; _module_preset=&#8221;default&#8221; text_font=&#8221;DM Serif Display||||||||&#8221; text_text_color=&#8221;rgba(0,0,0,0.1)&#8221; text_font_size=&#8221;48px&#8221; text_line_height=&#8221;1.1em&#8221; header_font=&#8221;DM Serif Display||||||||&#8221; header_text_color=&#8221;#000000&#8243; header_font_size=&#8221;70px&#8221; header_line_height=&#8221;1.1em&#8221; custom_margin=&#8221;||10px||false|false&#8221; header_font_size_tablet=&#8221;40px&#8221; header_font_size_phone=&#8221;24px&#8221; header_font_size_last_edited=&#8221;on|desktop&#8221; locked=&#8221;off&#8221; global_colors_info=&#8221;{}&#8221;]<\/p>\n<p>04<\/p>\n<p>[\/et_pb_text][et_pb_text _builder_version=&#8221;4.26.0&#8243; _module_preset=&#8221;94303537-339d-484d-8204-fdaf972d663a&#8221; header_font=&#8221;||||||||&#8221; header_3_font=&#8221;DM Serif Display||||||||&#8221; header_3_text_color=&#8221;#000000&#8243; header_3_line_height=&#8221;1.3em&#8221; custom_margin=&#8221;||5px||false|false&#8221; custom_padding=&#8221;||||false|false&#8221; header_3_font_size_tablet=&#8221;20px&#8221; header_3_font_size_phone=&#8221;16px&#8221; header_3_font_size_last_edited=&#8221;on|phone&#8221; locked=&#8221;off&#8221; global_colors_info=&#8221;{}&#8221;]<\/p>\n<h2>Serveis eclesials<\/h2>\n<p>[\/et_pb_text][et_pb_text _builder_version=&#8221;4.26.0&#8243; _module_preset=&#8221;da86b6f0-f83c-4c7c-bdd8-3019777ddffe&#8221; text_font=&#8221;||||||||&#8221; text_text_color=&#8221;#000000&#8243; text_font_size=&#8221;16px&#8221; text_line_height=&#8221;1.6em&#8221; text_font_size_tablet=&#8221;15px&#8221; text_font_size_phone=&#8221;14px&#8221; text_font_size_last_edited=&#8221;on|desktop&#8221; locked=&#8221;off&#8221; global_colors_info=&#8221;{}&#8221;]<\/p>\n<p><span style=\"font-weight: 400;\">Ens sentim cridades a<\/span> <b>caminar i compartir<\/b> <span style=\"font-weight: 400;\">amb altres la vida des de la fe, formant part de l\u00b4Esgl\u00e9sia<\/span> <b>Poble de D\u00e9u<\/b> <span style=\"font-weight: 400;\">, a formar part d\u00b4una<\/span> <b>comunitat creient<\/b> <span style=\"font-weight: 400;\">que camina en sinodalitat.<\/span> <\/p>\n<p class=\"p1\"><span style=\"font-weight: 400;\">Volem compartir la riquesa carism\u00e0tica rebuda d&#8217;Enrique de Oss\u00f3:<\/span><b> <\/b><b>catequesi<\/b> <span style=\"font-weight: 400;\">, cultiu de la<\/span> <b>interioritat<\/b> <span style=\"font-weight: 400;\">i la<\/span> <b>preg\u00e0ria<\/b> <span style=\"font-weight: 400;\">.<\/span> <\/p>\n<p>[\/et_pb_text][\/et_pb_column][et_pb_column type=&#8221;1_5&#8243; _builder_version=&#8221;4.16&#8243; _module_preset=&#8221;default&#8221; global_colors_info=&#8221;{}&#8221;][\/et_pb_column][\/et_pb_row][et_pb_row column_structure=&#8221;3_5,2_5&#8243; _builder_version=&#8221;4.26.0&#8243; _module_preset=&#8221;default&#8221; global_colors_info=&#8221;{}&#8221;][et_pb_column type=&#8221;3_5&#8243; _builder_version=&#8221;4.26.0&#8243; _module_preset=&#8221;default&#8221; background_color=&#8221;#FFFFFF&#8221; custom_padding=&#8221;50px|80px|50px|80px|true|true&#8221; custom_padding_tablet=&#8221;40px|30px|40px|30px|true|true&#8221; custom_padding_phone=&#8221;|20px||20px|true|true&#8221; custom_padding_last_edited=&#8221;on|tablet&#8221; scroll_scaling_enable=&#8221;on&#8221; scroll_scaling=&#8221;0|50|50|100|100%|114%|100%&#8221; global_colors_info=&#8221;{}&#8221; transform_styles__hover_enabled=&#8221;on|hover&#8221;][et_pb_text _builder_version=&#8221;4.16&#8243; _module_preset=&#8221;default&#8221; text_font=&#8221;DM Serif Display||||||||&#8221; text_text_color=&#8221;rgba(0,0,0,0.1)&#8221; text_font_size=&#8221;48px&#8221; text_line_height=&#8221;1.1em&#8221; header_font=&#8221;DM Serif Display||||||||&#8221; header_text_color=&#8221;#000000&#8243; header_font_size=&#8221;70px&#8221; header_line_height=&#8221;1.1em&#8221; custom_margin=&#8221;||10px||false|false&#8221; header_font_size_tablet=&#8221;40px&#8221; header_font_size_phone=&#8221;24px&#8221; header_font_size_last_edited=&#8221;on|desktop&#8221; global_colors_info=&#8221;{}&#8221;]<\/p>\n<p>05<\/p>\n<p>[\/et_pb_text][et_pb_text _builder_version=&#8221;4.26.0&#8243; _module_preset=&#8221;94303537-339d-484d-8204-fdaf972d663a&#8221; header_font=&#8221;||||||||&#8221; header_3_font=&#8221;DM Serif Display||||||||&#8221; header_3_text_color=&#8221;#000000&#8243; header_3_line_height=&#8221;1.3em&#8221; custom_margin=&#8221;||5px||false|false&#8221; custom_padding=&#8221;||||false|false&#8221; header_3_font_size_tablet=&#8221;20px&#8221; header_3_font_size_phone=&#8221;16px&#8221; header_3_font_size_last_edited=&#8221;on|phone&#8221; global_colors_info=&#8221;{}&#8221;]<\/p>\n<h2>Pastoral Juvenil Vocacional Teresiana<\/h2>\n<p>[\/et_pb_text][et_pb_text _builder_version=&#8221;4.26.0&#8243; _module_preset=&#8221;da86b6f0-f83c-4c7c-bdd8-3019777ddffe&#8221; text_font=&#8221;||||||||&#8221; text_text_color=&#8221;#000000&#8243; text_font_size=&#8221;16px&#8221; text_line_height=&#8221;1.6em&#8221; text_font_size_tablet=&#8221;15px&#8221; text_font_size_phone=&#8221;14px&#8221; text_font_size_last_edited=&#8221;on|desktop&#8221; global_colors_info=&#8221;{}&#8221;]<\/p>\n<p class=\"p1\"><span style=\"font-weight: 400;\">Busquem afavorir<\/span> <b>experi\u00e8ncies integradores<\/b> <span style=\"font-weight: 400;\">que generin<\/span> <b>processos<\/b> <span style=\"font-weight: 400;\">personals i comunitaris i portin la viv\u00e8ncia d\u00b4una<\/span> <b>espiritualitat aut\u00e8ntica.<\/b><span style=\"font-weight: 400;\">. El <\/span> <b>L&#8217;itinerari teresi\u00e0<\/b> <span style=\"font-weight: 400;\">possibilita la<\/span> <b>trobada amb Jes\u00fas<\/b> <span style=\"font-weight: 400;\">i desemboca en una<\/span> <b>opci\u00f3 de vida<\/b> <span style=\"font-weight: 400;\">cristiana per a la transformaci\u00f3 del m\u00f3n.<\/span> <\/p>\n<p>[\/et_pb_text][et_pb_social_media_follow follow_button=&#8221;on&#8221; _builder_version=&#8221;4.26.0&#8243; _module_preset=&#8221;default&#8221; custom_button=&#8221;on&#8221; button_text_size=&#8221;12px&#8221; button_text_color=&#8221;#2C559E&#8221; button_bg_color=&#8221;#9AE6FE&#8221; button_border_color=&#8221;RGBA(255,255,255,0)&#8221; global_colors_info=&#8221;{}&#8221;][et_pb_social_media_follow_network social_network=&#8221;instagram&#8221; url=&#8221;https:\/\/www.instagram.com\/pjvteresianaeuropa\/?hl=es&#8221; _builder_version=&#8221;4.26.0&#8243; _module_preset=&#8221;default&#8221; background_color=&#8221;#D90492&#8243; background_enable_color=&#8221;on&#8221; global_colors_info=&#8221;{}&#8221; follow_button=&#8221;on&#8221; url_new_window=&#8221;on&#8221;]instagram[\/et_pb_social_media_follow_network][et_pb_social_media_follow_network social_network=&#8221;facebook&#8221; url=&#8221;https:\/\/www.facebook.com\/pjvteresianaeuropa&#8221; _builder_version=&#8221;4.26.0&#8243; _module_preset=&#8221;default&#8221; background_color=&#8221;#3b5998&#8243; global_colors_info=&#8221;{}&#8221; follow_button=&#8221;on&#8221; url_new_window=&#8221;on&#8221;]facebook[\/et_pb_social_media_follow_network][\/et_pb_social_media_follow][\/et_pb_column][et_pb_column type=&#8221;2_5&#8243; _builder_version=&#8221;4.16&#8243; _module_preset=&#8221;default&#8221; global_colors_info=&#8221;{}&#8221;][\/et_pb_column][\/et_pb_row][et_pb_row column_structure=&#8221;1_5,3_5,1_5&#8243; _builder_version=&#8221;4.26.0&#8243; _module_preset=&#8221;default&#8221; global_colors_info=&#8221;{}&#8221;][et_pb_column type=&#8221;1_5&#8243; _builder_version=&#8221;4.16&#8243; _module_preset=&#8221;default&#8221; global_colors_info=&#8221;{}&#8221;][\/et_pb_column][et_pb_column type=&#8221;3_5&#8243; _builder_version=&#8221;4.26.0&#8243; _module_preset=&#8221;default&#8221; background_color=&#8221;RGBA(255,255,255,0)&#8221; custom_padding=&#8221;50px|80px|50px|80px|true|true&#8221; custom_padding_tablet=&#8221;40px|30px|40px|30px|true|true&#8221; custom_padding_phone=&#8221;|20px||20px|true|true&#8221; custom_padding_last_edited=&#8221;on|tablet&#8221; scroll_scaling=&#8221;0|50|50|100|100%|114%|100%&#8221; global_colors_info=&#8221;{}&#8221; transform_styles__hover_enabled=&#8221;on|hover&#8221;][et_pb_text _builder_version=&#8221;4.26.0&#8243; _module_preset=&#8221;da86b6f0-f83c-4c7c-bdd8-3019777ddffe&#8221; text_font=&#8221;||||||||&#8221; text_text_color=&#8221;#FFFFFF&#8221; text_font_size=&#8221;16px&#8221; text_line_height=&#8221;1.6em&#8221; module_alignment=&#8221;center&#8221; text_font_size_tablet=&#8221;15px&#8221; text_font_size_phone=&#8221;14px&#8221; text_font_size_last_edited=&#8221;on|desktop&#8221; locked=&#8221;off&#8221; global_colors_info=&#8221;{}&#8221;]<\/p>\n<p class=\"p1\">Con\u00e8ixer i estimar Jes\u00fas i fer-lo con\u00e8ixer i estimar a l&#8217;estil de Teresa de Jes\u00fas, com a cam\u00ed de transformaci\u00f3 i comprom\u00eds al nostre m\u00f3n, \u00e9s el carisma que compartim amb el <b>Moviment Teresi\u00e0 Apost\u00f2lic<\/b> fundat per Sant Enric d&#8217;Oss\u00f3.<\/p>\n<p>[\/et_pb_text][et_pb_button button_url=&#8221;https:\/\/www.mta-hispania.org\/&#8221; button_text=&#8221;MTA Espanya&#8221; _builder_version=&#8221;4.26.0&#8243; _module_preset=&#8221;default&#8221; custom_button=&#8221;on&#8221; button_text_size=&#8221;16px&#8221; button_text_color=&#8221;#FFCC33&#8243; button_bg_color=&#8221;RGBA(255,255,255,0)&#8221; button_border_width=&#8221;0px&#8221; button_use_icon=&#8221;off&#8221; custom_margin=&#8221;0px||0px||true|false&#8221; global_colors_info=&#8221;{}&#8221; button_text_color__hover=&#8221;#9AE6FE&#8221; button_text_color__hover_enabled=&#8221;on|hover&#8221; button_border_color__hover=&#8221;RGBA(255,255,255,0)&#8221; button_border_color__hover_enabled=&#8221;on|desktop&#8221;][\/et_pb_button][et_pb_button button_url=&#8221;https:\/\/www.facebook.com\/people\/MTA-Portugal\/100067015337368\/&#8221; button_text=&#8221;MTA Portugal&#8221; _builder_version=&#8221;4.26.0&#8243; _module_preset=&#8221;default&#8221; custom_button=&#8221;on&#8221; button_text_size=&#8221;16px&#8221; button_text_color=&#8221;#FFCC33&#8243; button_bg_color=&#8221;RGBA(255,255,255,0)&#8221; button_border_width=&#8221;0px&#8221; button_use_icon=&#8221;off&#8221; custom_margin=&#8221;0px||0px||true|false&#8221; global_colors_info=&#8221;{}&#8221; button_text_color__hover=&#8221;#9AE6FE&#8221; button_text_color__hover_enabled=&#8221;on|hover&#8221; button_border_color__hover=&#8221;RGBA(255,255,255,0)&#8221; button_border_color__hover_enabled=&#8221;on|desktop&#8221;][\/et_pb_button][\/et_pb_column][et_pb_column type=&#8221;1_5&#8243; _builder_version=&#8221;4.16&#8243; _module_preset=&#8221;default&#8221; global_colors_info=&#8221;{}&#8221;][\/et_pb_column][\/et_pb_row][\/et_pb_section][et_pb_section fb_built=&#8221;1&#8243; admin_label=&#8221;About&#8221; _builder_version=&#8221;4.26.0&#8243; _module_preset=&#8221;default&#8221; background_color=&#8221;#9AE6FE&#8221; overflow-x=&#8221;hidden&#8221; overflow-y=&#8221;hidden&#8221; custom_padding=&#8221;6vw||||false|false&#8221; top_divider_color=&#8221;#9AE6FE&#8221; top_divider_height=&#8221;10vw&#8221; top_divider_flip=&#8221;horizontal&#8221; global_colors_info=&#8221;{%22gcid-0ce8a763-63f9-4b73-a0c5-972528f981a1%22:%91%93}&#8221;][et_pb_row column_structure=&#8221;2_5,3_5&#8243; _builder_version=&#8221;4.16&#8243; _module_preset=&#8221;default&#8221; global_colors_info=&#8221;{}&#8221;][et_pb_column type=&#8221;2_5&#8243; _builder_version=&#8221;4.16&#8243; _module_preset=&#8221;default&#8221; global_colors_info=&#8221;{}&#8221;][et_pb_text _builder_version=&#8221;4.26.0&#8243; _module_preset=&#8221;90865f4d-2cce-42a7-b40e-d3fbad25605a&#8221; header_2_font=&#8221;||||||||&#8221; header_2_text_color=&#8221;#000000&#8243; header_2_font_size=&#8221;48px&#8221; header_2_line_height=&#8221;1.2em&#8221; max_width=&#8221;700px&#8221; module_alignment=&#8221;center&#8221; custom_margin=&#8221;||10px||false|false&#8221; header_2_font_size_tablet=&#8221;32px&#8221; header_2_font_size_phone=&#8221;25px&#8221; header_2_font_size_last_edited=&#8221;on|phone&#8221; locked=&#8221;off&#8221; global_colors_info=&#8221;{}&#8221;]<\/p>\n<h2>En comunitat de deixebles<\/h2>\n<p>[\/et_pb_text][et_pb_text _builder_version=&#8221;4.26.0&#8243; _module_preset=&#8221;da86b6f0-f83c-4c7c-bdd8-3019777ddffe&#8221; text_font=&#8221;|300|||||||&#8221; text_text_color=&#8221;#000000&#8243; text_font_size=&#8221;16px&#8221; text_line_height=&#8221;1.6em&#8221; module_alignment=&#8221;center&#8221; text_font_size_tablet=&#8221;15px&#8221; text_font_size_phone=&#8221;14px&#8221; text_font_size_last_edited=&#8221;on|desktop&#8221; locked=&#8221;off&#8221; global_colors_info=&#8221;{}&#8221;]<\/p>\n<p>La comunitat \u00e9s <strong>mediaci\u00f3<\/strong> per viure el <strong>seguiment de Jes\u00fas<\/strong> . <\/p>\n<p class=\"p1\"><span style=\"font-weight: 400;\">La nostra<\/span> <b>experi\u00e8ncia de caminar comunit\u00e0riament<\/b> <span style=\"font-weight: 400;\">amb Jes\u00fas ens ajuda a interpretar la realitat des de la fe i fer present<\/span> <b>la Paraula<\/b> <span style=\"font-weight: 400;\">en les situacions i desafiaments que vivim all\u00e0 on ens trobem.<\/span> <\/p>\n<p>[\/et_pb_text][\/et_pb_column][et_pb_column type=&#8221;3_5&#8243; _builder_version=&#8221;4.16&#8243; _module_preset=&#8221;default&#8221; global_colors_info=&#8221;{}&#8221;][et_pb_image src=&#8221;https:\/\/teresianaseuropa.org\/wp-content\/uploads\/2024\/07\/estate-planning-74.png&#8221; title_text=&#8221;estate-planning-74&#8243; _builder_version=&#8221;4.16&#8243; _module_preset=&#8221;default&#8221; positioning=&#8221;absolute&#8221; width=&#8221;72%&#8221; custom_margin=&#8221;|||-20%|false|false&#8221; global_colors_info=&#8221;{}&#8221;][\/et_pb_image][et_pb_image src=&#8221;https:\/\/teresianaseuropa.org\/wp-content\/uploads\/2024\/07\/Escudo-14.png&#8221; title_text=&#8221;Escut-14&#8243; align=&#8221;center&#8221; _builder_version=&#8221;4.26.0&#8243; _module_preset=&#8221;default&#8221; position_origin_a=&#8221;top_center&#8221; width=&#8221;72%&#8221; module_alignment=&#8221;center&#8221; custom_margin=&#8221;||||false|false&#8221; border_radii=&#8221;on|100%|100%|100%|100%&#8221; global_colors_info=&#8221;{}&#8221;][\/et_pb_image][et_pb_image src=&#8221;https:\/\/teresianaseuropa.org\/wp-content\/uploads\/2024\/07\/estate-planning-75-1.png&#8221; title_text=&#8221;estate-planning-75&#8243; _builder_version=&#8221;4.16&#8243; _module_preset=&#8221;default&#8221; positioning=&#8221;absolute&#8221; position_origin_a=&#8221;top_right&#8221; vertical_offset_last_edited=&#8221;off|phone&#8221; horizontal_offset_tablet=&#8221;-10%&#8221; horizontal_offset_phone=&#8221;-10%&#8221; horizontal_offset_last_edited=&#8221;off|desktop&#8221; position_origin_a_last_edited=&#8221;off|desktop&#8221; position_origin_f_last_edited=&#8221;off|desktop&#8221; position_origin_r_last_edited=&#8221;off|desktop&#8221; width=&#8221;72%&#8221; custom_margin=&#8221;|-20%|||false|false&#8221; positioning_last_edited=&#8221;off|desktop&#8221; global_colors_info=&#8221;{}&#8221;][\/et_pb_image][\/et_pb_column][\/et_pb_row][et_pb_row column_structure=&#8221;1_3,1_3,1_3&#8243; _builder_version=&#8221;4.16&#8243; _module_preset=&#8221;default&#8221; custom_margin=&#8221;||||false|false&#8221; global_colors_info=&#8221;{}&#8221;][et_pb_column type=&#8221;1_3&#8243; _builder_version=&#8221;4.16&#8243; _module_preset=&#8221;default&#8221; global_colors_info=&#8221;{}&#8221;][et_pb_number_counter title=&#8221;Germanes&#8221; number=&#8221;461&#8243; percent_sign=&#8221;off&#8221; _builder_version=&#8221;4.26.0&#8243; _module_preset=&#8221;default&#8221; title_level=&#8221;h1&#8243; title_font=&#8221;||||||||&#8221; number_font=&#8221;DM Serif Display||||||||&#8221; number_text_color=&#8221;#000000&#8243; number_font_size=&#8221;80px&#8221; hover_enabled=&#8221;0&#8243; title_font_size_tablet=&#8221;15px&#8221; title_font_size_phone=&#8221;14px&#8221; title_font_size_last_edited=&#8221;on|tablet&#8221; number_font_size_tablet=&#8221;60px&#8221; number_font_size_phone=&#8221;36px&#8221; number_font_size_last_edited=&#8221;on|desktop&#8221; number_line_height_tablet=&#8221;&#8221; number_line_height_phone=&#8221;120px&#8221; number_line_height_last_edited=&#8221;on|phone&#8221; global_colors_info=&#8221;{}&#8221; sticky_enabled=&#8221;0&#8243;][\/et_pb_number_counter][\/et_pb_column][et_pb_column type=&#8221;1_3&#8243; _builder_version=&#8221;4.16&#8243; _module_preset=&#8221;default&#8221; global_colors_info=&#8221;{}&#8221;][et_pb_number_counter title=&#8221;Comunitats&#8221; number=&#8221;49&#8243; percent_sign=&#8221;off&#8221; _builder_version=&#8221;4.26.0&#8243; _module_preset=&#8221;default&#8221; title_level=&#8221;h1&#8243; title_font=&#8221;||||||||&#8221; number_font=&#8221;DM Serif Display||||||||&#8221; number_text_color=&#8221;#000000&#8243; number_font_size=&#8221;80px&#8221; title_font_size_tablet=&#8221;15px&#8221; title_font_size_phone=&#8221;14px&#8221; title_font_size_last_edited=&#8221;on|tablet&#8221; number_font_size_tablet=&#8221;60px&#8221; number_font_size_phone=&#8221;36px&#8221; number_font_size_last_edited=&#8221;on|desktop&#8221; number_line_height_tablet=&#8221;&#8221; number_line_height_phone=&#8221;120px&#8221; number_line_height_last_edited=&#8221;on|phone&#8221; global_colors_info=&#8221;{}&#8221;][\/et_pb_number_counter][\/et_pb_column][et_pb_column type=&#8221;1_3&#8243; _builder_version=&#8221;4.16&#8243; _module_preset=&#8221;default&#8221; global_colors_info=&#8221;{}&#8221;][et_pb_number_counter title=&#8221;Pa\u00efsos&#8221; number=&#8221;3&#8243; percent_sign=&#8221;off&#8221; _builder_version=&#8221;4.26.0&#8243; _module_preset=&#8221;default&#8221; title_level=&#8221;h1&#8243; title_font=&#8221;||||||||&#8221; number_font=&#8221;DM Serif Display||||||||&#8221; number_text_color=&#8221;#000000&#8243; number_font_size=&#8221;80px&#8221; title_font_size_tablet=&#8221;15px&#8221; title_font_size_phone=&#8221;14px&#8221; title_font_size_last_edited=&#8221;on|tablet&#8221; number_font_size_tablet=&#8221;60px&#8221; number_font_size_phone=&#8221;36px&#8221; number_font_size_last_edited=&#8221;on|desktop&#8221; number_line_height_tablet=&#8221;&#8221; number_line_height_phone=&#8221;120px&#8221; number_line_height_last_edited=&#8221;on|phone&#8221; global_colors_info=&#8221;{}&#8221;][\/et_pb_number_counter][\/et_pb_column][\/et_pb_row][\/et_pb_section][et_pb_section fb_built=&#8221;1&#8243; admin_label=&#8221;About&#8221; _builder_version=&#8221;4.26.0&#8243; _module_preset=&#8221;default&#8221; background_color=&#8221;#9AE6FE&#8221; overflow-x=&#8221;hidden&#8221; overflow-y=&#8221;hidden&#8221; custom_padding=&#8221;6vw||||false|false&#8221; top_divider_color=&#8221;#9AE6FE&#8221; top_divider_height=&#8221;10vw&#8221; top_divider_flip=&#8221;horizontal&#8221; global_colors_info=&#8221;{%22gcid-0ce8a763-63f9-4b73-a0c5-972528f981a1%22:%91%93}&#8221;][et_pb_row column_structure=&#8221;2_5,3_5&#8243; _builder_version=&#8221;4.16&#8243; _module_preset=&#8221;default&#8221; global_colors_info=&#8221;{}&#8221;][et_pb_column type=&#8221;2_5&#8243; _builder_version=&#8221;4.16&#8243; _module_preset=&#8221;default&#8221; global_colors_info=&#8221;{}&#8221;][et_pb_text _builder_version=&#8221;4.26.0&#8243; _module_preset=&#8221;90865f4d-2cce-42a7-b40e-d3fbad25605a&#8221; header_2_font=&#8221;||||||||&#8221; header_2_text_color=&#8221;#000000&#8243; header_2_font_size=&#8221;48px&#8221; header_2_line_height=&#8221;1.2em&#8221; max_width=&#8221;700px&#8221; module_alignment=&#8221;center&#8221; custom_margin=&#8221;||10px||false|false&#8221; header_2_font_size_tablet=&#8221;32px&#8221; header_2_font_size_phone=&#8221;25px&#8221; header_2_font_size_last_edited=&#8221;on|phone&#8221; locked=&#8221;off&#8221; global_colors_info=&#8221;{}&#8221;]<\/p>\n<h2>On som<\/h2>\n<p>[\/et_pb_text][\/et_pb_column][et_pb_column type=&#8221;3_5&#8243; _builder_version=&#8221;4.16&#8243; _module_preset=&#8221;default&#8221; global_colors_info=&#8221;{}&#8221;][et_pb_image src=&#8221;https:\/\/teresianaseuropa.org\/wp-content\/uploads\/2024\/07\/estate-planning-74.png&#8221; title_text=&#8221;estate-planning-74&#8243; _builder_version=&#8221;4.16&#8243; _module_preset=&#8221;default&#8221; positioning=&#8221;absolute&#8221; width=&#8221;72%&#8221; custom_margin=&#8221;|||-20%|false|false&#8221; global_colors_info=&#8221;{}&#8221;][\/et_pb_image][et_pb_image src=&#8221;https:\/\/teresianaseuropa.org\/wp-content\/uploads\/2024\/07\/estate-planning-75-1.png&#8221; title_text=&#8221;estate-planning-75&#8243; _builder_version=&#8221;4.16&#8243; _module_preset=&#8221;default&#8221; positioning=&#8221;absolute&#8221; position_origin_a=&#8221;top_right&#8221; vertical_offset_last_edited=&#8221;off|phone&#8221; horizontal_offset_tablet=&#8221;-10%&#8221; horizontal_offset_phone=&#8221;-10%&#8221; horizontal_offset_last_edited=&#8221;off|desktop&#8221; position_origin_a_last_edited=&#8221;off|desktop&#8221; position_origin_f_last_edited=&#8221;off|desktop&#8221; position_origin_r_last_edited=&#8221;off|desktop&#8221; width=&#8221;72%&#8221; custom_margin=&#8221;|-20%|||false|false&#8221; positioning_last_edited=&#8221;off|desktop&#8221; global_colors_info=&#8221;{}&#8221;][\/et_pb_image][\/et_pb_column][\/et_pb_row][et_pb_row _builder_version=&#8221;4.26.0&#8243; _module_preset=&#8221;default&#8221; width=&#8221;90%&#8221; max_width=&#8221;3000px&#8221; module_alignment=&#8221;right&#8221; global_colors_info=&#8221;{}&#8221;][et_pb_column type=&#8221;4_4&#8243; _builder_version=&#8221;4.26.0&#8243; _module_preset=&#8221;default&#8221; global_colors_info=&#8221;{}&#8221;][et_pb_code _builder_version=&#8221;4.26.0&#8243; _module_preset=&#8221;default&#8221; global_colors_info=&#8221;{}&#8221;]    <div id=\"presencias-filters\">\n        <form id=\"filtros-presencias\">\n            <select name=\"pais\" id=\"filtro-pais\">\n                <option value=\"\">Todos los Pa\u00edses<\/option>\n                <option value=\"espana\">Espa\u00f1a<\/option><option value=\"italia\">Italia<\/option><option value=\"portugal\">Portugal<\/option>            <\/select>\n\n            <select name=\"autonomia\" id=\"filtro-autonomia\">\n                <option value=\"\">Todas las Regiones<\/option>\n                <option value=\"andalucia\">Andaluc\u00eda<\/option><option value=\"aragon\">Arag\u00f3n<\/option><option value=\"braga\">Braga<\/option><option value=\"canarias\">Canarias<\/option><option value=\"castilla-y-leon\">Castilla y Le\u00f3n<\/option><option value=\"castilla-la-mancha\">Castilla-La Mancha<\/option><option value=\"cataluna\">Catalu\u00f1a<\/option><option value=\"comunidad-de-madrid\">Comunidad de Madrid<\/option><option value=\"comunidad-foral-de-navarra\">Comunidad Foral de Navarra<\/option><option value=\"comunidad-valenciana\">Comunidad Valenciana<\/option><option value=\"la-rioja\">La Rioja<\/option><option value=\"leiria\">Leir\u00eda<\/option><option value=\"lisboa\">Lisboa<\/option><option value=\"oporto\">Oporto<\/option><option value=\"pais-vasco\">Pa\u00eds Vasco<\/option><option value=\"portalegre\">Portalegre<\/option><option value=\"principado-de-asturias\">Principado de Asturias<\/option>            <\/select>\n\n            <select name=\"tipo_presencia\" id=\"filtro-tipo-presencia\">\n                <option value=\"\">Todos los Tipos de Presencia<\/option>\n                <option value=\"comunidad-teresiana\">Comunidad Teresiana<\/option>            <\/select>\n        <\/form>\n    <\/div>\n\n    <div id=\"presencias-lista\">\n        <div class=\"presencias-cards\">            <div class=\"presencia-card\">\n                <h3>San Juan de Aznalfarache<\/h3>\n                <p>\n                    C\/ Armilla, 46<br \/>\n                    41920 <br \/>\n                    San Juan de Aznalfarache \n                    (Sevilla)<br \/>\n                    <a href=\"tel:(34) 954 760 055\" target=\"_blank\">(34) 954 760 055<\/a>\n                <\/p>\n            <\/div>\n                        <div class=\"presencia-card\">\n                <h3>San Sebasti\u00e1n &#8211; Bentaberri<\/h3>\n                <p>\n                    Berstolari Xalbador 4, 1\u00ba D ( Aptdo 5107)<br \/>\n                    20018 <br \/>\n                    Donostia \n                    (San Sebasti\u00e1n)<br \/>\n                    <a href=\"tel:(34) 943 315 255\" target=\"_blank\">(34) 943 315 255<\/a>\n                <\/p>\n            <\/div>\n                        <div class=\"presencia-card\">\n                <h3>San Sebasti\u00e1n &#8211; Residencia<\/h3>\n                <p>\n                    Paseo Manuel de Lardiz\u00e1bal, 25<br \/>\n                    20018 <br \/>\n                     \n                    (San Sebasti\u00e1n)<br \/>\n                    <a href=\"tel:(34) 943 310 751\" target=\"_blank\">(34) 943 310 751<\/a>\n                <\/p>\n            <\/div>\n                        <div class=\"presencia-card\">\n                <h3>Sevilla &#8211; Pino Montano<\/h3>\n                <p>\n                    Parque Sierra Norte 1, Bloque 1, Bajo I - J<br \/>\n                    41015 <br \/>\n                     \n                    (Sevilla)<br \/>\n                    <a href=\"tel:(34) 954 950 153\" target=\"_blank\">(34) 954 950 153<\/a>\n                <\/p>\n            <\/div>\n                        <div class=\"presencia-card\">\n                <h3>Tarragona<\/h3>\n                <p>\n                    Rambla Nova, 79<br \/>\n                    43003 <br \/>\n                     \n                    (Tarragona)<br \/>\n                    <a href=\"tel:(34) 977 218 599\" target=\"_blank\">(34) 977 218 599<\/a>\n                <\/p>\n            <\/div>\n                        <div class=\"presencia-card\">\n                <h3>Tarragona &#8211; Bonavista<\/h3>\n                <p>\n                    C\/ Nueve, 15, 2\u00ba, 1\u00aa<br \/>\n                    43100 <br \/>\n                     \n                    (Tarragona)<br \/>\n                    <a href=\"tel:(34) 977 547 090\" target=\"_blank\">(34) 977 547 090<\/a>\n                <\/p>\n            <\/div>\n                        <div class=\"presencia-card\">\n                <h3>Torrent<\/h3>\n                <p>\n                    San Valeriano 26, 6\u00ba<br \/>\n                    46900 <br \/>\n                    Torrent \n                    (Valencia)<br \/>\n                    <a href=\"tel:(34) 961 080 758\" target=\"_blank\">(34) 961 080 758<\/a>\n                <\/p>\n            <\/div>\n                        <div class=\"presencia-card\">\n                <h3>Torrent &#8211; El Vedat  &#8211; Residencia<\/h3>\n                <p>\n                    C\/ Constituci\u00f3n, 76<br \/>\n                    46901 <br \/>\n                    El Vedat de Torrent \n                    (Valencia)<br \/>\n                    <a href=\"tel:(34) 961 552 412\" target=\"_blank\">(34) 961 552 412<\/a>\n                <\/p>\n            <\/div>\n                        <div class=\"presencia-card\">\n                <h3>Tortosa<\/h3>\n                <p>\n                    C\/ Rossell\u00f3, 31-37<br \/>\n                    43500 <br \/>\n                    Tortosa \n                    (Tarragona)<br \/>\n                    <a href=\"tel:(34) 977 440 893\" target=\"_blank\">(34) 977 440 893<\/a>\n                <\/p>\n            <\/div>\n                        <div class=\"presencia-card\">\n                <h3>Valencia &#8211; Almazora<\/h3>\n                <p>\n                    C\/ Almazora 40, 1\u00ba, 1\u00aa y 2\u00aa<br \/>\n                    46010 <br \/>\n                     \n                    (Valencia)<br \/>\n                    <a href=\"tel:(34) 963 615 923\" target=\"_blank\">(34) 963 615 923<\/a>\n                <\/p>\n            <\/div>\n                        <div class=\"presencia-card\">\n                <h3>Valladolid &#8211; Bel\u00e9n<\/h3>\n                <p>\n                    C\/ Aguinaldo, 1 A<br \/>\n                    47011 <br \/>\n                     \n                    (Valladolid)<br \/>\n                    <a href=\"tel:(34) 983 267 073\" target=\"_blank\">(34) 983 267 073<\/a>\n                <\/p>\n            <\/div>\n                        <div class=\"presencia-card\">\n                <h3>Valladolid &#8211; Residencia<\/h3>\n                <p>\n                    C\/ Felipe II, 4-6<br \/>\n                    47003 <br \/>\n                     \n                    (Valladolid)<br \/>\n                    <a href=\"tel:(34) 983 391 273\" target=\"_blank\">(34) 983 391 273<\/a>\n                <\/p>\n            <\/div>\n                        <div class=\"presencia-card\">\n                <h3>Zaragoza &#8211; Bego\u00f1a<\/h3>\n                <p>\n                    Ntra. Sra. de Bego\u00f1a 49, 2\u00ba<br \/>\n                    50017 <br \/>\n                     \n                    (Zaragoza)<br \/>\n                    <a href=\"tel:(34) 976  341 442\" target=\"_blank\">(34) 976  341 442<\/a>\n                <\/p>\n            <\/div>\n                        <div class=\"presencia-card\">\n                <h3>Zaragoza &#8211; Enrique de Oss\u00f3<\/h3>\n                <p>\n                    Enrique de Oss\u00f3, 2-4<br \/>\n                    50017 <br \/>\n                     \n                    (Zaragoza)<br \/>\n                    <a href=\"tel:(34) 976 333 574\" target=\"_blank\">(34) 976 333 574<\/a>\n                <\/p>\n            <\/div>\n                        <div class=\"presencia-card\">\n                <h3>Zaragoza &#8211; Teresiano del Pilar<\/h3>\n                <p>\n                    Camino de Pinseque, 39<br \/>\n                    50011 <br \/>\n                     \n                    (Zaragoza)<br \/>\n                    <a href=\"tel:(34) 976 343 206\" target=\"_blank\">(34) 976 343 206<\/a>\n                <\/p>\n            <\/div>\n                        <div class=\"presencia-card\">\n                <h3>Roma &#8211; Via Fregene<\/h3>\n                <p>\n                    Via Ardea, 16<br \/>\n                    00183 <br \/>\n                     \n                    (Roma)<br \/>\n                    <a href=\"tel:(39) 06700 83 24\" target=\"_blank\">(39) 06700 83 24<\/a>\n                <\/p>\n            <\/div>\n                        <div class=\"presencia-card\">\n                <h3>Braga &#8211; Resid\u00eancia<\/h3>\n                <p>\n                    Rua Dr. El\u00edseo de Moura, 17<br \/>\n                    4710-422 <br \/>\n                     \n                    (Braga)<br \/>\n                    <a href=\"tel:(351) 253 201 180\" target=\"_blank\">(351) 253 201 180<\/a>\n                <\/p>\n            <\/div>\n                        <div class=\"presencia-card\">\n                <h3>Verim<\/h3>\n                <p>\n                    Av. Santa Mar\u00eda de Verim, 767<br \/>\n                    4830-790 <br \/>\n                    P\u00f3voa de Lanhoso \n                    (Verim)<br \/>\n                    <a href=\"tel:(351) 253 992 444\" target=\"_blank\">(351) 253 992 444<\/a>\n                <\/p>\n            <\/div>\n                        <div class=\"presencia-card\">\n                <h3>Coimbra<\/h3>\n                <p>\n                    Avda. Afonso Henriques, 11<br \/>\n                    3000-010 <br \/>\n                     \n                    (Coimbra)<br \/>\n                    <a href=\"tel:(351) 239 701 151\" target=\"_blank\">(351) 239 701 151<\/a>\n                <\/p>\n            <\/div>\n                        <div class=\"presencia-card\">\n                <h3>F\u00e1tima &#8211; Resid\u00eancia<\/h3>\n                <p>\n                    Rua do Ros\u00e1rio, 101<br \/>\n                    2495-444 <br \/>\n                     \n                    (F\u00e1tima)<br \/>\n                    <a href=\"tel:(351) 249 531 482\" target=\"_blank\">(351) 249 531 482<\/a>\n                <\/p>\n            <\/div>\n                        <div class=\"presencia-card\">\n                <h3>Lisboa<\/h3>\n                <p>\n                    Pra\u00e7a Andrade Caminha, 4<br \/>\n                    1700-039 <br \/>\n                     \n                    (Lisboa)<br \/>\n                    <a href=\"tel:(351) 253 201 180\" target=\"_blank\">(351) 253 201 180<\/a>\n                <\/p>\n            <\/div>\n                        <div class=\"presencia-card\">\n                <h3>Torres Vedras<\/h3>\n                <p>\n                    Rua da Horta Nova, 1,2 esq.<br \/>\n                    2560-654 <br \/>\n                    Torres Vedra \n                    (Lisboa)<br \/>\n                    <a href=\"tel:(351)261405105\" target=\"_blank\">(351)261405105<\/a>\n                <\/p>\n            <\/div>\n                        <div class=\"presencia-card\">\n                <h3>Santo Tirso<\/h3>\n                <p>\n                    D. Nuno \u00c1lvares Pereira, 40<br \/>\n                    4780-439 <br \/>\n                     \n                    (Santo Tirso)<br \/>\n                    <a href=\"tel:(351) 252 808 060\" target=\"_blank\">(351) 252 808 060<\/a>\n                <\/p>\n            <\/div>\n                        <div class=\"presencia-card\">\n                <h3>Alpalh\u00e3o<\/h3>\n                <p>\n                    Rua do Arrabalde, 11<br \/>\n                    6050-013 <br \/>\n                    Alpalh\u00e3o (Nisa) \n                    (Alpalh\u00e3o)<br \/>\n                    <a href=\"tel:(351) 245 742 224\" target=\"_blank\">(351) 245 742 224<\/a>\n                <\/p>\n            <\/div>\n                        <div class=\"presencia-card\">\n                <h3>Elvas<\/h3>\n                <p>\n                    Avda. Col\u00e9gio-Luso Brit\u00e1nico. Bairro de Santa Luzia,15<br \/>\n                    7350-095 <br \/>\n                     \n                    (Elvas)<br \/>\n                    <a href=\"tel:(351) 268 636 230\" target=\"_blank\">(351) 268 636 230<\/a>\n                <\/p>\n            <\/div>\n                        <div class=\"presencia-card\">\n                <h3>\u00c1vila &#8211; Casa de Espiritualidad<\/h3>\n                <p>\n                    Ctra. de Burgohondo, 25<br \/>\n                    05002 <br \/>\n                     \n                    (\u00c1vila)<br \/>\n                    <a href=\"tel:(34) 920 212 570\" target=\"_blank\">(34) 920 212 570<\/a>\n                <\/p>\n            <\/div>\n                        <div class=\"presencia-card\">\n                <h3>\u00c1vila  &#8211; Residencia<\/h3>\n                <p>\n                    Ctra. de Burgohondo, 25<br \/>\n                    05002 <br \/>\n                     \n                    (\u00c1vila)<br \/>\n                    <a href=\"tel:(34) 920 253 479\" target=\"_blank\">(34) 920 253 479<\/a>\n                <\/p>\n            <\/div>\n                        <div class=\"presencia-card\">\n                <h3>Barcelona Ganduxer- Casa Madre<\/h3>\n                <p>\n                    Ganduxer, 85<br \/>\n                    08022 <br \/>\n                     \n                    (Barcelona)<br \/>\n                    <a href=\"tel:(34) 934 178 178\" target=\"_blank\">(34) 934 178 178<\/a>\n                <\/p>\n            <\/div>\n                        <div class=\"presencia-card\">\n                <h3>Barcelona &#8211; N\u00e0pols<\/h3>\n                <p>\n                    N\u00e0pols, 351<br \/>\n                    08025 <br \/>\n                     \n                    (Barcelona)<br \/>\n                    <a href=\"tel:(34) 934 763 755\" target=\"_blank\">(34) 934 763 755<\/a>\n                <\/p>\n            <\/div>\n                        <div class=\"presencia-card\">\n                <h3>Barcelona &#8211; Zona Franca<\/h3>\n                <p>\n                    Ctra. Prat de Llobregat, 34, 6\u00ba, 1\u00aa<br \/>\n                    08038 <br \/>\n                     \n                    (Barcelona)<br \/>\n                    <a href=\"tel:(34) 934 216 199\" target=\"_blank\">(34) 934 216 199<\/a>\n                <\/p>\n            <\/div>\n                        <div class=\"presencia-card\">\n                <h3>Calahorra<\/h3>\n                <p>\n                    C\/ Padre Lucas, 3, 1\u00ba A y B<br \/>\n                    26500 <br \/>\n                     \n                    (La Rioja)<br \/>\n                    <a href=\"tel:(34) 941 146 050\" target=\"_blank\">(34) 941 146 050<\/a>\n                <\/p>\n            <\/div>\n                        <div class=\"presencia-card\">\n                <h3>Ciudad Rodrigo<\/h3>\n                <p>\n                    C\/ Diez Taravilla 15, <br \/>\n                    37500 <br \/>\n                    Ciudad Rodrigo \n                    (Salamanca)<br \/>\n                    <a href=\"tel:(34) 923 \" target=\"_blank\">(34) 923 <\/a>\n                <\/p>\n            <\/div>\n                        <div class=\"presencia-card\">\n                <h3>Huelva &#8211; P\u00e9rez Cubillas<\/h3>\n                <p>\n                    R\u00edo Tajo, 4, 2\u00ba dcha.<br \/>\n                    21007 <br \/>\n                     \n                    (Huelva)<br \/>\n                    <a href=\"tel:(34) 959 491 532\" target=\"_blank\">(34) 959 491 532<\/a>\n                <\/p>\n            <\/div>\n                        <div class=\"presencia-card\">\n                <h3>Huelva &#8211; Residencia<\/h3>\n                <p>\n                    Avda. Guatemala, 1<br \/>\n                    21003 <br \/>\n                     \n                    (Huelva)<br \/>\n                    <a href=\"tel:(34) 959 271 999\" target=\"_blank\">(34) 959 271 999<\/a>\n                <\/p>\n            <\/div>\n                        <div class=\"presencia-card\">\n                <h3>Jes\u00fas Tortosa &#8211; Residencia<\/h3>\n                <p>\n                    Avda. Santa Teresa, 16<br \/>\n                    43590 <br \/>\n                    Tortosa \n                    (Tarragona)<br \/>\n                    <a href=\"tel:(34) 977 503 943\" target=\"_blank\">(34) 977 503 943<\/a>\n                <\/p>\n            <\/div>\n                        <div class=\"presencia-card\">\n                <h3>L\u00b4Hospitalet &#8211; Bellvitge<\/h3>\n                <p>\n                    Avda. Europa, 10, 11\u00ba, 3\u00aa<br \/>\n                    08907 <br \/>\n                    Hospitalet De Llobregat \n                    (Barcelona)<br \/>\n                    <a href=\"tel:(34) 931 191 268\" target=\"_blank\">(34) 931 191 268<\/a>\n                <\/p>\n            <\/div>\n                        <div class=\"presencia-card\">\n                <h3>Las Palmas &#8211; Obispo Encina<\/h3>\n                <p>\n                    C\/ Obispo Encina, 6-8, 1\u00ba A<br \/>\n                    35004 <br \/>\n                     \n                    (Las Palmas de Gran Canaria)<br \/>\n                    <a href=\"tel:(34) 828 026 997\" target=\"_blank\">(34) 828 026 997<\/a>\n                <\/p>\n            <\/div>\n                        <div class=\"presencia-card\">\n                <h3>Madrid &#8211; Aligustre<\/h3>\n                <p>\n                    C\/ Aligustre, 45. Portal C Bajo F-G<br \/>\n                    28039 <br \/>\n                     \n                    (Madrid)<br \/>\n                    <a href=\"tel:(34) 918 277 001\" target=\"_blank\">(34) 918 277 001<\/a>\n                <\/p>\n            <\/div>\n                        <div class=\"presencia-card\">\n                <h3>Madrid &#8211; Bat\u00e1n<\/h3>\n                <p>\n                    C\/ Villagarc\u00eda 1, 3\u00ba B<br \/>\n                    28011 <br \/>\n                     \n                    (Madrid)<br \/>\n                    <a href=\"tel:(34) 914 639 551\" target=\"_blank\">(34) 914 639 551<\/a>\n                <\/p>\n            <\/div>\n                        <div class=\"presencia-card\">\n                <h3>Madrid &#8211; Carabanchel Alto<\/h3>\n                <p>\n                    Joaqu\u00edn Turina, 22, Portal 1, 1\u00ba A y D<br \/>\n                    28044 <br \/>\n                     \n                    (Madrid)<br \/>\n                    <a href=\"tel:\" target=\"_blank\"><\/a>\n                <\/p>\n            <\/div>\n                        <div class=\"presencia-card\">\n                <h3>Madrid &#8211; Casa Provincial &#8211; Residencia<\/h3>\n                <p>\n                    C\/ Federico Grases, 21<br \/>\n                    28025 <br \/>\n                     \n                    (Madrid)<br \/>\n                    <a href=\"tel:(34) 914 623 800\" target=\"_blank\">(34) 914 623 800<\/a>\n                <\/p>\n            <\/div>\n                        <div class=\"presencia-card\">\n                <h3>Madrid &#8211; Miosotis<\/h3>\n                <p>\n                    C\/ Miosotis, 9<br \/>\n                    28039 <br \/>\n                     \n                    (Madrid)<br \/>\n                    <a href=\"tel:(34) 915 700 490\" target=\"_blank\">(34) 915 700 490<\/a>\n                <\/p>\n            <\/div>\n                        <div class=\"presencia-card\">\n                <h3>Madrid &#8211; San Crist\u00f3bal<\/h3>\n                <p>\n                    Plaza de los Pinazo, 16 - 9\u00ba Izq.<br \/>\n                    28021 <br \/>\n                     \n                    (Madrid)<br \/>\n                    <a href=\"tel:(34) 917 985 571\" target=\"_blank\">(34) 917 985 571<\/a>\n                <\/p>\n            <\/div>\n                        <div class=\"presencia-card\">\n                <h3>Mora<\/h3>\n                <p>\n                    C\/ Maria Mart\u00edn - Maestro, 13<br \/>\n                    45400 <br \/>\n                    Mora \n                    (Toledo)<br \/>\n                    <a href=\"tel:(34) 925 113 038\" target=\"_blank\">(34) 925 113 038<\/a>\n                <\/p>\n            <\/div>\n                        <div class=\"presencia-card\">\n                <h3>Oviedo  &#8211; Residencia<\/h3>\n                <p>\n                    Enrique de Oss\u00f3, 12 El Naranco<br \/>\n                    33012 <br \/>\n                     \n                    (Asturias)<br \/>\n                    <a href=\"tel:(34) 985 296 150\" target=\"_blank\">(34) 985 296 150<\/a>\n                <\/p>\n            <\/div>\n                        <div class=\"presencia-card\">\n                <h3>Pamplona &#8211; Echavacoiz<\/h3>\n                <p>\n                    Grupo Urd\u00e1noz, 2, 6\u00ba B<br \/>\n                    31009 <br \/>\n                     \n                    (Pamplona)<br \/>\n                    <a href=\"tel:(34) 948 273 058\" target=\"_blank\">(34) 948 273 058<\/a>\n                <\/p>\n            <\/div>\n                        <div class=\"presencia-card\">\n                <h3>Pamplona &#8211; Ermitaga\u00f1a<\/h3>\n                <p>\n                    Francisco Ales\u00f3n, 1<br \/>\n                    31008 <br \/>\n                     \n                    (Pamplona)<br \/>\n                    <a href=\"tel:(34) 948 252 950\" target=\"_blank\">(34) 948 252 950<\/a>\n                <\/p>\n            <\/div>\n                        <div class=\"presencia-card\">\n                <h3>Salamanca<\/h3>\n                <p>\n                    Avda. Raimundo de Borgo\u00f1a, 41-57<br \/>\n                    37005 <br \/>\n                     \n                    (Salamanca)<br \/>\n                    <a href=\"tel:(34) 923 205 338\" target=\"_blank\">(34) 923 205 338<\/a>\n                <\/p>\n            <\/div>\n                        <div class=\"presencia-card\">\n                <h3>Salamanca  &#8211; Residencia<\/h3>\n                <p>\n                    Avda. de Salamanca, 126<br \/>\n                    37006 <br \/>\n                     \n                    (Salamanca)<br \/>\n                    <a href=\"tel:(34) 923 225 661\" target=\"_blank\">(34) 923 225 661<\/a>\n                <\/p>\n            <\/div>\n            <\/div>    <\/div>\n\n    <script>\n    jQuery(document).ready(function($) {\n        \/\/ Colores para las cards\n        var colores = ['#FFCC33', '#D90492', '#FF720D', '#2C559E', '#E847F8'];\n\n        \/\/ Funci\u00f3n para asignar un color aleatorio pero asegurarse de que no sea igual al anterior\n        function asignarColores() {\n            var color_anterior = ''; \/\/ Almacena el color de la card anterior\n\n            $('.presencia-card').each(function() {\n                var color_aleatorio = colores[Math.floor(Math.random() * colores.length)];\n\n                \/\/ Asegurarse de que el color no sea el mismo que el anterior\n                while (color_aleatorio === color_anterior) {\n                    color_aleatorio = colores[Math.floor(Math.random() * colores.length)];\n                }\n\n                \/\/ Asignar el color y actualizar el color anterior\n                $(this).css('background-color', color_aleatorio);\n                color_anterior = color_aleatorio;\n            });\n        }\n\n        \/\/ Asigna los colores aleatorios al cargar la p\u00e1gina\n        asignarColores();\n\n        \/\/ Funci\u00f3n para realizar la llamada AJAX y filtrar los resultados\n        function filtrarPresencias() {\n            var pais = $('#filtro-pais').val();\n            var autonomia = $('#filtro-autonomia').val();\n            var tipo_presencia = $('#filtro-tipo-presencia').val();\n\n            $.ajax({\n                url: 'https:\/\/teresianaseuropa.org\/wp-admin\/admin-ajax.php',\n                type: 'POST',\n                data: {\n                    action: 'filtrar_presencias',\n                    pais: pais,\n                    autonomia: autonomia,\n                    tipo_presencia: tipo_presencia,\n                },\n                success: function(response) {\n                    $('#presencias-lista').html(response);\n\n                    \/\/ Volver a aplicar los colores despu\u00e9s de la actualizaci\u00f3n AJAX\n                    asignarColores(); \/\/ Asegurarse de que los nuevos elementos reciban colores\n                },\n                error: function() {\n                    console.log('Error en la solicitud AJAX.');\n                }\n            });\n        }\n\n        \/\/ Ejecutar la funci\u00f3n cuando cambia la selecci\u00f3n de un filtro\n        $('#filtro-pais, #filtro-autonomia, #filtro-tipo-presencia').on('change', function() {\n            filtrarPresencias(); \/\/ Llama a la funci\u00f3n de filtrado inmediatamente\n        });\n    });\n    <\/script>\n\n    [\/et_pb_code][\/et_pb_column][\/et_pb_row][\/et_pb_section][et_pb_section fb_built=&#8221;1&#8243; admin_label=&#8221;About&#8221; _builder_version=&#8221;4.26.0&#8243; _module_preset=&#8221;default&#8221; background_color=&#8221;#9AE6FE&#8221; overflow-x=&#8221;hidden&#8221; overflow-y=&#8221;hidden&#8221; custom_padding=&#8221;6vw||||false|false&#8221; top_divider_color=&#8221;#9AE6FE&#8221; top_divider_height=&#8221;10vw&#8221; top_divider_flip=&#8221;horizontal&#8221; global_colors_info=&#8221;{%22gcid-0ce8a763-63f9-4b73-a0c5-972528f981a1%22:%91%93}&#8221;][\/et_pb_section][et_pb_section fb_built=&#8221;1&#8243; admin_label=&#8221;Testimonials&#8221; _builder_version=&#8221;4.26.0&#8243; _module_preset=&#8221;default&#8221; background_color=&#8221;#FFCC33&#8243; background_image=&#8221;https:\/\/teresianaseuropa.org\/wp-content\/uploads\/2024\/09\/Martina-con-la-cruz03.png&#8221; background_size=&#8221;initial&#8221; background_position=&#8221;top_left&#8221; min_height=&#8221;534.9px&#8221; custom_padding=&#8221;||5px|||&#8221; global_colors_info=&#8221;{}&#8221;][et_pb_row column_structure=&#8221;1_3,2_3&#8243; _builder_version=&#8221;4.26.0&#8243; _module_preset=&#8221;default&#8221; width=&#8221;100%&#8221; max_width=&#8221;1000px&#8221; global_colors_info=&#8221;{}&#8221; custom_margin__hover_enabled=&#8221;on|desktop&#8221;][et_pb_column type=&#8221;1_3&#8243; _builder_version=&#8221;4.26.0&#8243; _module_preset=&#8221;default&#8221; global_colors_info=&#8221;{}&#8221;][et_pb_text content_tablet=&#8221;<\/p>\n<h2 style=%22text-align: right;%22>per promoure els interessos de Jes\u00fas<\/h2>\n<p>&#8221; content_phone=&#8221;<\/p>\n<h2 style=%22text-align: center;%22>per promoure<br \/>els interessos de Jes\u00fas<\/h2>\n<p>&#8221; content_last_edited=&#8221;on|phone&#8221; _builder_version=&#8221;4.26.0&#8243; _module_preset=&#8221;90865f4d-2cce-42a7-b40e-d3fbad25605a&#8221; header_text_color=&#8221;#FFFFFF&#8221; header_2_font=&#8221;DM Serif Display||||||||&#8221; header_2_text_color=&#8221;#FFFFFF&#8221; header_2_font_size=&#8221;48px&#8221; header_2_line_height=&#8221;1.2em&#8221; text_orientation=&#8221;center&#8221; custom_margin=&#8221;50%||65px||false|false&#8221; header_2_font_size_tablet=&#8221;32px&#8221; header_2_font_size_phone=&#8221;34px&#8221; header_2_font_size_last_edited=&#8221;on|phone&#8221; locked=&#8221;off&#8221; global_colors_info=&#8221;{}&#8221;]<\/p>\n<h2 style=\"text-align: right;\">per promoure els interessos de Jes\u00fas<\/h2>\n<p>[\/et_pb_text][\/et_pb_column][et_pb_column type=&#8221;2_3&#8243; _builder_version=&#8221;4.26.0&#8243; _module_preset=&#8221;default&#8221; global_colors_info=&#8221;{}&#8221;][et_pb_slider show_arrows=&#8221;off&#8221; dot_nav_custom_color=&#8221;#000000&#8243; _builder_version=&#8221;4.26.0&#8243; _module_preset=&#8221;default&#8221; header_level=&#8221;h1&#8243; header_font=&#8221;Josefin Sans|500|||||||&#8221; header_text_color=&#8221;#000000&#8243; header_font_size=&#8221;18px&#8221; header_line_height=&#8221;1.8em&#8221; body_font=&#8221;Josefin Sans||||||||&#8221; body_text_color=&#8221;#000000&#8243; body_font_size=&#8221;16px&#8221; body_line_height=&#8221;1.8em&#8221; background_color=&#8221;#FFFFFF&#8221; custom_padding=&#8221;||91px|||&#8221; header_font_size_tablet=&#8221;16px&#8221; header_font_size_phone=&#8221;14px&#8221; header_font_size_last_edited=&#8221;on|tablet&#8221; body_font_size_tablet=&#8221;15px&#8221; body_font_size_phone=&#8221;14px&#8221; body_font_size_last_edited=&#8221;on|desktop&#8221; header_text_shadow_style=&#8221;preset4&#8243; header_text_shadow_vertical_length=&#8221;0em&#8221; header_text_shadow_color=&#8221;RGBA(0,0,0,0)&#8221; body_text_shadow_style=&#8221;preset4&#8243; body_text_shadow_vertical_length=&#8221;0em&#8221; box_shadow_style=&#8221;preset2&#8243; box_shadow_horizontal=&#8221;0px&#8221; box_shadow_vertical=&#8221;15px&#8221; box_shadow_blur=&#8221;60px&#8221; box_shadow_color=&#8221;rgba(0,0,0,0.1)&#8221; global_colors_info=&#8221;{}&#8221;][et_pb_slide heading=&#8221;Horitz\u00f3 capitular&#8221; _builder_version=&#8221;4.26.0&#8243; _module_preset=&#8221;default&#8221; header_level=&#8221;h3&#8243; header_font=&#8221;&#8211;et_global_body_font|600|||||||&#8221; header_text_color=&#8221;#FF720D&#8221; header_font_size=&#8221;25px&#8221; body_font=&#8221;&#8211;et_global_body_font||||||||&#8221; text_orientation=&#8221;left&#8221; hover_transition_duration=&#8221;0ms&#8221; header_font_size_tablet=&#8221;25px&#8221; header_font_size_phone=&#8221;20px&#8221; header_font_size_last_edited=&#8221;on|phone&#8221; global_colors_info=&#8221;{}&#8221; sticky_transition=&#8221;on&#8221;]<\/p>\n<p style=\"text-align: left;\"><span style=\"font-weight: 400;\">Com a<\/span> <b>part de la creaci\u00f3<\/b> <span style=\"font-weight: 400;\">i de la comunitat humana, vulnerable i en cont\u00ednua mobilitat, ens reconeixem<\/span> <b>companyes de cam\u00ed i germanes<\/b> <span style=\"font-weight: 400;\">de tots\/es. En aquest caminar, a la  <\/span><b>escolta de la realitat i la Paraula<\/b> <span style=\"font-weight: 400;\">, i animades per l&#8217;<\/span> <b>espiritualitat teresiana<\/b> <span style=\"font-weight: 400;\">que encoratja en nosaltres una<\/span> <b>esperan\u00e7a activa<\/b> <span style=\"font-weight: 400;\">, ens comprometem a:<\/span><span style=\"font-weight: 400;\"><\/span><\/p>\n<p><span style=\"font-weight: 400;\">\u2192<\/span> <span style=\"font-weight: 400;\">Cr\u00e9ixer en la<\/span> <b>nova consci\u00e8ncia<\/b> <span style=\"font-weight: 400;\">de la nostra identitat comunit\u00e0ria, aprenent a viure en<\/span> <b>interculturalitat<\/b> <span style=\"font-weight: 400;\">i promovent una<\/span> <b>manera sinodal<\/b> <span style=\"font-weight: 400;\">en les relacions, la missi\u00f3, el discerniment, els lideratges i les estructures.<\/span><\/p>\n<p style=\"text-align: left;\"><span style=\"font-weight: 400;\">\u2192 <b>Col\u00b7laborar<\/b> , amb altres, en la <b>recerca del b\u00e9 com\u00fa<\/b> i en la <b>construcci\u00f3 d&#8217;una ciutadania global<\/b> com a alternativa a un m\u00f3n ferit per la injust\u00edcia, l&#8217;individualisme i la polaritzaci\u00f3, que ens crida a <b>cuidar la vida<\/b> amena\u00e7ada, especialment a les persones excloses, despla\u00e7ades i migrants. <\/span><\/p>\n<p style=\"text-align: left;\"><span style=\"font-weight: 400;\"><\/span><\/p>\n<p style=\"text-align: left;\"><span style=\"font-weight: 400;\"><\/span><\/p>\n<p>[\/et_pb_slide][\/et_pb_slider][\/et_pb_column][\/et_pb_row][\/et_pb_section][et_pb_section fb_built=&#8221;1&#8243; admin_label=&#8221;CTA&#8221; _builder_version=&#8221;4.26.0&#8243; _module_preset=&#8221;default&#8221; background_color=&#8221;#9AE6FE&#8221; background_image=&#8221;https:\/\/teresianaseuropa.org\/wp-content\/uploads\/2024\/10\/EGA-hnas.jpeg&#8221; background_size=&#8221;contain&#8221; background_position=&#8221;center_right&#8221; background_horizontal_offset=&#8221;0%&#8221; height=&#8221;700px&#8221; background_last_edited=&#8221;on|phone&#8221; background_enable_image_phone=&#8221;off&#8221; background_size_phone=&#8221;contain&#8221; background_position_phone=&#8221;bottom_left&#8221; background_vertical_offset_phone=&#8221;0%&#8221; global_colors_info=&#8221;{}&#8221;][et_pb_row column_structure=&#8221;1_2,1_2&#8243; _builder_version=&#8221;4.26.0&#8243; _module_preset=&#8221;default&#8221; global_colors_info=&#8221;{}&#8221;][et_pb_column type=&#8221;1_2&#8243; _builder_version=&#8221;4.26.0&#8243; _module_preset=&#8221;default&#8221; global_colors_info=&#8221;{}&#8221;][et_pb_text _builder_version=&#8221;4.26.0&#8243; _module_preset=&#8221;90865f4d-2cce-42a7-b40e-d3fbad25605a&#8221; header_2_font=&#8221;DM Serif Display||||||||&#8221; header_2_text_color=&#8221;#000000&#8243; header_2_font_size=&#8221;48px&#8221; header_2_line_height=&#8221;1.2em&#8221; custom_margin=&#8221;||10px||false|false&#8221; header_2_font_size_tablet=&#8221;32px&#8221; header_2_font_size_phone=&#8221;25px&#8221; header_2_font_size_last_edited=&#8221;on|phone&#8221; global_colors_info=&#8221;{}&#8221;]<\/p>\n<h2>Organitzem-nos!<\/h2>\n<p>[\/et_pb_text][et_pb_blurb use_icon=&#8221;on&#8221; font_icon=&#8221;&#x24;||divi||400&#8243; icon_color=&#8221;#000000&#8243; icon_placement=&#8221;left&#8221; image_icon_width=&#8221;24px&#8221; content_max_width=&#8221;100%&#8221; admin_label=&#8221;Anuncio&#8221; _builder_version=&#8221;4.26.0&#8243; _module_preset=&#8221;default&#8221; header_font=&#8221;Josefin Sans||||||||&#8221; header_font_size=&#8221;16px&#8221; header_line_height=&#8221;1.8em&#8221; custom_margin=&#8221;||0px||false|false&#8221; header_font_size_tablet=&#8221;15px&#8221; header_font_size_phone=&#8221;14px&#8221; header_font_size_last_edited=&#8221;on|tablet&#8221; icon_font_size=&#8221;24px&#8221; global_colors_info=&#8221;{}&#8221;]<\/p>\n<p class=\"p1\">Les nostres estructures i equips animen i acompanyen la missi\u00f3 de la prov\u00edncia, afavoreixen la cura de la vida i s\u00f3n llera de participaci\u00f3 i discerniment.<\/p>\n<p class=\"p1\">Els diferents equips busquen respondre i dinamitzar les diverses realitats provincials i respondre a les necessitats de la vida i missi\u00f3 que compartim amb moltes altres persones companyes de cam\u00ed.<\/p>\n<p class=\"p2\">Ens organitzem a:<\/p>\n<p class=\"p2\">\n<p>[\/et_pb_blurb][et_pb_text _builder_version=&#8221;4.26.0&#8243; _module_preset=&#8221;default&#8221; text_text_color=&#8221;#2C559E&#8221; text_font_size=&#8221;18px&#8221; global_colors_info=&#8221;{}&#8221;]<\/p>\n<p class=\"p1\" style=\"text-align: right;\"><strong>Equip de govern provincial<\/strong><\/p>\n<p class=\"p1\" style=\"text-align: right;\"><strong>Equip de govern ampliat<\/strong><\/p>\n<p class=\"p1\" style=\"text-align: right;\"><strong>Equip d\u00b4animaci\u00f3 apost\u00f2lica<\/strong><\/p>\n<p class=\"p1\" style=\"text-align: right;\"><strong>Equip de formaci\u00f3<\/strong><\/p>\n<p class=\"p1\" style=\"text-align: right;\"><strong>Equip de resid\u00e8ncies<\/strong><\/p>\n<p class=\"p1\" style=\"text-align: right;\"><strong>Equip de comunicaci\u00f3<\/strong><\/p>\n<p class=\"p1\" style=\"text-align: right;\"><strong>Equip d&#8217;administraci\u00f3<\/strong><\/p>\n<p>[\/et_pb_text][\/et_pb_column][et_pb_column type=&#8221;1_2&#8243; _builder_version=&#8221;4.26.0&#8243; _module_preset=&#8221;default&#8221; global_colors_info=&#8221;{}&#8221;][\/et_pb_column][\/et_pb_row][\/et_pb_section]<\/p>\n","protected":false},"excerpt":{"rendered":"<p>[et_pb_section fb_built=&#8221;1&#8243; admin_label=&#8221;Header&#8221; _builder_version=&#8221;4.26.0&#8243; _module_preset=&#8221;default&#8221; background_color=&#8221;#2C559E&#8221; background_image=&#8221;https:\/\/teresianaseuropa.org\/wp-content\/uploads\/2024\/07\/AdobeStock_228690296-scaled.jpeg&#8221; background_position=&#8221;top_left&#8221; background_blend=&#8221;multiply&#8221; custom_padding=&#8221;||||false|false&#8221; bottom_divider_color=&#8221;#FFFFFF&#8221; bottom_divider_height=&#8221;10vw&#8221; global_colors_info=&#8221;{%22gcid-af512a5f-530a-4e80-bfc4-3632d9174c8b%22:%91%93,%22gcid-b593ef39-6aba-4318-8d2d-133b31113704%22:%91%93}&#8221;][et_pb_row column_structure=&#8221;1_2,1_2&#8243; admin_label=&#8221;Fila&#8221; _builder_version=&#8221;4.26.0&#8243; _module_preset=&#8221;default&#8221; custom_margin_tablet=&#8221;&#8221; custom_margin_phone=&#8221;50px||||false|false&#8221; custom_margin_last_edited=&#8221;on|phone&#8221; global_colors_info=&#8221;{}&#8221;][et_pb_column type=&#8221;1_2&#8243; admin_label=&#8221;Columna&#8221; _builder_version=&#8221;4.16&#8243; _module_preset=&#8221;default&#8221; custom_padding=&#8221;10%||8vw||false|false&#8221; custom_padding_tablet=&#8221;0vw||0vw||true|false&#8221; custom_padding_phone=&#8221;&#8221; custom_padding_last_edited=&#8221;on|tablet&#8221; global_colors_info=&#8221;{}&#8221;][et_pb_divider [&hellip;]<\/p>\n","protected":false},"author":1,"featured_media":0,"parent":0,"menu_order":0,"comment_status":"closed","ping_status":"closed","template":"","meta":{"_et_pb_use_builder":"on","_et_pb_old_content":"","_et_gb_content_width":"","footnotes":""},"class_list":["post-1651","page","type-page","status-publish","hentry"],"yoast_head":"<!-- This site is optimized with the Yoast SEO plugin v27.5 - https:\/\/yoast.com\/product\/yoast-seo-wordpress\/ -->\n<title>Nosaltres - Teresianas<\/title>\n<meta name=\"robots\" content=\"index, follow, max-snippet:-1, max-image-preview:large, max-video-preview:-1\" \/>\n<link rel=\"canonical\" href=\"https:\/\/teresianaseuropa.org\/ca\/nosaltres\/\" \/>\n<meta property=\"og:locale\" content=\"ca_ES\" \/>\n<meta property=\"og:type\" content=\"article\" \/>\n<meta property=\"og:title\" content=\"Nosaltres - Teresianas\" \/>\n<meta property=\"og:description\" content=\"[et_pb_section fb_built=&#8221;1&#8243; admin_label=&#8221;Header&#8221; _builder_version=&#8221;4.26.0&#8243; _module_preset=&#8221;default&#8221; background_color=&#8221;#2C559E&#8221; background_image=&#8221;https:\/\/teresianaseuropa.org\/wp-content\/uploads\/2024\/07\/AdobeStock_228690296-scaled.jpeg&#8221; background_position=&#8221;top_left&#8221; background_blend=&#8221;multiply&#8221; custom_padding=&#8221;||||false|false&#8221; bottom_divider_color=&#8221;#FFFFFF&#8221; bottom_divider_height=&#8221;10vw&#8221; global_colors_info=&#8221;{%22gcid-af512a5f-530a-4e80-bfc4-3632d9174c8b%22:%91%93,%22gcid-b593ef39-6aba-4318-8d2d-133b31113704%22:%91%93}&#8221;][et_pb_row column_structure=&#8221;1_2,1_2&#8243; admin_label=&#8221;Fila&#8221; _builder_version=&#8221;4.26.0&#8243; _module_preset=&#8221;default&#8221; custom_margin_tablet=&#8221;&#8221; custom_margin_phone=&#8221;50px||||false|false&#8221; custom_margin_last_edited=&#8221;on|phone&#8221; global_colors_info=&#8221;{}&#8221;][et_pb_column type=&#8221;1_2&#8243; admin_label=&#8221;Columna&#8221; _builder_version=&#8221;4.16&#8243; _module_preset=&#8221;default&#8221; custom_padding=&#8221;10%||8vw||false|false&#8221; custom_padding_tablet=&#8221;0vw||0vw||true|false&#8221; custom_padding_phone=&#8221;&#8221; custom_padding_last_edited=&#8221;on|tablet&#8221; global_colors_info=&#8221;{}&#8221;][et_pb_divider [&hellip;]\" \/>\n<meta property=\"og:url\" content=\"https:\/\/teresianaseuropa.org\/ca\/nosaltres\/\" \/>\n<meta property=\"og:site_name\" content=\"Teresianas\" \/>\n<meta property=\"article:modified_time\" content=\"2025-01-23T06:40:49+00:00\" \/>\n<meta name=\"twitter:card\" content=\"summary_large_image\" \/>\n<meta name=\"twitter:label1\" content=\"Temps estimat de lectura\" \/>\n\t<meta name=\"twitter:data1\" content=\"35 minuts\" \/>\n<script type=\"application\/ld+json\" class=\"yoast-schema-graph\">{\"@context\":\"https:\\\/\\\/schema.org\",\"@graph\":[{\"@type\":\"WebPage\",\"@id\":\"https:\\\/\\\/teresianaseuropa.org\\\/ca\\\/nosaltres\\\/\",\"url\":\"https:\\\/\\\/teresianaseuropa.org\\\/ca\\\/nosaltres\\\/\",\"name\":\"Nosaltres - Teresianas\",\"isPartOf\":{\"@id\":\"https:\\\/\\\/teresianaseuropa.org\\\/ca\\\/#website\"},\"datePublished\":\"2024-07-09T10:08:53+00:00\",\"dateModified\":\"2025-01-23T06:40:49+00:00\",\"breadcrumb\":{\"@id\":\"https:\\\/\\\/teresianaseuropa.org\\\/ca\\\/nosaltres\\\/#breadcrumb\"},\"inLanguage\":\"ca\",\"potentialAction\":[{\"@type\":\"ReadAction\",\"target\":[\"https:\\\/\\\/teresianaseuropa.org\\\/ca\\\/nosaltres\\\/\"]}]},{\"@type\":\"BreadcrumbList\",\"@id\":\"https:\\\/\\\/teresianaseuropa.org\\\/ca\\\/nosaltres\\\/#breadcrumb\",\"itemListElement\":[{\"@type\":\"ListItem\",\"position\":1,\"name\":\"Portada\",\"item\":\"https:\\\/\\\/teresianaseuropa.org\\\/ca\\\/teresianes\\\/\"},{\"@type\":\"ListItem\",\"position\":2,\"name\":\"Nosaltres\"}]},{\"@type\":\"WebSite\",\"@id\":\"https:\\\/\\\/teresianaseuropa.org\\\/ca\\\/#website\",\"url\":\"https:\\\/\\\/teresianaseuropa.org\\\/ca\\\/\",\"name\":\"Teresianas Europa\",\"description\":\"\",\"publisher\":{\"@id\":\"https:\\\/\\\/teresianaseuropa.org\\\/ca\\\/#organization\"},\"potentialAction\":[{\"@type\":\"SearchAction\",\"target\":{\"@type\":\"EntryPoint\",\"urlTemplate\":\"https:\\\/\\\/teresianaseuropa.org\\\/ca\\\/?s={search_term_string}\"},\"query-input\":{\"@type\":\"PropertyValueSpecification\",\"valueRequired\":true,\"valueName\":\"search_term_string\"}}],\"inLanguage\":\"ca\"},{\"@type\":\"Organization\",\"@id\":\"https:\\\/\\\/teresianaseuropa.org\\\/ca\\\/#organization\",\"name\":\"Teresianas Provincia de Europa\",\"url\":\"https:\\\/\\\/teresianaseuropa.org\\\/ca\\\/\",\"logo\":{\"@type\":\"ImageObject\",\"inLanguage\":\"ca\",\"@id\":\"https:\\\/\\\/teresianaseuropa.org\\\/ca\\\/#\\\/schema\\\/logo\\\/image\\\/\",\"url\":\"https:\\\/\\\/teresianaseuropa.org\\\/wp-content\\\/uploads\\\/2024\\\/07\\\/stjLogo.png\",\"contentUrl\":\"https:\\\/\\\/teresianaseuropa.org\\\/wp-content\\\/uploads\\\/2024\\\/07\\\/stjLogo.png\",\"width\":376,\"height\":194,\"caption\":\"Teresianas Provincia de Europa\"},\"image\":{\"@id\":\"https:\\\/\\\/teresianaseuropa.org\\\/ca\\\/#\\\/schema\\\/logo\\\/image\\\/\"},\"sameAs\":[\"https:\\\/\\\/www.instagram.com\\\/teresianaseuropa\\\/\"]}]}<\/script>\n<!-- \/ Yoast SEO plugin. -->","yoast_head_json":{"title":"Nosaltres - Teresianas","robots":{"index":"index","follow":"follow","max-snippet":"max-snippet:-1","max-image-preview":"max-image-preview:large","max-video-preview":"max-video-preview:-1"},"canonical":"https:\/\/teresianaseuropa.org\/ca\/nosaltres\/","og_locale":"ca_ES","og_type":"article","og_title":"Nosaltres - Teresianas","og_description":"[et_pb_section fb_built=&#8221;1&#8243; admin_label=&#8221;Header&#8221; _builder_version=&#8221;4.26.0&#8243; _module_preset=&#8221;default&#8221; background_color=&#8221;#2C559E&#8221; background_image=&#8221;https:\/\/teresianaseuropa.org\/wp-content\/uploads\/2024\/07\/AdobeStock_228690296-scaled.jpeg&#8221; background_position=&#8221;top_left&#8221; background_blend=&#8221;multiply&#8221; custom_padding=&#8221;||||false|false&#8221; bottom_divider_color=&#8221;#FFFFFF&#8221; bottom_divider_height=&#8221;10vw&#8221; global_colors_info=&#8221;{%22gcid-af512a5f-530a-4e80-bfc4-3632d9174c8b%22:%91%93,%22gcid-b593ef39-6aba-4318-8d2d-133b31113704%22:%91%93}&#8221;][et_pb_row column_structure=&#8221;1_2,1_2&#8243; admin_label=&#8221;Fila&#8221; _builder_version=&#8221;4.26.0&#8243; _module_preset=&#8221;default&#8221; custom_margin_tablet=&#8221;&#8221; custom_margin_phone=&#8221;50px||||false|false&#8221; custom_margin_last_edited=&#8221;on|phone&#8221; global_colors_info=&#8221;{}&#8221;][et_pb_column type=&#8221;1_2&#8243; admin_label=&#8221;Columna&#8221; _builder_version=&#8221;4.16&#8243; _module_preset=&#8221;default&#8221; custom_padding=&#8221;10%||8vw||false|false&#8221; custom_padding_tablet=&#8221;0vw||0vw||true|false&#8221; custom_padding_phone=&#8221;&#8221; custom_padding_last_edited=&#8221;on|tablet&#8221; global_colors_info=&#8221;{}&#8221;][et_pb_divider [&hellip;]","og_url":"https:\/\/teresianaseuropa.org\/ca\/nosaltres\/","og_site_name":"Teresianas","article_modified_time":"2025-01-23T06:40:49+00:00","twitter_card":"summary_large_image","twitter_misc":{"Temps estimat de lectura":"35 minuts"},"schema":{"@context":"https:\/\/schema.org","@graph":[{"@type":"WebPage","@id":"https:\/\/teresianaseuropa.org\/ca\/nosaltres\/","url":"https:\/\/teresianaseuropa.org\/ca\/nosaltres\/","name":"Nosaltres - Teresianas","isPartOf":{"@id":"https:\/\/teresianaseuropa.org\/ca\/#website"},"datePublished":"2024-07-09T10:08:53+00:00","dateModified":"2025-01-23T06:40:49+00:00","breadcrumb":{"@id":"https:\/\/teresianaseuropa.org\/ca\/nosaltres\/#breadcrumb"},"inLanguage":"ca","potentialAction":[{"@type":"ReadAction","target":["https:\/\/teresianaseuropa.org\/ca\/nosaltres\/"]}]},{"@type":"BreadcrumbList","@id":"https:\/\/teresianaseuropa.org\/ca\/nosaltres\/#breadcrumb","itemListElement":[{"@type":"ListItem","position":1,"name":"Portada","item":"https:\/\/teresianaseuropa.org\/ca\/teresianes\/"},{"@type":"ListItem","position":2,"name":"Nosaltres"}]},{"@type":"WebSite","@id":"https:\/\/teresianaseuropa.org\/ca\/#website","url":"https:\/\/teresianaseuropa.org\/ca\/","name":"Teresianas Europa","description":"","publisher":{"@id":"https:\/\/teresianaseuropa.org\/ca\/#organization"},"potentialAction":[{"@type":"SearchAction","target":{"@type":"EntryPoint","urlTemplate":"https:\/\/teresianaseuropa.org\/ca\/?s={search_term_string}"},"query-input":{"@type":"PropertyValueSpecification","valueRequired":true,"valueName":"search_term_string"}}],"inLanguage":"ca"},{"@type":"Organization","@id":"https:\/\/teresianaseuropa.org\/ca\/#organization","name":"Teresianas Provincia de Europa","url":"https:\/\/teresianaseuropa.org\/ca\/","logo":{"@type":"ImageObject","inLanguage":"ca","@id":"https:\/\/teresianaseuropa.org\/ca\/#\/schema\/logo\/image\/","url":"https:\/\/teresianaseuropa.org\/wp-content\/uploads\/2024\/07\/stjLogo.png","contentUrl":"https:\/\/teresianaseuropa.org\/wp-content\/uploads\/2024\/07\/stjLogo.png","width":376,"height":194,"caption":"Teresianas Provincia de Europa"},"image":{"@id":"https:\/\/teresianaseuropa.org\/ca\/#\/schema\/logo\/image\/"},"sameAs":["https:\/\/www.instagram.com\/teresianaseuropa\/"]}]}},"_links":{"self":[{"href":"https:\/\/teresianaseuropa.org\/ca\/wp-json\/wp\/v2\/pages\/1651","targetHints":{"allow":["GET"]}}],"collection":[{"href":"https:\/\/teresianaseuropa.org\/ca\/wp-json\/wp\/v2\/pages"}],"about":[{"href":"https:\/\/teresianaseuropa.org\/ca\/wp-json\/wp\/v2\/types\/page"}],"author":[{"embeddable":true,"href":"https:\/\/teresianaseuropa.org\/ca\/wp-json\/wp\/v2\/users\/1"}],"replies":[{"embeddable":true,"href":"https:\/\/teresianaseuropa.org\/ca\/wp-json\/wp\/v2\/comments?post=1651"}],"version-history":[{"count":6,"href":"https:\/\/teresianaseuropa.org\/ca\/wp-json\/wp\/v2\/pages\/1651\/revisions"}],"predecessor-version":[{"id":1838,"href":"https:\/\/teresianaseuropa.org\/ca\/wp-json\/wp\/v2\/pages\/1651\/revisions\/1838"}],"wp:attachment":[{"href":"https:\/\/teresianaseuropa.org\/ca\/wp-json\/wp\/v2\/media?parent=1651"}],"curies":[{"name":"wp","href":"https:\/\/api.w.org\/{rel}","templated":true}]}}