{"id":1846,"date":"2024-07-08T05:45:26","date_gmt":"2024-07-08T03:45:26","guid":{"rendered":"https:\/\/teresianaseuropa.org\/politica-de-privadesa\/"},"modified":"2025-01-23T14:58:18","modified_gmt":"2025-01-23T13:58:18","slug":"politica-de-privadesa","status":"publish","type":"page","link":"https:\/\/teresianaseuropa.org\/ca\/politica-de-privadesa\/","title":{"rendered":"Pol\u00edtica de Privadesa"},"content":{"rendered":"\n<h2 class=\"wp-block-heading\"><strong>1.- DRET D&#8217;INFORMACI\u00d3<\/strong><\/h2>\n\n<p>En aplicaci\u00f3 del que disposa l&#8217;article 11 de la Llei Org\u00e0nica 3\/2018, de 5 de desembre, de Protecci\u00f3 de Dades Personals i Garantia dels Drets Digitals (d&#8217;ara endavant LOPDGDD) i l&#8217;article 13 del Reglament General de Protecci\u00f3 de Dades 2016 \/679 (RGPD) a continuaci\u00f3 es descriu el tractament a qu\u00e8 <strong>Companyia de Santa Teresa de Jes\u00fas-Prov\u00edncia Teresiana d&#8217;Europa<\/strong> sotmet les dades personals.<\/p>\n\n<p><strong>1.2.- Definicions<\/strong><\/p>\n\n<p>S&#8217;ent\u00e9n per:<\/p>\n\n<p><strong>1) Dades personals:<\/strong> qualsevol informaci\u00f3 sobre una persona f\u00edsica identificada o identificable (l&#8217;interessat). Es considera persona f\u00edsica identificable qualsevol persona la identitat de la qual es pugui determinar, directament o indirectament, utilitzant un identificador, com pot ser un nom, un n\u00famero d&#8217;identificaci\u00f3, dades de localitzaci\u00f3, un identificador en l\u00ednia o un o diversos elements propis de la identitat f\u00edsica, fisiol\u00f2gica, gen\u00e8tica, ps\u00edquica, econ\u00f2mica, cultural o social daquesta persona. <\/p>\n\n<p><strong>2) Tractament:<\/strong> qualsevol operaci\u00f3 o conjunt d&#8217;operacions que es facin sobre dades personals o d&#8217;un conjunt de dades personals per procediments automatitzats o no, com ara la recollida, el registre, l&#8217;organitzaci\u00f3, l&#8217;estructuraci\u00f3, la conservaci\u00f3, l&#8217;adaptaci\u00f3, la modificaci\u00f3, l&#8217;extracci\u00f3, la consulta, la utilitzaci\u00f3, la comunicaci\u00f3 per transmissi\u00f3, difusi\u00f3 o qualsevol altra forma d&#8217;habilitaci\u00f3 d&#8217;acc\u00e9s, confrontaci\u00f3 o interconnexi\u00f3, limitaci\u00f3, supressi\u00f3 o destrucci\u00f3.<\/p>\n\n<p><strong>3) Elaboraci\u00f3 de perfils:<\/strong> qualsevol forma de tractament automatitzat de dades personals consistent a utilitzar aquestes dades per avaluar aspectes personals duna persona f\u00edsica; especialment, per analitzar o predir aspectes relatius al rendiment professional, la situaci\u00f3 econ\u00f2mica, la salut, les prefer\u00e8ncies personals, els interessos, la fiabilitat, el comportament, la ubicaci\u00f3 o els moviments daquesta persona.<\/p>\n\n<p><strong>4) Seudonimitzaci\u00f3:<\/strong> tractament de dades personals de manera que no es puguin atribuir a un interessat sense utilitzar informaci\u00f3 addicional, sempre que aquesta informaci\u00f3 estigui separada i subjecta a mesures t\u00e8cniques i organitzatives destinades a garantir que la informaci\u00f3 personal no s&#8217;atribueix a una persona f\u00edsica identificada o identificable.<\/p>\n\n<p><strong>5) Fitxer:<\/strong> \u00e9s un conjunt estructurat de dades personals accessibles seguint criteris determinats, tant si \u00e9s centralitzat, descentralitzat o repartit de manera funcional o geogr\u00e0fica.<\/p>\n\n<p><strong>6) Responsable del tractament o responsable:<\/strong> la persona f\u00edsica o jur\u00eddica, autoritat, servei o qualsevol altre organisme que, sol o juntament amb altres, decideix la finalitat del tractament.<\/p>\n\n<p><strong>7) Encarregat del tractament o encarregat:<\/strong> la persona f\u00edsica o jur\u00eddica, autoritat, servei o qualsevol altre organisme que tracti dades personals per compte del responsable del tractament.<\/p>\n\n<p><strong>8) Destinatari:<\/strong> la persona a qui es comuniquen dades personals, tant si \u00e9s un tercer com si no. No obstant aix\u00f2, les autoritats que poden rebre dades personals en el marc d&#8217;una investigaci\u00f3 concreta no s&#8217;han de considerar destinataris. <\/p>\n\n<p><strong>9) Tercer:<\/strong> persona f\u00edsica o jur\u00eddica, autoritat, servei o organisme diferent de linteressat, del responsable del tractament, de lencarregat del tractament i de les persones autoritzades per tractar les dades personals sota lautoritat directa del responsable o de lencarregat.<\/p>\n\n<p><strong>10) Consentiment de linteressat:<\/strong> qualsevol manifestaci\u00f3 de voluntat lliure, espec\u00edfica, informada i inequ\u00edvoca per la qual linteressat accepta, mitjan\u00e7ant una declaraci\u00f3 o una acci\u00f3 afirmativa clara, el tractament de dades personals que li afecten.<\/p>\n\n<p><strong>11) Autoritat de control:<\/strong> l&#8217;autoritat independent establerta per un estat membre, d&#8217;acord amb all\u00f2 que disposa l&#8217;article 51 del RGPD.<\/p>\n\n<p><strong>12) Tractament transfronterer:<\/strong><\/p>\n\n<p>a) El tractament de dades personals realitzat en el context de les activitats d&#8217;establiments a m\u00e9s d&#8217;un estat membre d&#8217;un responsable o d&#8217;un encarregat del tractament a la Uni\u00f3 Europea, si el responsable o l&#8217;encarregat est\u00e0 establert a m\u00e9s d&#8217;un estat membre , o<\/p>\n\n<p>b) El tractament de dades personals efectuat en el context de les activitats d&#8217;un \u00fanic establiment d&#8217;un responsable o d&#8217;un encarregat del tractament a la Uni\u00f3, per\u00f2 que afecta o pot afectar substancialment interessats en m\u00e9s d&#8217;un estat membre.<\/p>\n\n<p><strong>1.3.- Qui decideix sobre l&#8217;\u00fas que es far\u00e0 de les dades i dels mitjans que es faran servir per fer el tractament?<\/strong><\/p>\n\n<p>El responsable del tractament \u00e9s <strong><a>la Companyia de Santa Teresa de Jes\u00fas-Prov\u00edncia Teresiana d&#8217;Europa<\/a><\/strong><\/p>\n\n<figure class=\"wp-block-table\"><table class=\"has-fixed-layout\"><tbody><tr><td><strong>NIF:<\/strong><\/td><td>R2802447I<\/td><\/tr><tr><td><strong>Domicili:<\/strong><\/td><td>C\/ Federico Grases, 21 (28025 &#8211; Madrid)<\/td><\/tr><tr><td><strong>Tel\u00e8fon:<\/strong><\/td><td>&#8230;&#8230;&#8230;.<\/td><\/tr><tr><td><strong>Correu electr\u00f2nic:<\/strong><\/td><td><a href=\"mailto:pte_canal@stjteresianas.org\">pte_canal@stjteresianas.org<\/a><\/td><\/tr><\/tbody><\/table><\/figure>\n\n<p><strong>1.4.- \u00bf Qui vigila que s&#8217;apliquin correctament totes les normes que regulen el tractament de la informaci\u00f3 a la Companyia de Teresianes?<\/strong><\/p>\n\n<p>El Delegat de Protecci\u00f3 de Dades \u00e9s <strong>CIPDI Tractament de la informaci\u00f3 SL<\/strong> , amb domicili a Matar\u00f3, c\/Sant Agust\u00ed n. 1 1r 1a, <a href=\"mailto:dpd@cipdi.com\">dpd@cipdi.com<\/a> <\/p>\n\n<p><strong>1.5.- A quina finalitat es destinen les vostres dades? Quina \u00e9s la base jur\u00eddica daquests tractaments de dades? Quant de temps els conservarem?  <\/strong><\/p>\n\n<figure class=\"wp-block-table\"><table class=\"has-fixed-layout\"><tbody><tr><td><strong>Finalitat<\/strong><\/td><td><strong>Base jur\u00eddica<\/strong><\/td><td><strong>Conservaci\u00f3<\/strong><\/td><\/tr><tr><td>Prestaci\u00f3 dels serveis que ens sol\u00b7licita<\/td><td>Relaci\u00f3 contractual<\/td><td>10 anys<\/td><\/tr><tr><td>Enviament d&#8217;informaci\u00f3 d&#8217;activitats per correu electr\u00f2nic o postal<\/td><td>Relaci\u00f3 contractual i consentiment<\/td><td>Fins que es revoqui el consentiment<\/td><\/tr><tr><td>Sol\u00b7licitud d&#8217;informaci\u00f3<\/td><td>Consentiment<\/td><td>1 any<\/td><\/tr><tr><td>Gesti\u00f3 de donacions<\/td><td>Relaci\u00f3 contractual i obligaci\u00f3 legal.<\/td><td>10 anys<\/td><\/tr><tr><td>Gesti\u00f3 de personal laboral<\/td><td>Relaci\u00f3 contractual i obligaci\u00f3 legal.<\/td><td>5 anys<\/td><\/tr><tr><td>Gesti\u00f3 de prove\u00efdors<\/td><td>Relaci\u00f3 contractual i obligaci\u00f3 legal.<\/td><td>5 anys<\/td><\/tr><tr><td>Compliment d&#8217;obligacions legals i contractuals<\/td><td>Relaci\u00f3 contractual i obligaci\u00f3 legal.<\/td><td>5 anys<\/td><\/tr><tr><td>Gesti\u00f3 d&#8217;imatges<\/td><td>Consentiment i art. 8 LO 1\/1982<\/td><td>Fins que es revoqui el consentiment<\/td><\/tr><tr><td>Videovigil\u00e0ncia<\/td><td>Inter\u00e8s leg\u00edtim. Manteniment de seguretat <\/td><td>M\u00e0xim 30 dies des de la captaci\u00f3<\/td><\/tr><\/tbody><\/table><\/figure>\n\n<p><a><strong>1.6.- Realitzem algun tractament de les seves imatges?<\/strong><\/a><\/p>\n\n<p>La Companyia de Santa Teresa de Jes\u00fas documenta els esdeveniments de car\u00e0cter p\u00fablic que organitza amb fotografies i v\u00eddeos amb la finalitat de fer difusi\u00f3 a la seva web o en altres espais de difusi\u00f3 p\u00fablica d&#8217;informaci\u00f3 com s\u00f3n: la pr\u00f2pia web, les xarxes socials on el responsable del tractament disposi de perfil creat i en publicacions pr\u00f2pies i en premsa. Podeu obtenir m\u00e9s informaci\u00f3 sobre aquest apartat consultant el web del responsable del tractament o contactant amb el DPD. <\/p>\n\n<p><strong>1.7.- Qui podr\u00e0 accedir i con\u00e8ixer el contingut de les vostres dades?<\/strong><\/p>\n\n<p>Per donar compliment a les finalitats anteriors, poden tenir acc\u00e9s a les dades personals les persones i entitats que s&#8217;enumeren a continuaci\u00f3. L&#8217;acc\u00e9s estar\u00e0 limitat a les dades que siguin necess\u00e0ries per desenvolupar les funcions del responsable del tractament. Amb totes les entitats i persones destinat\u00e0ries s&#8217;han signat acords de confidencialitat i\/o convenis espec\u00edfics on es regula l&#8217;acc\u00e9s a la informaci\u00f3, les mesures de seguretat i l&#8217;\u00fas que es pot fer de les dades. Podeu tenir acc\u00e9s a les dades:   <\/p>\n\n<ul class=\"wp-block-list\">\n<li>El personal i els voluntaris degudament autoritzat per la direcci\u00f3 de la Companyia.<\/li>\n<\/ul>\n\n<ul class=\"wp-block-list\">\n<li>Els prove\u00efdors que calen per donar compliment als serveis que sol\u00b7liciten o per donar compliment a les obligacions legals i contractuals.<\/li>\n<\/ul>\n\n<ul class=\"wp-block-list\">\n<li>Ladministraci\u00f3 p\u00fablica en l\u00e0mbit de les seves compet\u00e8ncies.<\/li>\n<\/ul>\n\n<ul class=\"wp-block-list\">\n<li>Xarxes socials, sempre que hagi consentit pr\u00e8viament la difusi\u00f3 de les vostres dades identificatives.<\/li>\n<\/ul>\n\n<p>Podeu ampliar aquesta informaci\u00f3 consultant el Delegat de Protecci\u00f3 de Dades.<a><\/a><\/p>\n\n<p><strong>1.8.- Es fan tractaments transfronterers de dades?<\/strong><\/p>\n\n<p>El responsable del tractament utilitza els programes seg\u00fcents, que poden implicar transfer\u00e8ncia de dades fora de l&#8217;espai Schengen:<\/p>\n\n<p><a>I. Microsoft. Per a m\u00e9s informaci\u00f3 podeu clicar:   <\/a><a href=\"https:\/\/privacy.microsoft.com\/es-es\/privacystatement\">https:\/\/privacy.microsoft.com\/es-es\/privacystatement<\/a><\/p>\n\n<p>II. Google Workspace.   <a><\/a>Per a m\u00e9s informaci\u00f3 podeu clicar:<\/p>\n\n<p><a href=\"https:\/\/policies.google.com\/privacy?hl=es\">https:\/\/policies.google.com\/privacy?hl=es<\/a><\/p>\n\n<p><a href=\"https:\/\/workspace.google.com\/terms\/education_privacy.html#privacy-police-revamp-intro%5BJS1%5D\">https:\/\/workspace.google.com\/terms\/education_privacy.html#privacy-police-revamp-intro[JS1]<\/a><\/p>\n\n<p>II.- Xarxes socials que consten anunciades a la nostra web.<\/p>\n\n<p>En aquests casos, la transfer\u00e8ncia de dades es fa a pa\u00efsos considerats adequats, ja que disposa la decisi\u00f3 d&#8217;adequaci\u00f3 per la Comissi\u00f3 Europea; o b\u00e9 de conformitat amb les garanties exigides pel RGPD, com ara disposar de cl\u00e0usules tipus de protecci\u00f3 de dades aprovades per la Comissi\u00f3 Europea.<\/p>\n\n<p>Tota la informaci\u00f3 sobre els drets dels usuaris que han perm\u00e8s el tractament digitalitzat es troba als avisos legals de les webs que contenen els programaris i les aplicacions. Com que l&#8217;acc\u00e9s \u00e9s lliure, donem per reprodu\u00eft tot el contingut dels avisos. Atesa l&#8217;extensi\u00f3 dels continguts de les pol\u00edtiques publicades, en poden sol\u00b7licitar una c\u00f2pia adre\u00e7ant-se al responsable del tractament o al delegat de protecci\u00f3 de dades, a les adreces que consten a l&#8217;article 1.3 i 1.4 d&#8217;aquesta pol\u00edtica.  <\/p>\n\n<p><strong>1.9.- Quins drets tenen els interessats i els titulars de les dades?<\/strong><\/p>\n\n<p><strong>Dret dacc\u00e9s.<\/strong> <a>Est\u00e0<\/a> regulat a l&#8217;article 15 del RGPD 2016\/679 de 27 d&#8217;abril de 2016. Es tracta de sol\u00b7licitar al responsable del tractament que faciliti gratu\u00eftament tota la informaci\u00f3 de qu\u00e8 disposi sobre les pr\u00f2pies dades personals i de les comunicacions que s&#8217;hagin fet, o que s&#8217;hagi previst fer.   <\/p>\n\n<p><strong>Dret de rectificaci\u00f3.<\/strong>  Est\u00e0 regulat a l&#8217;article 16 del RGPD 2016\/679. Es tracta de demanar al responsable del tractament que canvi\u00ef el contingut de la informaci\u00f3 sobre la seva persona i sobre les dades, seguint instruccions del titular de la informaci\u00f3. <\/p>\n\n<p><strong>Dret de supressi\u00f3.<\/strong>  Est\u00e0 regulat a l&#8217;article 17 del RGPD 2016\/679. Consisteix a demanar al responsable del tractament que esborri qualsevol informaci\u00f3 sobre la persona del titular de les dades. La supressi\u00f3 implica bloquejar totes les dades i conservar-les a disposici\u00f3 de les administracions p\u00fabliques durant el termini previst perqu\u00e8 prescrigui el dret a exercir accions legals.  <\/p>\n\n<p><strong>Dret a limitar el tractament.<\/strong>  Est\u00e0 regulat a l&#8217;article 18 del RGPD 2016\/679. Es tracta de demanar al responsable del tractament que limiti el tractament de les seves dades quan es compleixi alguna de les condicions seg\u00fcents: <\/p>\n\n<p>i.- les dades personals no siguin exactes;<\/p>\n\n<p>ii.- el tractament sigui il\u00b7l\u00edcit;<\/p>\n\n<p>iii.- <a>el responsable del tractament ja no hagi de tractar les dades<\/a> ;<\/p>\n\n<p>iv.- Quan els motius per deixar de tractar les dades al\u00b7legades per l&#8217;afectat prevalguin sobre les del responsable del tractament.<\/p>\n\n<p><strong>El dret a la portabilitat de la informaci\u00f3.<\/strong> Est\u00e0 contemplat a l&#8217;article 20 del RGPD 2016\/679 <a>.<\/a> Consisteix a sol\u00b7licitar al responsable del tractament que faciliti les dades personals del titular de la informaci\u00f3 en un format estructurat, d&#8217;\u00fas com\u00fa i lectura mec\u00e0nica, per tal de transmetre&#8217;ls a un altre responsable del tractament quan el tractament es faci amb mitjans automatitzats i <a>estigui basat en el consentiment expr\u00e9s<\/a> .<\/p>\n\n<p><strong>Dret doposici\u00f3.<\/strong>  Regulat a l&#8217;article 21 del RGPD 2016\/679. Es tracta de demanar al responsable del tractament que tracti les dades seguint unes instruccions determinades fetes pel titular de la informaci\u00f3 personal. <\/p>\n\n<p><strong>Dret a la revocaci\u00f3 del consentiment.<\/strong>  Regulat a l&#8217;article 13.2.c) del RGPD 2016\/679. \u00c9s una ordre que d\u00f3na el titular de les dades al responsable del tractament notificant-li que li retira el consentiment que li va donar per fer el tractament de les dades. <\/p>\n\n<p><strong>Dret a no estar sotm\u00e8s a decisions individuals automatitzades.  <\/strong>\u00c9s la petici\u00f3 al responsable del tractament que les m\u00e0quines no prenguin totes les decisions que tinguin efectes jur\u00eddics.<\/p>\n\n<p>Per exercir els drets anteriors es poden adre\u00e7ar per escrit a les adreces del responsable del tractament, o enviar un correu electr\u00f2nic a l&#8217;adre\u00e7a <a href=\"mailto:pte_canal@stjteresianas.org\">pte_canal@stjteresianas.org<\/a> amb el text &#8220;PROTECCI\u00d3 DE DADES&#8221; a l&#8217;assumpte, adjuntant una fotoc\u00f2pia del DNI, NIE o passaport en aquest correu.<\/p>\n\n<p><strong>1.10.- Com es pot fer una reclamaci\u00f3?<\/strong><\/p>\n\n<p>Es pot posar en contacte amb el responsable de compliment intern usant el canal de den\u00fancies que trobareu a la web: <a href=\"https:\/\/denuncias.cipdi.com\/stjteresianas\/es\/\">https:\/\/denuncias.cipdi.com\/stjteresianas\/es\/<\/a> .<\/p>\n\n<p>Si considereu que se n&#8217;han vulnerat els drets, l&#8217;organisme competent per con\u00e8ixer de l&#8217;aplicaci\u00f3 correcta de les normes sobre tractament de la informaci\u00f3 \u00e9s l&#8217;Autoritat Espanyola de Protecci\u00f3 de Dades, amb domicili al Carrer Jorge Juan n\u00fam. 6 de Madrid. <\/p>\n\n<p><a><strong>1.11.- Quines obligacions tinc com a interessat?<\/strong><\/a><\/p>\n\n<p>L&#8217;afectat ha d&#8217;aportar informaci\u00f3 vera\u00e7 i actualitzada a tots els processos de recollida de dades, fent-se responsable en cas de vulneraci\u00f3 d&#8217;aquesta obligaci\u00f3.<\/p>\n\n<p>En funci\u00f3 de la demanda que faci l&#8217;afectat, les dades que s\u00f3n obligat\u00f2ries ja estan marcades als formularis de recollida. la prestaci\u00f3 que se sol\u00b7licita. <\/p>\n\n<p><strong>1.12.- Pot elaborar perfils el responsable del tractament?<\/strong><\/p>\n\n<p>Per prestar una atenci\u00f3 m\u00e9s personalitzada, curosa i efica\u00e7 a l&#8217;usuari, de vegades cal elaborar els perfils dels destinataris dels serveis. No s&#8217;hi elaboren perfils sense la intervenci\u00f3 directa d&#8217;una persona f\u00edsica. <\/p>\n\n<p><strong>2.- CONSENTIMENT DE L&#8217;USUARI.<\/strong><\/p>\n\n<p>S&#8217;ent\u00e9n que l&#8217;usuari accepta les condicions proposades si fa clic al bot\u00f3 &#8216;ACCEPTAR&#8217; que es troba als formularis de recollida de dades, o si envia un missatge per correu electr\u00f2nic a les adreces de contacte que figuren a la p\u00e0gina web.<\/p>\n\n<p>Les dades personals es guarden a la base de dades general dadministraci\u00f3 del responsable del tractament que, en tot cas, garanteix les mesures t\u00e8cniques i organitzatives per preservar la integritat i la seguretat de la informaci\u00f3 que gestiona.<\/p>\n\n<p><strong>3.- SEGURETAT.<\/strong><\/p>\n\n<p>La base de dades general est\u00e0 dotada del document de seguretat preceptiu i disposa de tots els mitjans t\u00e8cnics al seu abast per evitar la p\u00e8rdua, mal \u00fas, alteraci\u00f3, acc\u00e9s no autoritzat o robatori de les dades que ens faciliti. El tractament de les dades personals est\u00e0 ajustat a les disposicions de la Llei Org\u00e0nica 3\/2018 de protecci\u00f3 de dades i garantia dels drets digitals i el Reglament (UE) 2016\/679 del Parlament Europeu i del Consell, del 27 d&#8217;abril del 2016 . <\/p>\n\n<p><a><strong>4.- \u00daS D&#8217;ADRECES IP.<\/strong><\/a><\/p>\n\n<p>Per facilitar la cerca de recursos que creiem que s\u00f3n del vostre inter\u00e8s, podeu trobar en aquesta web enlla\u00e7os a altres p\u00e0gines.<\/p>\n\n<p>Aquesta pol\u00edtica de privadesa nom\u00e9s s&#8217;aplica a aquesta web. El responsable del tractament no garanteix el compliment d&#8217;aquestes normes en altres webs, ni es fa responsable dels accessos mitjan\u00e7ant enlla\u00e7os des d&#8217;aquest lloc. <\/p>\n\n<hr class=\"wp-block-separator has-alpha-channel-opacity\"\/>\n\n<p><a id=\"_msocom_1\"><\/a><\/p>\n\n<p> <a href=\"#_msoanchor_1\">[JS1]<\/a>Seleccioneu el programa que s&#8217;utilitzi.<\/p>\n","protected":false},"excerpt":{"rendered":"<p>1.- DRET D&#8217;INFORMACI\u00d3 En aplicaci\u00f3 del que disposa l&#8217;article 11 de la Llei Org\u00e0nica 3\/2018, de 5 de desembre, de Protecci\u00f3 de Dades Personals i Garantia dels Drets Digitals (d&#8217;ara [&hellip;]<\/p>\n","protected":false},"author":1,"featured_media":0,"parent":0,"menu_order":0,"comment_status":"closed","ping_status":"closed","template":"","meta":{"_et_pb_use_builder":"","_et_pb_old_content":"","_et_gb_content_width":"","footnotes":""},"class_list":["post-1846","page","type-page","status-publish","hentry"],"yoast_head":"<!-- This site is optimized with the Yoast SEO plugin v27.5 - https:\/\/yoast.com\/product\/yoast-seo-wordpress\/ -->\n<title>Pol\u00edtica de Privadesa - Teresianas<\/title>\n<meta name=\"robots\" content=\"index, follow, max-snippet:-1, max-image-preview:large, max-video-preview:-1\" \/>\n<link rel=\"canonical\" href=\"https:\/\/teresianaseuropa.org\/ca\/politica-de-privadesa\/\" \/>\n<meta property=\"og:locale\" content=\"ca_ES\" \/>\n<meta property=\"og:type\" content=\"article\" \/>\n<meta property=\"og:title\" content=\"Pol\u00edtica de Privadesa - Teresianas\" \/>\n<meta property=\"og:description\" content=\"1.- DRET D&#8217;INFORMACI\u00d3 En aplicaci\u00f3 del que disposa l&#8217;article 11 de la Llei Org\u00e0nica 3\/2018, de 5 de desembre, de Protecci\u00f3 de Dades Personals i Garantia dels Drets Digitals (d&#8217;ara [&hellip;]\" \/>\n<meta property=\"og:url\" content=\"https:\/\/teresianaseuropa.org\/ca\/politica-de-privadesa\/\" \/>\n<meta property=\"og:site_name\" content=\"Teresianas\" \/>\n<meta property=\"article:modified_time\" content=\"2025-01-23T13:58:18+00:00\" \/>\n<meta name=\"twitter:card\" content=\"summary_large_image\" \/>\n<meta name=\"twitter:label1\" content=\"Temps estimat de lectura\" \/>\n\t<meta name=\"twitter:data1\" content=\"11 minuts\" \/>\n<script type=\"application\/ld+json\" class=\"yoast-schema-graph\">{\"@context\":\"https:\\\/\\\/schema.org\",\"@graph\":[{\"@type\":\"WebPage\",\"@id\":\"https:\\\/\\\/teresianaseuropa.org\\\/ca\\\/politica-de-privadesa\\\/\",\"url\":\"https:\\\/\\\/teresianaseuropa.org\\\/ca\\\/politica-de-privadesa\\\/\",\"name\":\"Pol\u00edtica de Privadesa - Teresianas\",\"isPartOf\":{\"@id\":\"https:\\\/\\\/teresianaseuropa.org\\\/ca\\\/#website\"},\"datePublished\":\"2024-07-08T03:45:26+00:00\",\"dateModified\":\"2025-01-23T13:58:18+00:00\",\"breadcrumb\":{\"@id\":\"https:\\\/\\\/teresianaseuropa.org\\\/ca\\\/politica-de-privadesa\\\/#breadcrumb\"},\"inLanguage\":\"ca\",\"potentialAction\":[{\"@type\":\"ReadAction\",\"target\":[\"https:\\\/\\\/teresianaseuropa.org\\\/ca\\\/politica-de-privadesa\\\/\"]}]},{\"@type\":\"BreadcrumbList\",\"@id\":\"https:\\\/\\\/teresianaseuropa.org\\\/ca\\\/politica-de-privadesa\\\/#breadcrumb\",\"itemListElement\":[{\"@type\":\"ListItem\",\"position\":1,\"name\":\"Portada\",\"item\":\"https:\\\/\\\/teresianaseuropa.org\\\/ca\\\/teresianes\\\/\"},{\"@type\":\"ListItem\",\"position\":2,\"name\":\"Pol\u00edtica de Privadesa\"}]},{\"@type\":\"WebSite\",\"@id\":\"https:\\\/\\\/teresianaseuropa.org\\\/ca\\\/#website\",\"url\":\"https:\\\/\\\/teresianaseuropa.org\\\/ca\\\/\",\"name\":\"Teresianas Europa\",\"description\":\"\",\"publisher\":{\"@id\":\"https:\\\/\\\/teresianaseuropa.org\\\/ca\\\/#organization\"},\"potentialAction\":[{\"@type\":\"SearchAction\",\"target\":{\"@type\":\"EntryPoint\",\"urlTemplate\":\"https:\\\/\\\/teresianaseuropa.org\\\/ca\\\/?s={search_term_string}\"},\"query-input\":{\"@type\":\"PropertyValueSpecification\",\"valueRequired\":true,\"valueName\":\"search_term_string\"}}],\"inLanguage\":\"ca\"},{\"@type\":\"Organization\",\"@id\":\"https:\\\/\\\/teresianaseuropa.org\\\/ca\\\/#organization\",\"name\":\"Teresianas Provincia de Europa\",\"url\":\"https:\\\/\\\/teresianaseuropa.org\\\/ca\\\/\",\"logo\":{\"@type\":\"ImageObject\",\"inLanguage\":\"ca\",\"@id\":\"https:\\\/\\\/teresianaseuropa.org\\\/ca\\\/#\\\/schema\\\/logo\\\/image\\\/\",\"url\":\"https:\\\/\\\/teresianaseuropa.org\\\/wp-content\\\/uploads\\\/2024\\\/07\\\/stjLogo.png\",\"contentUrl\":\"https:\\\/\\\/teresianaseuropa.org\\\/wp-content\\\/uploads\\\/2024\\\/07\\\/stjLogo.png\",\"width\":376,\"height\":194,\"caption\":\"Teresianas Provincia de Europa\"},\"image\":{\"@id\":\"https:\\\/\\\/teresianaseuropa.org\\\/ca\\\/#\\\/schema\\\/logo\\\/image\\\/\"},\"sameAs\":[\"https:\\\/\\\/www.instagram.com\\\/teresianaseuropa\\\/\"]}]}<\/script>\n<!-- \/ Yoast SEO plugin. -->","yoast_head_json":{"title":"Pol\u00edtica de Privadesa - Teresianas","robots":{"index":"index","follow":"follow","max-snippet":"max-snippet:-1","max-image-preview":"max-image-preview:large","max-video-preview":"max-video-preview:-1"},"canonical":"https:\/\/teresianaseuropa.org\/ca\/politica-de-privadesa\/","og_locale":"ca_ES","og_type":"article","og_title":"Pol\u00edtica de Privadesa - Teresianas","og_description":"1.- DRET D&#8217;INFORMACI\u00d3 En aplicaci\u00f3 del que disposa l&#8217;article 11 de la Llei Org\u00e0nica 3\/2018, de 5 de desembre, de Protecci\u00f3 de Dades Personals i Garantia dels Drets Digitals (d&#8217;ara [&hellip;]","og_url":"https:\/\/teresianaseuropa.org\/ca\/politica-de-privadesa\/","og_site_name":"Teresianas","article_modified_time":"2025-01-23T13:58:18+00:00","twitter_card":"summary_large_image","twitter_misc":{"Temps estimat de lectura":"11 minuts"},"schema":{"@context":"https:\/\/schema.org","@graph":[{"@type":"WebPage","@id":"https:\/\/teresianaseuropa.org\/ca\/politica-de-privadesa\/","url":"https:\/\/teresianaseuropa.org\/ca\/politica-de-privadesa\/","name":"Pol\u00edtica de Privadesa - Teresianas","isPartOf":{"@id":"https:\/\/teresianaseuropa.org\/ca\/#website"},"datePublished":"2024-07-08T03:45:26+00:00","dateModified":"2025-01-23T13:58:18+00:00","breadcrumb":{"@id":"https:\/\/teresianaseuropa.org\/ca\/politica-de-privadesa\/#breadcrumb"},"inLanguage":"ca","potentialAction":[{"@type":"ReadAction","target":["https:\/\/teresianaseuropa.org\/ca\/politica-de-privadesa\/"]}]},{"@type":"BreadcrumbList","@id":"https:\/\/teresianaseuropa.org\/ca\/politica-de-privadesa\/#breadcrumb","itemListElement":[{"@type":"ListItem","position":1,"name":"Portada","item":"https:\/\/teresianaseuropa.org\/ca\/teresianes\/"},{"@type":"ListItem","position":2,"name":"Pol\u00edtica de Privadesa"}]},{"@type":"WebSite","@id":"https:\/\/teresianaseuropa.org\/ca\/#website","url":"https:\/\/teresianaseuropa.org\/ca\/","name":"Teresianas Europa","description":"","publisher":{"@id":"https:\/\/teresianaseuropa.org\/ca\/#organization"},"potentialAction":[{"@type":"SearchAction","target":{"@type":"EntryPoint","urlTemplate":"https:\/\/teresianaseuropa.org\/ca\/?s={search_term_string}"},"query-input":{"@type":"PropertyValueSpecification","valueRequired":true,"valueName":"search_term_string"}}],"inLanguage":"ca"},{"@type":"Organization","@id":"https:\/\/teresianaseuropa.org\/ca\/#organization","name":"Teresianas Provincia de Europa","url":"https:\/\/teresianaseuropa.org\/ca\/","logo":{"@type":"ImageObject","inLanguage":"ca","@id":"https:\/\/teresianaseuropa.org\/ca\/#\/schema\/logo\/image\/","url":"https:\/\/teresianaseuropa.org\/wp-content\/uploads\/2024\/07\/stjLogo.png","contentUrl":"https:\/\/teresianaseuropa.org\/wp-content\/uploads\/2024\/07\/stjLogo.png","width":376,"height":194,"caption":"Teresianas Provincia de Europa"},"image":{"@id":"https:\/\/teresianaseuropa.org\/ca\/#\/schema\/logo\/image\/"},"sameAs":["https:\/\/www.instagram.com\/teresianaseuropa\/"]}]}},"_links":{"self":[{"href":"https:\/\/teresianaseuropa.org\/ca\/wp-json\/wp\/v2\/pages\/1846","targetHints":{"allow":["GET"]}}],"collection":[{"href":"https:\/\/teresianaseuropa.org\/ca\/wp-json\/wp\/v2\/pages"}],"about":[{"href":"https:\/\/teresianaseuropa.org\/ca\/wp-json\/wp\/v2\/types\/page"}],"author":[{"embeddable":true,"href":"https:\/\/teresianaseuropa.org\/ca\/wp-json\/wp\/v2\/users\/1"}],"replies":[{"embeddable":true,"href":"https:\/\/teresianaseuropa.org\/ca\/wp-json\/wp\/v2\/comments?post=1846"}],"version-history":[{"count":1,"href":"https:\/\/teresianaseuropa.org\/ca\/wp-json\/wp\/v2\/pages\/1846\/revisions"}],"predecessor-version":[{"id":1847,"href":"https:\/\/teresianaseuropa.org\/ca\/wp-json\/wp\/v2\/pages\/1846\/revisions\/1847"}],"wp:attachment":[{"href":"https:\/\/teresianaseuropa.org\/ca\/wp-json\/wp\/v2\/media?parent=1846"}],"curies":[{"name":"wp","href":"https:\/\/api.w.org\/{rel}","templated":true}]}}