{"id":1849,"date":"2025-01-23T14:58:20","date_gmt":"2025-01-23T13:58:20","guid":{"rendered":"https:\/\/teresianaseuropa.org\/avis-legal\/"},"modified":"2025-01-23T14:58:31","modified_gmt":"2025-01-23T13:58:31","slug":"avis-legal","status":"publish","type":"page","link":"https:\/\/teresianaseuropa.org\/ca\/avis-legal\/","title":{"rendered":"Av\u00eds legal"},"content":{"rendered":"\n<p><strong>AV\u00cdS LEGAL WEB DE LA COMPANYIA DE SANTA TERESA DE JES\u00daS<\/strong> <strong>PROV\u00cdNCIA TERESIANA D&#8217;EUROPA<\/strong><\/p>\n\n<p><strong>1. IDENTIFICACI\u00d3 DEL TITULAR DEL DOMINI<\/strong><\/p>\n\n<p>De conformitat amb el que disposa l&#8217;article 10 de la Llei 34\/2002, d&#8217;11 de juliol, de Serveis de la Societat de la Informaci\u00f3 i del Comer\u00e7 Electr\u00f2nic, us informem que:<\/p>\n\n<p>El titular de la web \u00e9s la <strong>Companyia de Santa Teresa de Jes\u00fas-Prov\u00edncia Teresiana d&#8217;Europa<\/strong><\/p>\n\n<p>NIF: R2802447I<\/p>\n\n<p>Domicili: C\/ Federico Grases n\u00fam. 21 (28025 &#8211; Madrid)<\/p>\n\n<p>Adre\u00e7a de correu electr\u00f2nic: <a href=\"mailto:pte_canal@stjteresianas.org\">pte_canal@stjteresianas.org<\/a><\/p>\n\n<p>N\u00famero d&#8217;inscripci\u00f3 al Registre d&#8217;Entitats Religioses: 023811<\/p>\n\n<p><strong>2. FINALITAT, COMUNICACI\u00d3 I ELECCI\u00d3<\/strong><\/p>\n\n<p>La finalitat d&#8217;aquesta p\u00e0gina web \u00e9s oferir m\u00e9s informaci\u00f3 als usuaris que la visitin. La Companyia de Santa Teresa de Jes\u00fas ofereix informaci\u00f3 de la vida i missi\u00f3 de la congregaci\u00f3, prov\u00edncies, activitats, etc. Tot i aix\u00f2, s&#8217;ofereix l&#8217;oportunitat d&#8217;escollir el m\u00e8tode de rebre i ampliar la informaci\u00f3: per correu postal, correu electr\u00f2nic i tel\u00e8fon.  <\/p>\n\n<p><strong>3. NORMES D&#8217;\u00daS DEL PORTAL<\/strong><\/p>\n\n<p>Qui accedeixi i faci servir aquest lloc web, tindr\u00e0 la consideraci\u00f3 d&#8217;usuari. L&#8217;usuari, pel sol fet de ser-ho, accepta totes les condicions d&#8217;\u00fas. <\/p>\n\n<p><strong>3.1. GEN\u00c9RICAS <\/strong><\/p>\n\n<p>  Est\u00e0 prohibit publicar en aquesta web, als nostres blocs, i altres eines de participaci\u00f3 continguts que atemptin contra els principis seg\u00fcents:<\/p>\n\n<p><strong>a)<\/strong> La salvaguarda de l&#8217;ordre p\u00fablic, la investigaci\u00f3 penal, la seguretat p\u00fablica i la defensa nacional.<\/p>\n\n<p><strong>b)<\/strong> La protecci\u00f3 de la salut p\u00fablica o de les persones f\u00edsiques que tinguen la condici\u00f3 de consumidors o usuaris.<\/p>\n\n<p><strong>c)<\/strong> El respecte a la dignitat de la persona i al principi de no-discriminaci\u00f3 per motius d&#8217;etnicitat, sexe, opini\u00f3, nacionalitat, discapacitat o qualsevol altra circumst\u00e0ncia personal o social.<\/p>\n\n<p><strong>d)<\/strong> La protecci\u00f3 de la joventut i de la inf\u00e0ncia.<\/p>\n\n<p><strong>e)<\/strong> El respecte al&#8217;autonomia de la voluntat de l&#8217;afectat.<\/p>\n\n<p><strong>f)<\/strong> El respecte a la propietat intel\u00b7lectual del que s&#8217;ha publicat.<\/p>\n\n<p><strong>g)<\/strong> En general, el respecte a la legalitat vigent.<\/p>\n\n<p><strong>3.2. PARTICULARES <\/strong><\/p>\n\n<p>L&#8217;usuari assumeix la responsabilitat de fer servir el portal. Aquesta responsabilitat s&#8217;est\u00e9n al registre necessari per accedir a determinats serveis o continguts. L&#8217;usuari ser\u00e0 responsable d&#8217;aportar informaci\u00f3 vera\u00e7 al proc\u00e9s de registre.  <\/p>\n\n<p>L&#8217;usuari es compromet a fer un \u00fas adequat dels continguts i serveis que la Companyia ofereix a trav\u00e9s dels seus webs i eines de participaci\u00f3; amb car\u00e0cter enunciatiu, per\u00f2 no limitatiu, tamb\u00e9 es compromet a no fer-les servir per:<\/p>\n\n<p>\u2022 Provocar danys als sistemes f\u00edsics i l\u00f2gics de la COMPANYIA DE SANTA TERESA DE JES\u00daS, dels seus prove\u00efdors o de tercers, introduir o difondre a la xarxa virus inform\u00e0tics o qualsevol altre sistema f\u00edsic o l\u00f2gic que sigui susceptible de provocar danys.<\/p>\n\n<p>\u2022 Intentar accedir i, si escau, utilitzar els comptes de correu electr\u00f2nic d&#8217;altres usuaris i modificar-ne o manipular-ne els missatges.<\/p>\n\n<p>La COMPANYIA DE SANTA TERESA DE JES\u00daS es reserva el dret de retirar tots els comentaris i aportacions que vulnerin el respecte a la dignitat de la persona, que siguin discriminatoris, xen\u00f2fobs, racistes, pornogr\u00e0fics, que atemptin contra les persones, especialment contra els interessos de la joventut o la inf\u00e0ncia, l&#8217;ordre o la seguretat p\u00fablica o que, no resultessin adequats per a la seva publicaci\u00f3 a criteri de la COMPANYIA DE SANTA TERESA DE JES\u00daS.<\/p>\n\n<p>En qualsevol cas, la COMPANYIA DE SANTA TERESA DE JES\u00daS no \u00e9s responsable de les opinions abocades pels usuaris a trav\u00e9s dels f\u00f2rums, xats o altres eines de participaci\u00f3.<\/p>\n\n<p><strong>4. PROPIETAT INTEL\u00b7LECTUAL I INDUSTRIAL<\/strong><\/p>\n\n<p>La COMPANYIA DE SANTA TERESA DE JES\u00daS \u00e9s titular de tots els drets de propietat intel\u00b7lectual i industrial de les seves p\u00e0gines web, com tamb\u00e9 ho \u00e9s de tot el contingut, per la qual cosa tota reproducci\u00f3, distribuci\u00f3 i comunicaci\u00f3 p\u00fablica total o parcial del contingut queda expressament prohibida sense lautoritzaci\u00f3 expressa de la COMPANYIA DE SANTA TERESA DE JES\u00daS.<\/p>\n\n<p><strong>5. RESPONSABILITAT<\/strong><\/p>\n\n<p>La COMPANYIA DE SANTA TERESA DE JES\u00daS no es fa responsable dels danys i perjudicis que es puguin derivar d&#8217;interfer\u00e8ncies o avaries telef\u00f2niques, desconnexions al sistema electr\u00f2nic, pres\u00e8ncia de virus inform\u00e0tics, programes maliciosos o qualsevol altre factor ali\u00e8 al seu control. Tampoc no es fa responsable dels continguts o sistemes de tercers connectats amb el domini de la Companyia a trav\u00e9s d&#8217;enlla\u00e7os. <\/p>\n\n<p>La COMPANYIA DE SANTA TERESA DE JES\u00daS es reserva l&#8217;exercici de les accions legals que corresponguin contra els qui vulnerin aquestes condicions.<\/p>\n\n<p><strong>6. MODIFICACIONS DE LES PRESENTS CONDICIONS I VIG\u00c8NCIA<\/strong><\/p>\n\n<p>La COMPANYIA DE SANTA TERESA DE JES\u00daS pot modificar aquestes condicions en qualsevol moment, sense av\u00eds previ, publicant les seves modificacions tal com apareixen.<\/p>\n\n<p><strong>7. LEGISLACI\u00d3 APLICABLE I JURISDICCI\u00d3<\/strong><\/p>\n\n<p>La relaci\u00f3 entre la COMPANYIA DE SANTA TERESA DE JES\u00daS i l&#8217;usuari es regir\u00e0 per la normativa vigent i qualsevol controv\u00e8rsia se sotmetr\u00e0 als jutjats i tribunals de la ciutat de Madrid.<strong><\/strong><\/p>\n","protected":false},"excerpt":{"rendered":"<p>AV\u00cdS LEGAL WEB DE LA COMPANYIA DE SANTA TERESA DE JES\u00daS PROV\u00cdNCIA TERESIANA D&#8217;EUROPA 1. IDENTIFICACI\u00d3 DEL TITULAR DEL DOMINI De conformitat amb el que disposa l&#8217;article 10 de la [&hellip;]<\/p>\n","protected":false},"author":1,"featured_media":0,"parent":0,"menu_order":0,"comment_status":"closed","ping_status":"closed","template":"","meta":{"_et_pb_use_builder":"off","_et_pb_old_content":"","_et_gb_content_width":"","footnotes":""},"class_list":["post-1849","page","type-page","status-publish","hentry"],"yoast_head":"<!-- This site is optimized with the Yoast SEO plugin v27.5 - https:\/\/yoast.com\/product\/yoast-seo-wordpress\/ -->\n<title>Av\u00eds legal - Teresianas<\/title>\n<meta name=\"robots\" content=\"index, follow, max-snippet:-1, max-image-preview:large, max-video-preview:-1\" \/>\n<link rel=\"canonical\" href=\"https:\/\/teresianaseuropa.org\/ca\/avis-legal\/\" \/>\n<meta property=\"og:locale\" content=\"ca_ES\" \/>\n<meta property=\"og:type\" content=\"article\" \/>\n<meta property=\"og:title\" content=\"Av\u00eds legal - Teresianas\" \/>\n<meta property=\"og:description\" content=\"AV\u00cdS LEGAL WEB DE LA COMPANYIA DE SANTA TERESA DE JES\u00daS PROV\u00cdNCIA TERESIANA D&#8217;EUROPA 1. IDENTIFICACI\u00d3 DEL TITULAR DEL DOMINI De conformitat amb el que disposa l&#8217;article 10 de la [&hellip;]\" \/>\n<meta property=\"og:url\" content=\"https:\/\/teresianaseuropa.org\/ca\/avis-legal\/\" \/>\n<meta property=\"og:site_name\" content=\"Teresianas\" \/>\n<meta property=\"article:modified_time\" content=\"2025-01-23T13:58:31+00:00\" \/>\n<meta name=\"twitter:card\" content=\"summary_large_image\" \/>\n<meta name=\"twitter:label1\" content=\"Temps estimat de lectura\" \/>\n\t<meta name=\"twitter:data1\" content=\"4 minuts\" \/>\n<script type=\"application\/ld+json\" class=\"yoast-schema-graph\">{\"@context\":\"https:\\\/\\\/schema.org\",\"@graph\":[{\"@type\":\"WebPage\",\"@id\":\"https:\\\/\\\/teresianaseuropa.org\\\/ca\\\/avis-legal\\\/\",\"url\":\"https:\\\/\\\/teresianaseuropa.org\\\/ca\\\/avis-legal\\\/\",\"name\":\"Av\u00eds legal - Teresianas\",\"isPartOf\":{\"@id\":\"https:\\\/\\\/teresianaseuropa.org\\\/ca\\\/#website\"},\"datePublished\":\"2025-01-23T13:58:20+00:00\",\"dateModified\":\"2025-01-23T13:58:31+00:00\",\"breadcrumb\":{\"@id\":\"https:\\\/\\\/teresianaseuropa.org\\\/ca\\\/avis-legal\\\/#breadcrumb\"},\"inLanguage\":\"ca\",\"potentialAction\":[{\"@type\":\"ReadAction\",\"target\":[\"https:\\\/\\\/teresianaseuropa.org\\\/ca\\\/avis-legal\\\/\"]}]},{\"@type\":\"BreadcrumbList\",\"@id\":\"https:\\\/\\\/teresianaseuropa.org\\\/ca\\\/avis-legal\\\/#breadcrumb\",\"itemListElement\":[{\"@type\":\"ListItem\",\"position\":1,\"name\":\"Portada\",\"item\":\"https:\\\/\\\/teresianaseuropa.org\\\/ca\\\/teresianes\\\/\"},{\"@type\":\"ListItem\",\"position\":2,\"name\":\"Av\u00eds legal\"}]},{\"@type\":\"WebSite\",\"@id\":\"https:\\\/\\\/teresianaseuropa.org\\\/ca\\\/#website\",\"url\":\"https:\\\/\\\/teresianaseuropa.org\\\/ca\\\/\",\"name\":\"Teresianas Europa\",\"description\":\"\",\"publisher\":{\"@id\":\"https:\\\/\\\/teresianaseuropa.org\\\/ca\\\/#organization\"},\"potentialAction\":[{\"@type\":\"SearchAction\",\"target\":{\"@type\":\"EntryPoint\",\"urlTemplate\":\"https:\\\/\\\/teresianaseuropa.org\\\/ca\\\/?s={search_term_string}\"},\"query-input\":{\"@type\":\"PropertyValueSpecification\",\"valueRequired\":true,\"valueName\":\"search_term_string\"}}],\"inLanguage\":\"ca\"},{\"@type\":\"Organization\",\"@id\":\"https:\\\/\\\/teresianaseuropa.org\\\/ca\\\/#organization\",\"name\":\"Teresianas Provincia de Europa\",\"url\":\"https:\\\/\\\/teresianaseuropa.org\\\/ca\\\/\",\"logo\":{\"@type\":\"ImageObject\",\"inLanguage\":\"ca\",\"@id\":\"https:\\\/\\\/teresianaseuropa.org\\\/ca\\\/#\\\/schema\\\/logo\\\/image\\\/\",\"url\":\"https:\\\/\\\/teresianaseuropa.org\\\/wp-content\\\/uploads\\\/2024\\\/07\\\/stjLogo.png\",\"contentUrl\":\"https:\\\/\\\/teresianaseuropa.org\\\/wp-content\\\/uploads\\\/2024\\\/07\\\/stjLogo.png\",\"width\":376,\"height\":194,\"caption\":\"Teresianas Provincia de Europa\"},\"image\":{\"@id\":\"https:\\\/\\\/teresianaseuropa.org\\\/ca\\\/#\\\/schema\\\/logo\\\/image\\\/\"},\"sameAs\":[\"https:\\\/\\\/www.instagram.com\\\/teresianaseuropa\\\/\"]}]}<\/script>\n<!-- \/ Yoast SEO plugin. -->","yoast_head_json":{"title":"Av\u00eds legal - Teresianas","robots":{"index":"index","follow":"follow","max-snippet":"max-snippet:-1","max-image-preview":"max-image-preview:large","max-video-preview":"max-video-preview:-1"},"canonical":"https:\/\/teresianaseuropa.org\/ca\/avis-legal\/","og_locale":"ca_ES","og_type":"article","og_title":"Av\u00eds legal - Teresianas","og_description":"AV\u00cdS LEGAL WEB DE LA COMPANYIA DE SANTA TERESA DE JES\u00daS PROV\u00cdNCIA TERESIANA D&#8217;EUROPA 1. IDENTIFICACI\u00d3 DEL TITULAR DEL DOMINI De conformitat amb el que disposa l&#8217;article 10 de la [&hellip;]","og_url":"https:\/\/teresianaseuropa.org\/ca\/avis-legal\/","og_site_name":"Teresianas","article_modified_time":"2025-01-23T13:58:31+00:00","twitter_card":"summary_large_image","twitter_misc":{"Temps estimat de lectura":"4 minuts"},"schema":{"@context":"https:\/\/schema.org","@graph":[{"@type":"WebPage","@id":"https:\/\/teresianaseuropa.org\/ca\/avis-legal\/","url":"https:\/\/teresianaseuropa.org\/ca\/avis-legal\/","name":"Av\u00eds legal - Teresianas","isPartOf":{"@id":"https:\/\/teresianaseuropa.org\/ca\/#website"},"datePublished":"2025-01-23T13:58:20+00:00","dateModified":"2025-01-23T13:58:31+00:00","breadcrumb":{"@id":"https:\/\/teresianaseuropa.org\/ca\/avis-legal\/#breadcrumb"},"inLanguage":"ca","potentialAction":[{"@type":"ReadAction","target":["https:\/\/teresianaseuropa.org\/ca\/avis-legal\/"]}]},{"@type":"BreadcrumbList","@id":"https:\/\/teresianaseuropa.org\/ca\/avis-legal\/#breadcrumb","itemListElement":[{"@type":"ListItem","position":1,"name":"Portada","item":"https:\/\/teresianaseuropa.org\/ca\/teresianes\/"},{"@type":"ListItem","position":2,"name":"Av\u00eds legal"}]},{"@type":"WebSite","@id":"https:\/\/teresianaseuropa.org\/ca\/#website","url":"https:\/\/teresianaseuropa.org\/ca\/","name":"Teresianas Europa","description":"","publisher":{"@id":"https:\/\/teresianaseuropa.org\/ca\/#organization"},"potentialAction":[{"@type":"SearchAction","target":{"@type":"EntryPoint","urlTemplate":"https:\/\/teresianaseuropa.org\/ca\/?s={search_term_string}"},"query-input":{"@type":"PropertyValueSpecification","valueRequired":true,"valueName":"search_term_string"}}],"inLanguage":"ca"},{"@type":"Organization","@id":"https:\/\/teresianaseuropa.org\/ca\/#organization","name":"Teresianas Provincia de Europa","url":"https:\/\/teresianaseuropa.org\/ca\/","logo":{"@type":"ImageObject","inLanguage":"ca","@id":"https:\/\/teresianaseuropa.org\/ca\/#\/schema\/logo\/image\/","url":"https:\/\/teresianaseuropa.org\/wp-content\/uploads\/2024\/07\/stjLogo.png","contentUrl":"https:\/\/teresianaseuropa.org\/wp-content\/uploads\/2024\/07\/stjLogo.png","width":376,"height":194,"caption":"Teresianas Provincia de Europa"},"image":{"@id":"https:\/\/teresianaseuropa.org\/ca\/#\/schema\/logo\/image\/"},"sameAs":["https:\/\/www.instagram.com\/teresianaseuropa\/"]}]}},"_links":{"self":[{"href":"https:\/\/teresianaseuropa.org\/ca\/wp-json\/wp\/v2\/pages\/1849","targetHints":{"allow":["GET"]}}],"collection":[{"href":"https:\/\/teresianaseuropa.org\/ca\/wp-json\/wp\/v2\/pages"}],"about":[{"href":"https:\/\/teresianaseuropa.org\/ca\/wp-json\/wp\/v2\/types\/page"}],"author":[{"embeddable":true,"href":"https:\/\/teresianaseuropa.org\/ca\/wp-json\/wp\/v2\/users\/1"}],"replies":[{"embeddable":true,"href":"https:\/\/teresianaseuropa.org\/ca\/wp-json\/wp\/v2\/comments?post=1849"}],"version-history":[{"count":1,"href":"https:\/\/teresianaseuropa.org\/ca\/wp-json\/wp\/v2\/pages\/1849\/revisions"}],"predecessor-version":[{"id":1850,"href":"https:\/\/teresianaseuropa.org\/ca\/wp-json\/wp\/v2\/pages\/1849\/revisions\/1850"}],"wp:attachment":[{"href":"https:\/\/teresianaseuropa.org\/ca\/wp-json\/wp\/v2\/media?parent=1849"}],"curies":[{"name":"wp","href":"https:\/\/api.w.org\/{rel}","templated":true}]}}