{"id":1844,"date":"2024-07-08T05:45:26","date_gmt":"2024-07-08T03:45:26","guid":{"rendered":"https:\/\/teresianaseuropa.org\/politica-de-privacidade\/"},"modified":"2025-01-23T14:58:18","modified_gmt":"2025-01-23T13:58:18","slug":"politica-de-privacidade","status":"publish","type":"page","link":"https:\/\/teresianaseuropa.org\/pt-pt\/politica-de-privacidade\/","title":{"rendered":"Pol\u00edtica de privacidade"},"content":{"rendered":"\n<h2 class=\"wp-block-heading\"><strong>1.- DIREITO \u00c0 INFORMA\u00c7\u00c3O<\/strong><\/h2>\n\n<p>Em aplica\u00e7\u00e3o das disposi\u00e7\u00f5es do artigo 11 da Lei Org\u00e2nica 3\/2018, de 5 de dezembro, sobre a Prote\u00e7\u00e3o de Dados Pessoais e Garantia de Direitos Digitais (doravante LOPDGDD) e do artigo 13 do Regulamento Geral de Prote\u00e7\u00e3o de Dados 2016\/679 (GDPR), o seguinte descreve o processamento ao qual a <strong>Companhia de Santa Teresa de Jesus &#8211; Prov\u00edncia Teresiana da Europa<\/strong> submete dados pessoais.<\/p>\n\n<p><strong>1.2.- Defini\u00e7\u00f5es<\/strong><\/p>\n\n<p>Significa:<\/p>\n\n<p><strong>(1) &#8220;Dados pessoais&#8221;, <\/strong>qualquer informa\u00e7\u00e3o relativa a uma pessoa singular identificada ou identific\u00e1vel (pessoa em causa). Uma pessoa singular identific\u00e1vel \u00e9 qualquer pessoa cuja identidade possa ser estabelecida, direta ou indiretamente, atrav\u00e9s de um identificador, como por exemplo um nome, um n\u00famero de identifica\u00e7\u00e3o, dados de localiza\u00e7\u00e3o, identificadores em linha ou um ou mais elementos da sua identidade f\u00edsica, fisiol\u00f3gica, gen\u00e9tica, mental, econ\u00f3mica, cultural ou social. <\/p>\n\n<p><strong>Tratamento&#8221;, <\/strong>uma opera\u00e7\u00e3o ou um conjunto de opera\u00e7\u00f5es efectuadas sobre dados pessoais ou sobre um conjunto de dados pessoais, com ou sem meios automatizados, tais como a recolha, o registo, a organiza\u00e7\u00e3o, a estrutura\u00e7\u00e3o, a conserva\u00e7\u00e3o, a adapta\u00e7\u00e3o, a altera\u00e7\u00e3o, a recupera\u00e7\u00e3o, a consulta, a utiliza\u00e7\u00e3o, a divulga\u00e7\u00e3o por transmiss\u00e3o, difus\u00e3o ou qualquer outra forma de disponibiliza\u00e7\u00e3o, a compara\u00e7\u00e3o ou interconex\u00e3o, a limita\u00e7\u00e3o, o apagamento ou a destrui\u00e7\u00e3o.<\/p>\n\n<p><strong>Defini\u00e7\u00e3o de perfis&#8221;, <\/strong>qualquer forma de tratamento automatizado de dados pessoais que consista em utilizar esses dados para avaliar aspectos pessoais relativos a uma pessoa singular, nomeadamente para analisar ou prever aspectos relacionados com o seu desempenho profissional, a sua situa\u00e7\u00e3o financeira, sa\u00fade, prefer\u00eancias pessoais, interesses, fiabilidade, comportamento, localiza\u00e7\u00e3o ou desloca\u00e7\u00f5es.<\/p>\n\n<p><strong>(4) Pseudonimiza\u00e7\u00e3o: <\/strong> tratamento de dados pessoais de forma a que n\u00e3o possam ser atribu\u00eddos a uma pessoa sem recorrer a informa\u00e7\u00f5es suplementares, desde que essas informa\u00e7\u00f5es sejam separadas e sujeitas a medidas t\u00e9cnicas e organizativas destinadas a assegurar que as informa\u00e7\u00f5es pessoais n\u00e3o sejam atribu\u00eddas a uma pessoa singular identificada ou identific\u00e1vel.<\/p>\n\n<p><strong>(5) Ficheiro: <\/strong>\u00e9 um conjunto estruturado de dados pessoais acess\u00edvel de acordo com crit\u00e9rios especificados, quer seja centralizado, descentralizado, funcional ou geograficamente distribu\u00eddo.<\/p>\n\n<p><strong>(6) Respons\u00e1vel pelo <\/strong>tratamento <strong>ou respons\u00e1vel pelo <\/strong>tratamento<strong>: <\/strong>a pessoa singular ou colectiva, a autoridade, o servi\u00e7o ou qualquer outro organismo que, individualmente ou em conjunto com outros, decida da finalidade do tratamento.<\/p>\n\n<p><strong>7) &#8220;Subcontratante&#8221; ou &#8220;subcontratante&#8221;, <\/strong>a pessoa singular ou colectiva, a autoridade, o servi\u00e7o ou qualquer outro organismo que trata os dados pessoais por conta do respons\u00e1vel pelo tratamento.<\/p>\n\n<p><strong>8) &#8220;Destinat\u00e1rio&#8221;, <\/strong>a pessoa a quem s\u00e3o comunicados dados pessoais, independentemente de essa pessoa ser ou n\u00e3o um terceiro. No entanto, as autoridades que possam receber dados pessoais no \u00e2mbito de uma investiga\u00e7\u00e3o espec\u00edfica n\u00e3o devem ser consideradas destinat\u00e1rios. <\/p>\n\n<p><strong>(9) &#8220;terceiro&#8221;, uma <\/strong>pessoa singular ou colectiva, autoridade, servi\u00e7o ou organismo que n\u00e3o seja a pessoa em causa, o respons\u00e1vel pelo tratamento, o subcontratante e as pessoas autorizadas a tratar dados pessoais sob a autoridade direta do respons\u00e1vel pelo tratamento ou do subcontratante.<\/p>\n\n<p><strong>(10) &#8220;Consentimento da pessoa em causa&#8221;, <\/strong>qualquer manifesta\u00e7\u00e3o de vontade, livre, espec\u00edfica, informada e inequ\u00edvoca, atrav\u00e9s de uma declara\u00e7\u00e3o ou de um ato positivo claro, de que aceita o tratamento dos dados pessoais que lhe dizem respeito.<\/p>\n\n<p><strong>11) &#8220;Autoridade de controlo&#8221;, <\/strong>a autoridade independente criada por um Estado-Membro em conformidade com o artigo 51.<\/p>\n\n<p><strong>12) Processamento transfronteiri\u00e7o:<\/strong><\/p>\n\n<p>(a) O tratamento de dados pessoais efectuado no contexto das actividades de estabelecimentos em mais de um Estado-Membro de um respons\u00e1vel pelo tratamento ou de um subcontratante na Uni\u00e3o Europeia, se o respons\u00e1vel pelo tratamento ou o subcontratante estiver estabelecido em mais de um Estado-Membro; ou<\/p>\n\n<p>(b) O tratamento de dados pessoais efectuado no contexto das actividades de um \u00fanico estabelecimento de um respons\u00e1vel pelo tratamento ou de um subcontratante na Uni\u00e3o, mas que afecte ou seja suscet\u00edvel de afetar substancialmente titulares de dados em mais de um Estado-Membro.<\/p>\n\n<p><strong>1.3 Quem decide a utiliza\u00e7\u00e3o a dar aos dados e os meios a utilizar para o seu tratamento?<\/strong><\/p>\n\n<p>O respons\u00e1vel pelo tratamento dos dados \u00e9<strong> <a>a Sociedade de Santa Teresa de Jesus &#8211; Prov\u00edncia Teresiana da Europa<\/a><\/strong><\/p>\n\n<figure class=\"wp-block-table\"><table class=\"has-fixed-layout\"><tbody><tr><td><strong>NIF:<\/strong><\/td><td>R2802447I<\/td><\/tr><tr><td><strong>Endere\u00e7o:<\/strong><\/td><td>C\/ Federico Grases, 21 (28025 &#8211; Madrid)<\/td><\/tr><tr><td><strong>Telefona:<\/strong><\/td><td>&#8230;&#8230;&#8230;.<\/td><\/tr><tr><td><strong>Envia um e-mail:<\/strong><\/td><td><a href=\"mailto:pte_canal@stjteresianas.org\">pte_canal@stjteresianas.org<\/a><\/td><\/tr><\/tbody><\/table><\/figure>\n\n<p><strong>1.4.- Quem garante a correta aplica\u00e7\u00e3o de todas as regras que regem o tratamento da informa\u00e7\u00e3o na Associa\u00e7\u00e3o Teresiana?<\/strong><\/p>\n\n<p>O Delegado de Prote\u00e7\u00e3o de Dados \u00e9 <strong>CIPDI Tratamiento de la informaci\u00f3n SL<\/strong>, com endere\u00e7o em Matar\u00f3, c\/Sant Agust\u00ed n. 1 1\u00ba 1\u00aa, <a href=\"mailto:dpd@cipdi.com\">dpd@cipdi.com<\/a> <\/p>\n\n<p><strong>1.5.- Para que fins s\u00e3o utilizados os teus dados? Qual \u00e9 a base jur\u00eddica para o tratamento dos dados? Durante quanto tempo os conservamos?  <\/strong><\/p>\n\n<figure class=\"wp-block-table\"><table class=\"has-fixed-layout\"><tbody><tr><td><strong>Objetivo<\/strong><\/td><td><strong>Base jur\u00eddica<\/strong><\/td><td><strong>Conserva\u00e7\u00e3o<\/strong><\/td><\/tr><tr><td>Presta\u00e7\u00e3o dos servi\u00e7os que nos solicitaste<\/td><td>Rela\u00e7\u00e3o contratual<\/td><td>10 anos<\/td><\/tr><tr><td>Envio de informa\u00e7\u00f5es sobre as actividades por correio eletr\u00f3nico ou por correio postal<\/td><td>Rela\u00e7\u00e3o contratual e consentimento<\/td><td>At\u00e9 que a autoriza\u00e7\u00e3o seja retirada<\/td><\/tr><tr><td>Pedido de informa\u00e7\u00f5es<\/td><td>Consentimento<\/td><td>1 ano<\/td><\/tr><tr><td>Gest\u00e3o de donativos<\/td><td>Rela\u00e7\u00e3o contratual e obriga\u00e7\u00e3o legal.<\/td><td>10 anos<\/td><\/tr><tr><td>Gest\u00e3o do pessoal<\/td><td>Rela\u00e7\u00e3o contratual e obriga\u00e7\u00e3o legal.<\/td><td>5 anos<\/td><\/tr><tr><td>Gest\u00e3o de fornecedores<\/td><td>Rela\u00e7\u00e3o contratual e obriga\u00e7\u00e3o legal.<\/td><td>5 anos<\/td><\/tr><tr><td>Cumprimento das obriga\u00e7\u00f5es legais e contratuais<\/td><td>Rela\u00e7\u00e3o contratual e obriga\u00e7\u00e3o legal.<\/td><td>5 anos<\/td><\/tr><tr><td>Gest\u00e3o de imagens<\/td><td>Consentimento e art. 8 LO 1\/1982<\/td><td>At\u00e9 que a autoriza\u00e7\u00e3o seja retirada<\/td><\/tr><tr><td>Vigil\u00e2ncia por v\u00eddeo<\/td><td>Interesse leg\u00edtimo. Manuten\u00e7\u00e3o da seguran\u00e7a <\/td><td>M\u00e1ximo de 30 dias ap\u00f3s o recrutamento<\/td><\/tr><\/tbody><\/table><\/figure>\n\n<p><a><strong>1.6.- Efectuamos algum tratamento das tuas imagens?<\/strong><\/a><\/p>\n\n<p>A Companhia de Santa Teresa de Jesus documenta os eventos p\u00fablicos que organiza com fotografias e v\u00eddeos para efeitos de divulga\u00e7\u00e3o no seu site ou noutros espa\u00e7os de divulga\u00e7\u00e3o p\u00fablica de informa\u00e7\u00e3o como: o pr\u00f3prio site, as redes sociais onde o respons\u00e1vel pelo tratamento criou um perfil e nas suas pr\u00f3prias publica\u00e7\u00f5es e na imprensa. Podes obter mais informa\u00e7\u00f5es sobre esta sec\u00e7\u00e3o consultando o site do respons\u00e1vel pelo tratamento ou contactando a DPD. <\/p>\n\n<p><strong>1.7.- Quem poder\u00e1 aceder e conhecer o conte\u00fado dos teus dados?<\/strong><\/p>\n\n<p>A fim de cumprir os objectivos acima referidos, as pessoas e entidades abaixo indicadas podem ter acesso aos dados pessoais. O seu acesso ser\u00e1 limitado aos dados necess\u00e1rios para o desempenho das fun\u00e7\u00f5es do respons\u00e1vel pelo tratamento de dados. Foram assinados acordos de confidencialidade e\/ou acordos espec\u00edficos que regulam o acesso \u00e0 informa\u00e7\u00e3o, as medidas de seguran\u00e7a e a utiliza\u00e7\u00e3o que pode ser feita dos dados com todas as entidades e pessoas a quem os dados s\u00e3o dirigidos. Podes ter acesso aos dados:   <\/p>\n\n<ul class=\"wp-block-list\">\n<li>Pessoal e volunt\u00e1rios devidamente autorizados pela dire\u00e7\u00e3o da empresa.<\/li>\n<\/ul>\n\n<ul class=\"wp-block-list\">\n<li>Os fornecedores necess\u00e1rios para a presta\u00e7\u00e3o dos servi\u00e7os solicitados ou para o cumprimento de obriga\u00e7\u00f5es legais e contratuais.<\/li>\n<\/ul>\n\n<ul class=\"wp-block-list\">\n<li>A administra\u00e7\u00e3o p\u00fablica no dom\u00ednio das suas compet\u00eancias.<\/li>\n<\/ul>\n\n<ul class=\"wp-block-list\">\n<li>Redes sociais, desde que tenhas consentido previamente a divulga\u00e7\u00e3o dos teus dados de identifica\u00e7\u00e3o.<\/li>\n<\/ul>\n\n<p>Podes obter mais informa\u00e7\u00f5es junto do respons\u00e1vel pela prote\u00e7\u00e3o de dados.<a><\/a><\/p>\n\n<p><strong>1.8.- \u00c9 efectuado um tratamento transfronteiri\u00e7o de dados?<\/strong><\/p>\n\n<p>O respons\u00e1vel pelo tratamento utiliza os seguintes programas, que podem implicar a transfer\u00eancia de dados para fora do espa\u00e7o Schengen:<\/p>\n\n<p><a>I. Microsoft. Para mais informa\u00e7\u00f5es, clica aqui:   <\/a><a href=\"https:\/\/privacy.microsoft.com\/es-es\/privacystatement\">https:\/\/privacy.microsoft.com\/es-es\/privacystatement<\/a><\/p>\n\n<p>II. Google Workspace.   <a><\/a>Para mais informa\u00e7\u00f5es, clica aqui:<\/p>\n\n<p><a href=\"https:\/\/policies.google.com\/privacy?hl=es\">https:\/\/policies.google.com\/privacy?hl=es<\/a><\/p>\n\n<p><a href=\"https:\/\/workspace.google.com\/terms\/education_privacy.html#privacy-police-revamp-intro%5BJS1%5D\">https:\/\/workspace.google.com\/terms\/education_privacy.html#privacy-police-revamp-intro[JS1]<\/a><\/p>\n\n<p>II.- Redes sociais que s\u00e3o publicitadas no nosso s\u00edtio Web.<\/p>\n\n<p>Nestes casos, a transfer\u00eancia de dados \u00e9 efectuada para pa\u00edses considerados adequados, atrav\u00e9s de uma decis\u00e3o de adequa\u00e7\u00e3o da Comiss\u00e3o Europeia; ou de acordo com as garantias exigidas pelo RGPD, como a exist\u00eancia de cl\u00e1usulas-tipo de prote\u00e7\u00e3o de dados aprovadas pela Comiss\u00e3o Europeia.<\/p>\n\n<p>Todas as informa\u00e7\u00f5es sobre os direitos dos utilizadores que autorizaram o processamento digital podem ser encontradas nos avisos legais dos s\u00edtios Web que cont\u00eam o software e as aplica\u00e7\u00f5es. Como o acesso \u00e9 livre, consideramos que todo o conte\u00fado dos avisos \u00e9 reproduzido. Dada a extens\u00e3o do conte\u00fado das pol\u00edticas publicadas, podes solicitar uma c\u00f3pia contactando o respons\u00e1vel pelo tratamento de dados ou o respons\u00e1vel pela prote\u00e7\u00e3o de dados nos endere\u00e7os indicados nos artigos 1.3 e 1.4 da presente pol\u00edtica.  <\/p>\n\n<p><strong>1.9.- Quais s\u00e3o os direitos das pessoas em causa e dos titulares dos dados?<\/strong><\/p>\n\n<p><strong>Direito de acesso. <\/strong><a>Este direito est\u00e1<\/a> regulamentado no artigo 15\u00ba do RGPD 2016\/679 de 27 de abril de 2016. Trata-se de solicitar ao respons\u00e1vel pelo tratamento que forne\u00e7a gratuitamente todas as informa\u00e7\u00f5es de que disp\u00f5e sobre os pr\u00f3prios dados pessoais e sobre as comunica\u00e7\u00f5es que foram efectuadas ou que est\u00e3o previstas efetuar.   <\/p>\n\n<p><strong>Direito de retifica\u00e7\u00e3o.<\/strong>  \u00c9 regulado no artigo 16.\u00ba do RGPD 2016\/679. Trata-se de pedir ao respons\u00e1vel pelo tratamento que altere o conte\u00fado das informa\u00e7\u00f5es sobre ti e os teus dados, seguindo as instru\u00e7\u00f5es da pessoa em causa. <\/p>\n\n<p><strong>Direito de elimina\u00e7\u00e3o.<\/strong>  \u00c9 regulado no artigo 17.\u00ba do RGPD 2016\/679. Consiste em pedir ao respons\u00e1vel pelo tratamento que apague todas as informa\u00e7\u00f5es sobre a pessoa em causa. O apagamento implica o bloqueio de todos os dados e a sua manuten\u00e7\u00e3o \u00e0 disposi\u00e7\u00e3o das administra\u00e7\u00f5es p\u00fablicas durante o per\u00edodo de tempo previsto para a prescri\u00e7\u00e3o do direito de a\u00e7\u00e3o judicial.  <\/p>\n\n<p><strong>Direito de restringir o processamento.<\/strong>  Este procedimento est\u00e1 regulamentado no artigo 18.\u00ba do RGPD 2016\/679. Trata-se de pedir ao respons\u00e1vel pelo tratamento que restrinja o tratamento dos teus dados quando se verifica uma das seguintes condi\u00e7\u00f5es: <\/p>\n\n<p>i.- os dados pessoais n\u00e3o s\u00e3o exactos;<\/p>\n\n<p>ii.- o tratamento \u00e9 ilegal;<\/p>\n\n<p>iii.- <a>o respons\u00e1vel pelo tratamento deixa de ter de tratar os dados<\/a>;<\/p>\n\n<p>iv &#8211; Quando os motivos para deixar de tratar os dados alegados pela pessoa em causa prevalecerem sobre os do respons\u00e1vel pelo tratamento.<\/p>\n\n<p><strong>O direito \u00e0 portabilidade das informa\u00e7\u00f5es.<\/strong> Este direito est\u00e1 previsto no artigo 20.\u00ba do RGPD 2016\/679<a>. <\/a> Consiste em solicitar ao respons\u00e1vel pelo tratamento que forne\u00e7a os dados pessoais da pessoa em causa num formato estruturado, de uso corrente e de leitura autom\u00e1tica, a fim de os transmitir a outro respons\u00e1vel pelo tratamento, sempre que o tratamento seja realizado por meios automatizados e se baseie <a>no consentimento<\/a> expresso.<\/p>\n\n<p><strong>Direito de oposi\u00e7\u00e3o.<\/strong>  Regulamentado no artigo 21.\u00ba do RGPD 2016\/679. Trata-se de pedir ao respons\u00e1vel pelo tratamento que processe os dados de acordo com instru\u00e7\u00f5es espec\u00edficas dadas pelo titular das informa\u00e7\u00f5es pessoais. <\/p>\n\n<p><strong>Direito de retirar o consentimento.<\/strong>  Regulamentado no artigo 13.2.c) do RGPD 2016\/679. \u00c9 uma ordem dada pelo titular dos dados ao respons\u00e1vel pelo tratamento de dados, notificando-o de que retira o seu consentimento para o tratamento dos seus dados. <\/p>\n\n<p><strong>O direito de n\u00e3o estar sujeito a decis\u00f5es individuais automatizadas.  <\/strong>Solicita ao respons\u00e1vel pelo tratamento que as m\u00e1quinas n\u00e3o tomem todas as decis\u00f5es que tenham efeitos jur\u00eddicos.<\/p>\n\n<p>Para exercer os direitos acima mencionados, podes escrever para os endere\u00e7os do respons\u00e1vel pelo tratamento de dados ou enviar uma mensagem de correio eletr\u00f3nico para o endere\u00e7o <a href=\"mailto:pte_canal@stjteresianas.org\">pte_canal@stjteresianas.org<\/a> com o texto &#8220;PROTEC\u00c7\u00c3O DE DADOS&#8221; na linha de assunto, anexando uma fotoc\u00f3pia do teu bilhete de identidade, NIE ou passaporte a essa mensagem.<\/p>\n\n<p><strong>1.10.- Como podes apresentar uma queixa?<\/strong><\/p>\n\n<p>Podes contactar o respons\u00e1vel pela conformidade interna atrav\u00e9s do canal de den\u00fancias no s\u00edtio Web: <a href=\"https:\/\/denuncias.cipdi.com\/stjteresianas\/es\/\">https:\/\/denuncias.cipdi.com\/stjteresianas\/es\/.<\/a><\/p>\n\n<p>Se considerares que os teus direitos foram violados, o organismo competente para a correta aplica\u00e7\u00e3o das normas relativas ao tratamento da informa\u00e7\u00e3o \u00e9 a Autoridade Espanhola de Prote\u00e7\u00e3o de Dados, situada na Calle Jorge Juan n. 6, Madrid. <\/p>\n\n<p><a><strong>1.11.- Que obriga\u00e7\u00f5es tenho como parte interessada?<\/strong><\/a><\/p>\n\n<p>O titular dos dados deve fornecer informa\u00e7\u00f5es exactas e actualizadas em todos os processos de recolha de dados e ser\u00e1 responsabilizado em caso de incumprimento desta obriga\u00e7\u00e3o.<\/p>\n\n<p>Em fun\u00e7\u00e3o do pedido feito pela pessoa em causa, os dados obrigat\u00f3rios j\u00e1 est\u00e3o assinalados nos formul\u00e1rios de recolha. O n\u00e3o fornecimento dos dados obrigat\u00f3rios pode prejudicar o direito de participar na atividade ou impedir a presta\u00e7\u00e3o do servi\u00e7o ou desempenho solicitado. <\/p>\n\n<p><strong>1.12.- O controlador pode elaborar perfis?<\/strong><\/p>\n\n<p>A fim de prestar um servi\u00e7o mais personalizado, cuidadoso e eficaz ao utilizador, \u00e9 por vezes necess\u00e1rio elaborar perfis dos destinat\u00e1rios do servi\u00e7o. A defini\u00e7\u00e3o de perfis n\u00e3o tem lugar sem a interven\u00e7\u00e3o direta de uma pessoa singular. <\/p>\n\n<p><strong>2.- CONSENTIMENTO DO UTILIZADOR.<\/strong><\/p>\n\n<p>Entende-se que o utilizador aceita as condi\u00e7\u00f5es propostas clicando no bot\u00e3o &#8220;ACEITAR&#8221; que se encontra nos formul\u00e1rios de recolha de dados, ou enviando uma mensagem de correio eletr\u00f3nico para os endere\u00e7os de contacto indicados no s\u00edtio Web.<\/p>\n\n<p>Os dados pessoais s\u00e3o armazenados na base de dados da administra\u00e7\u00e3o geral do respons\u00e1vel pelo tratamento de dados que, em qualquer caso, garante as medidas t\u00e9cnicas e organizacionais para preservar a integridade e a seguran\u00e7a das informa\u00e7\u00f5es que gere.<\/p>\n\n<p><strong>3.- SEGURAN\u00c7A.<\/strong><\/p>\n\n<p>A base de dados geral est\u00e1 equipada com o documento de seguran\u00e7a obrigat\u00f3rio e disp\u00f5e de todos os meios t\u00e9cnicos ao seu dispor para evitar a perda, utiliza\u00e7\u00e3o indevida, altera\u00e7\u00e3o, acesso n\u00e3o autorizado ou roubo dos dados que nos facultas. O tratamento de dados pessoais est\u00e1 em conformidade com as disposi\u00e7\u00f5es da Lei Org\u00e2nica 3\/2018 sobre prote\u00e7\u00e3o de dados e garantia dos direitos digitais e do Regulamento (UE) 2016\/679 do Parlamento Europeu e do Conselho, de 27 de abril de 2016. <\/p>\n\n<p><a><strong>4.- UTILIZA\u00c7\u00c3O DE ENDERE\u00c7OS IP.<\/strong><\/a><\/p>\n\n<p>Para facilitar a procura de recursos que pensamos serem do teu interesse, podes encontrar neste s\u00edtio Web liga\u00e7\u00f5es para outros s\u00edtios.<\/p>\n\n<p>Esta pol\u00edtica de privacidade aplica-se apenas a este s\u00edtio Web. O respons\u00e1vel pelo tratamento n\u00e3o garante o cumprimento destas regras noutros s\u00edtios Web, nem \u00e9 respons\u00e1vel pelo acesso atrav\u00e9s de liga\u00e7\u00f5es a partir deste s\u00edtio. <\/p>\n\n<hr class=\"wp-block-separator has-alpha-channel-opacity\"\/>\n\n<p><a id=\"_msocom_1\"><\/a><\/p>\n\n<p> <a href=\"#_msoanchor_1\">[JS1]<\/a>Seleciona o programa a utilizar.<\/p>\n","protected":false},"excerpt":{"rendered":"<p>1.- DIREITO \u00c0 INFORMA\u00c7\u00c3O Em aplica\u00e7\u00e3o das disposi\u00e7\u00f5es do artigo 11 da Lei Org\u00e2nica 3\/2018, de 5 de dezembro, sobre a Prote\u00e7\u00e3o de Dados Pessoais e Garantia de Direitos Digitais [&hellip;]<\/p>\n","protected":false},"author":1,"featured_media":0,"parent":0,"menu_order":0,"comment_status":"closed","ping_status":"closed","template":"","meta":{"_et_pb_use_builder":"","_et_pb_old_content":"","_et_gb_content_width":"","footnotes":""},"class_list":["post-1844","page","type-page","status-publish","hentry"],"yoast_head":"<!-- This site is optimized with the Yoast SEO plugin v27.5 - https:\/\/yoast.com\/product\/yoast-seo-wordpress\/ -->\n<title>Pol\u00edtica de privacidade - Teresianas<\/title>\n<meta name=\"robots\" content=\"index, follow, max-snippet:-1, max-image-preview:large, max-video-preview:-1\" \/>\n<link rel=\"canonical\" href=\"https:\/\/teresianaseuropa.org\/pt-pt\/politica-de-privacidade\/\" \/>\n<meta property=\"og:locale\" content=\"pt_PT\" \/>\n<meta property=\"og:type\" content=\"article\" \/>\n<meta property=\"og:title\" content=\"Pol\u00edtica de privacidade - Teresianas\" \/>\n<meta property=\"og:description\" content=\"1.- DIREITO \u00c0 INFORMA\u00c7\u00c3O Em aplica\u00e7\u00e3o das disposi\u00e7\u00f5es do artigo 11 da Lei Org\u00e2nica 3\/2018, de 5 de dezembro, sobre a Prote\u00e7\u00e3o de Dados Pessoais e Garantia de Direitos Digitais [&hellip;]\" \/>\n<meta property=\"og:url\" content=\"https:\/\/teresianaseuropa.org\/pt-pt\/politica-de-privacidade\/\" \/>\n<meta property=\"og:site_name\" content=\"Teresianas\" \/>\n<meta property=\"article:modified_time\" content=\"2025-01-23T13:58:18+00:00\" \/>\n<meta name=\"twitter:card\" content=\"summary_large_image\" \/>\n<meta name=\"twitter:label1\" content=\"Tempo estimado de leitura\" \/>\n\t<meta name=\"twitter:data1\" content=\"12 minutos\" \/>\n<script type=\"application\/ld+json\" class=\"yoast-schema-graph\">{\"@context\":\"https:\\\/\\\/schema.org\",\"@graph\":[{\"@type\":\"WebPage\",\"@id\":\"https:\\\/\\\/teresianaseuropa.org\\\/pt-pt\\\/politica-de-privacidade\\\/\",\"url\":\"https:\\\/\\\/teresianaseuropa.org\\\/pt-pt\\\/politica-de-privacidade\\\/\",\"name\":\"Pol\u00edtica de privacidade - Teresianas\",\"isPartOf\":{\"@id\":\"https:\\\/\\\/teresianaseuropa.org\\\/pt-pt\\\/#website\"},\"datePublished\":\"2024-07-08T03:45:26+00:00\",\"dateModified\":\"2025-01-23T13:58:18+00:00\",\"breadcrumb\":{\"@id\":\"https:\\\/\\\/teresianaseuropa.org\\\/pt-pt\\\/politica-de-privacidade\\\/#breadcrumb\"},\"inLanguage\":\"pt-PT\",\"potentialAction\":[{\"@type\":\"ReadAction\",\"target\":[\"https:\\\/\\\/teresianaseuropa.org\\\/pt-pt\\\/politica-de-privacidade\\\/\"]}]},{\"@type\":\"BreadcrumbList\",\"@id\":\"https:\\\/\\\/teresianaseuropa.org\\\/pt-pt\\\/politica-de-privacidade\\\/#breadcrumb\",\"itemListElement\":[{\"@type\":\"ListItem\",\"position\":1,\"name\":\"Portada\",\"item\":\"https:\\\/\\\/teresianaseuropa.org\\\/pt-pt\\\/irmas-teresianas\\\/\"},{\"@type\":\"ListItem\",\"position\":2,\"name\":\"Pol\u00edtica de privacidade\"}]},{\"@type\":\"WebSite\",\"@id\":\"https:\\\/\\\/teresianaseuropa.org\\\/pt-pt\\\/#website\",\"url\":\"https:\\\/\\\/teresianaseuropa.org\\\/pt-pt\\\/\",\"name\":\"Teresianas Europa\",\"description\":\"\",\"publisher\":{\"@id\":\"https:\\\/\\\/teresianaseuropa.org\\\/pt-pt\\\/#organization\"},\"potentialAction\":[{\"@type\":\"SearchAction\",\"target\":{\"@type\":\"EntryPoint\",\"urlTemplate\":\"https:\\\/\\\/teresianaseuropa.org\\\/pt-pt\\\/?s={search_term_string}\"},\"query-input\":{\"@type\":\"PropertyValueSpecification\",\"valueRequired\":true,\"valueName\":\"search_term_string\"}}],\"inLanguage\":\"pt-PT\"},{\"@type\":\"Organization\",\"@id\":\"https:\\\/\\\/teresianaseuropa.org\\\/pt-pt\\\/#organization\",\"name\":\"Teresianas Provincia de Europa\",\"url\":\"https:\\\/\\\/teresianaseuropa.org\\\/pt-pt\\\/\",\"logo\":{\"@type\":\"ImageObject\",\"inLanguage\":\"pt-PT\",\"@id\":\"https:\\\/\\\/teresianaseuropa.org\\\/pt-pt\\\/#\\\/schema\\\/logo\\\/image\\\/\",\"url\":\"https:\\\/\\\/teresianaseuropa.org\\\/wp-content\\\/uploads\\\/2024\\\/07\\\/stjLogo.png\",\"contentUrl\":\"https:\\\/\\\/teresianaseuropa.org\\\/wp-content\\\/uploads\\\/2024\\\/07\\\/stjLogo.png\",\"width\":376,\"height\":194,\"caption\":\"Teresianas Provincia de Europa\"},\"image\":{\"@id\":\"https:\\\/\\\/teresianaseuropa.org\\\/pt-pt\\\/#\\\/schema\\\/logo\\\/image\\\/\"},\"sameAs\":[\"https:\\\/\\\/www.instagram.com\\\/teresianaseuropa\\\/\"]}]}<\/script>\n<!-- \/ Yoast SEO plugin. -->","yoast_head_json":{"title":"Pol\u00edtica de privacidade - Teresianas","robots":{"index":"index","follow":"follow","max-snippet":"max-snippet:-1","max-image-preview":"max-image-preview:large","max-video-preview":"max-video-preview:-1"},"canonical":"https:\/\/teresianaseuropa.org\/pt-pt\/politica-de-privacidade\/","og_locale":"pt_PT","og_type":"article","og_title":"Pol\u00edtica de privacidade - Teresianas","og_description":"1.- DIREITO \u00c0 INFORMA\u00c7\u00c3O Em aplica\u00e7\u00e3o das disposi\u00e7\u00f5es do artigo 11 da Lei Org\u00e2nica 3\/2018, de 5 de dezembro, sobre a Prote\u00e7\u00e3o de Dados Pessoais e Garantia de Direitos Digitais [&hellip;]","og_url":"https:\/\/teresianaseuropa.org\/pt-pt\/politica-de-privacidade\/","og_site_name":"Teresianas","article_modified_time":"2025-01-23T13:58:18+00:00","twitter_card":"summary_large_image","twitter_misc":{"Tempo estimado de leitura":"12 minutos"},"schema":{"@context":"https:\/\/schema.org","@graph":[{"@type":"WebPage","@id":"https:\/\/teresianaseuropa.org\/pt-pt\/politica-de-privacidade\/","url":"https:\/\/teresianaseuropa.org\/pt-pt\/politica-de-privacidade\/","name":"Pol\u00edtica de privacidade - Teresianas","isPartOf":{"@id":"https:\/\/teresianaseuropa.org\/pt-pt\/#website"},"datePublished":"2024-07-08T03:45:26+00:00","dateModified":"2025-01-23T13:58:18+00:00","breadcrumb":{"@id":"https:\/\/teresianaseuropa.org\/pt-pt\/politica-de-privacidade\/#breadcrumb"},"inLanguage":"pt-PT","potentialAction":[{"@type":"ReadAction","target":["https:\/\/teresianaseuropa.org\/pt-pt\/politica-de-privacidade\/"]}]},{"@type":"BreadcrumbList","@id":"https:\/\/teresianaseuropa.org\/pt-pt\/politica-de-privacidade\/#breadcrumb","itemListElement":[{"@type":"ListItem","position":1,"name":"Portada","item":"https:\/\/teresianaseuropa.org\/pt-pt\/irmas-teresianas\/"},{"@type":"ListItem","position":2,"name":"Pol\u00edtica de privacidade"}]},{"@type":"WebSite","@id":"https:\/\/teresianaseuropa.org\/pt-pt\/#website","url":"https:\/\/teresianaseuropa.org\/pt-pt\/","name":"Teresianas Europa","description":"","publisher":{"@id":"https:\/\/teresianaseuropa.org\/pt-pt\/#organization"},"potentialAction":[{"@type":"SearchAction","target":{"@type":"EntryPoint","urlTemplate":"https:\/\/teresianaseuropa.org\/pt-pt\/?s={search_term_string}"},"query-input":{"@type":"PropertyValueSpecification","valueRequired":true,"valueName":"search_term_string"}}],"inLanguage":"pt-PT"},{"@type":"Organization","@id":"https:\/\/teresianaseuropa.org\/pt-pt\/#organization","name":"Teresianas Provincia de Europa","url":"https:\/\/teresianaseuropa.org\/pt-pt\/","logo":{"@type":"ImageObject","inLanguage":"pt-PT","@id":"https:\/\/teresianaseuropa.org\/pt-pt\/#\/schema\/logo\/image\/","url":"https:\/\/teresianaseuropa.org\/wp-content\/uploads\/2024\/07\/stjLogo.png","contentUrl":"https:\/\/teresianaseuropa.org\/wp-content\/uploads\/2024\/07\/stjLogo.png","width":376,"height":194,"caption":"Teresianas Provincia de Europa"},"image":{"@id":"https:\/\/teresianaseuropa.org\/pt-pt\/#\/schema\/logo\/image\/"},"sameAs":["https:\/\/www.instagram.com\/teresianaseuropa\/"]}]}},"_links":{"self":[{"href":"https:\/\/teresianaseuropa.org\/pt-pt\/wp-json\/wp\/v2\/pages\/1844","targetHints":{"allow":["GET"]}}],"collection":[{"href":"https:\/\/teresianaseuropa.org\/pt-pt\/wp-json\/wp\/v2\/pages"}],"about":[{"href":"https:\/\/teresianaseuropa.org\/pt-pt\/wp-json\/wp\/v2\/types\/page"}],"author":[{"embeddable":true,"href":"https:\/\/teresianaseuropa.org\/pt-pt\/wp-json\/wp\/v2\/users\/1"}],"replies":[{"embeddable":true,"href":"https:\/\/teresianaseuropa.org\/pt-pt\/wp-json\/wp\/v2\/comments?post=1844"}],"version-history":[{"count":1,"href":"https:\/\/teresianaseuropa.org\/pt-pt\/wp-json\/wp\/v2\/pages\/1844\/revisions"}],"predecessor-version":[{"id":1845,"href":"https:\/\/teresianaseuropa.org\/pt-pt\/wp-json\/wp\/v2\/pages\/1844\/revisions\/1845"}],"wp:attachment":[{"href":"https:\/\/teresianaseuropa.org\/pt-pt\/wp-json\/wp\/v2\/media?parent=1844"}],"curies":[{"name":"wp","href":"https:\/\/api.w.org\/{rel}","templated":true}]}}