{"id":1851,"date":"2025-01-23T14:58:20","date_gmt":"2025-01-23T13:58:20","guid":{"rendered":"https:\/\/teresianaseuropa.org\/aviso-legal\/"},"modified":"2025-01-23T14:58:42","modified_gmt":"2025-01-23T13:58:42","slug":"aviso-legal","status":"publish","type":"page","link":"https:\/\/teresianaseuropa.org\/pt-pt\/aviso-legal\/","title":{"rendered":"Aviso legal"},"content":{"rendered":"\n<p><strong>AVISO LEGAL DO S\u00cdTIO WEB DA COMPANHIA DE SANTA TERESA DE JESUS<\/strong> <strong> PROV\u00cdNCIA TERESIANA DA EUROPA<\/strong><\/p>\n\n<p><strong>1. IDENTIFICA\u00c7\u00c3O DO TITULAR DO DOM\u00cdNIO<\/strong><\/p>\n\n<p>Em conformidade com o disposto no artigo 10 da Lei 34\/2002, de 11 de julho, de Servi\u00e7os da Sociedade da Informa\u00e7\u00e3o e Com\u00e9rcio Eletr\u00f3nico, informamos-te que:<\/p>\n\n<p>O propriet\u00e1rio do s\u00edtio Web \u00e9 a <strong>Sociedade de Santa Teresa de Jesus &#8211; Prov\u00edncia Teresiana da Europa.<\/strong><\/p>\n\n<p>N.\u00ba DE IVA: R2802447I<\/p>\n\n<p>Endere\u00e7o: C\/ Federico Grases n\u00ba 21 (28025 &#8211; Madrid)<\/p>\n\n<p>Endere\u00e7o de correio eletr\u00f3nico: <a href=\"mailto:pte_canal@stjteresianas.org\">pte_canal@stjteresianas.org<\/a><\/p>\n\n<p>N\u00famero de inscri\u00e7\u00e3o no Registo de Entidades Religiosas: 023811<\/p>\n\n<p><strong>2. OBJECTIVO, COMUNICA\u00c7\u00c3O E ESCOLHA<\/strong><\/p>\n\n<p>O objetivo deste site \u00e9 oferecer mais informa\u00e7\u00e3o aos utilizadores que o visitam. A Companhia de Santa Teresa de Jesus oferece informa\u00e7\u00f5es sobre a vida e a miss\u00e3o da congrega\u00e7\u00e3o, as prov\u00edncias, as actividades, etc. No entanto, tens a possibilidade de escolher o m\u00e9todo de rece\u00e7\u00e3o e difus\u00e3o da informa\u00e7\u00e3o: por correio, e-mail e telefone.  <\/p>\n\n<p><strong>3. REGRAS DE UTILIZA\u00c7\u00c3O DO PORTAL<\/strong><\/p>\n\n<p>Qualquer pessoa que aceda e utilize este s\u00edtio Web \u00e9 considerada um utilizador. O utilizador, pelo simples facto de ser utilizador, aceita todas as condi\u00e7\u00f5es de utiliza\u00e7\u00e3o. <\/p>\n\n<p><strong>3.1. GEN\u00c9RICAS <\/strong><\/p>\n\n<p>  \u00c9 proibida a publica\u00e7\u00e3o de conte\u00fados neste s\u00edtio Web, nos nossos blogues e noutras ferramentas de participa\u00e7\u00e3o que violem os seguintes princ\u00edpios:<\/p>\n\n<p><strong>a)<\/strong> Salvaguarda da ordem p\u00fablica, da investiga\u00e7\u00e3o criminal, da seguran\u00e7a p\u00fablica e da defesa nacional.<\/p>\n\n<p>(<strong>b)<\/strong> A prote\u00e7\u00e3o da sa\u00fade p\u00fablica ou a prote\u00e7\u00e3o de pessoas singulares que tenham o estatuto de consumidores ou utilizadores.<\/p>\n\n<p><strong>c)<\/strong> Respeito pela dignidade da pessoa humana e pelo princ\u00edpio da n\u00e3o discrimina\u00e7\u00e3o em raz\u00e3o da etnia, sexo, opini\u00e3o, nacionalidade, defici\u00eancia ou qualquer outra circunst\u00e2ncia pessoal ou social.<\/p>\n\n<p><strong>d)<\/strong> A prote\u00e7\u00e3o dos jovens e das crian\u00e7as.<\/p>\n\n<p><strong>e)<\/strong> Respeita a autonomia da vontade da pessoa em causa.<\/p>\n\n<p><strong>f)<\/strong> Respeita a propriedade intelectual do que \u00e9 publicado.<\/p>\n\n<p><strong>g)<\/strong> Em geral, respeita a legisla\u00e7\u00e3o em vigor.<\/p>\n\n<p><strong>3.2. PARTICULARES <\/strong><\/p>\n\n<p>O utilizador assume a responsabilidade pela utiliza\u00e7\u00e3o do portal. Esta responsabilidade estende-se a qualquer registo que possa ser necess\u00e1rio para aceder a determinados servi\u00e7os ou conte\u00fados. O utilizador ser\u00e1 respons\u00e1vel por fornecer informa\u00e7\u00f5es verdadeiras no processo de registo.  <\/p>\n\n<p>O utilizador compromete-se a fazer uma utiliza\u00e7\u00e3o adequada dos conte\u00fados e servi\u00e7os oferecidos pela Sociedade atrav\u00e9s do seu s\u00edtio Web e das suas ferramentas de participa\u00e7\u00e3o; a t\u00edtulo de exemplo, mas sem limita\u00e7\u00e3o, o utilizador compromete-se igualmente a n\u00e3o os utilizar para:<\/p>\n\n<p>&#8211; Causar danos nos sistemas f\u00edsicos e l\u00f3gicos da EMPRESA DE SANTA THERESA DE JESUS, dos seus fornecedores ou de terceiros, introduzir ou difundir v\u00edrus inform\u00e1ticos ou qualquer outro sistema f\u00edsico ou l\u00f3gico que possa causar danos.<\/p>\n\n<p>&#8211; Tenta aceder e, se for caso disso, utilizar as contas de correio eletr\u00f3nico de outros utilizadores e modificar ou manipular as suas mensagens.<\/p>\n\n<p>A EMPRESA DE SANTA TERESA DE JESUS reserva-se o direito de retirar todos os coment\u00e1rios e contribui\u00e7\u00f5es que violem o respeito pela dignidade da pessoa, que sejam discriminat\u00f3rios, xen\u00f3fobos, racistas, pornogr\u00e1ficos, que ameacem as pessoas, especialmente contra os interesses da juventude ou da inf\u00e2ncia, a ordem ou a seguran\u00e7a p\u00fablica ou que n\u00e3o sejam apropriados para publica\u00e7\u00e3o, \u00e0 discri\u00e7\u00e3o da EMPRESA DE SANTA TERESA DE JESUS.<\/p>\n\n<p>Em qualquer caso, a EMPRESA DE SANTA TERESA DE JESUS n\u00e3o \u00e9 respons\u00e1vel pelas opini\u00f5es expressas pelos utilizadores atrav\u00e9s de f\u00f3runs, chats ou outras ferramentas de participa\u00e7\u00e3o.<\/p>\n\n<p><strong>4. PROPRIEDADE INTELECTUAL E INDUSTRIAL<\/strong><\/p>\n\n<p>A EMPRESA DE SANTA TERESA DE JESUS \u00e9 titular de todos os direitos de propriedade intelectual e industrial das suas p\u00e1ginas web, bem como de todo o seu conte\u00fado, pelo que fica expressamente proibida qualquer reprodu\u00e7\u00e3o, distribui\u00e7\u00e3o e comunica\u00e7\u00e3o p\u00fablica total ou parcial do seu conte\u00fado sem a autoriza\u00e7\u00e3o expressa da EMPRESA DE SANTA TERESA DE JESUS.<\/p>\n\n<p><strong>5. RESPONSABILIDADE<\/strong><\/p>\n\n<p>A EMPRESA DE SANTA TERESA DE JESUS n\u00e3o se responsabiliza pelos danos e preju\u00edzos que possam derivar de interfer\u00eancias ou avarias telef\u00f3nicas, desconex\u00f5es no sistema eletr\u00f3nico, presen\u00e7a de v\u00edrus inform\u00e1ticos, malware ou qualquer outro fator alheio \u00e0 sua vontade. Tamb\u00e9m n\u00e3o \u00e9 respons\u00e1vel pelos conte\u00fados ou sistemas de terceiros ligados ao dom\u00ednio da Empresa atrav\u00e9s de links. <\/p>\n\n<p>A SOCIEDADE DE SANTA TERESA DE JESUS reserva-se o direito de tomar medidas legais contra aqueles que violarem estas condi\u00e7\u00f5es.<\/p>\n\n<p><strong>6. ALTERA\u00c7\u00d5ES AOS PRESENTES TERMOS E CONDI\u00c7\u00d5ES E VALIDADE<\/strong><\/p>\n\n<p>A SOCIEDADE DE SANTA TERESA DE JESUS pode modificar estas condi\u00e7\u00f5es a qualquer momento, sem aviso pr\u00e9vio, publicando as suas modifica\u00e7\u00f5es \u00e0 medida que v\u00e3o aparecendo.<\/p>\n\n<p><strong>7. LEI APLIC\u00c1VEL E JURISDI\u00c7\u00c3O<\/strong><\/p>\n\n<p>As rela\u00e7\u00f5es entre a EMPRESA DE SANTA TERESA DE JESUS e o utilizador reger-se-\u00e3o pela legisla\u00e7\u00e3o vigente e qualquer lit\u00edgio ser\u00e1 submetido aos Julgados e Tribunais da cidade de Madrid.<strong><\/strong><\/p>\n","protected":false},"excerpt":{"rendered":"<p>AVISO LEGAL DO S\u00cdTIO WEB DA COMPANHIA DE SANTA TERESA DE JESUS PROV\u00cdNCIA TERESIANA DA EUROPA 1. IDENTIFICA\u00c7\u00c3O DO TITULAR DO DOM\u00cdNIO Em conformidade com o disposto no artigo 10 [&hellip;]<\/p>\n","protected":false},"author":1,"featured_media":0,"parent":0,"menu_order":0,"comment_status":"closed","ping_status":"closed","template":"","meta":{"_et_pb_use_builder":"off","_et_pb_old_content":"","_et_gb_content_width":"","footnotes":""},"class_list":["post-1851","page","type-page","status-publish","hentry"],"yoast_head":"<!-- This site is optimized with the Yoast SEO plugin v27.5 - https:\/\/yoast.com\/product\/yoast-seo-wordpress\/ -->\n<title>Aviso legal - Teresianas<\/title>\n<meta name=\"robots\" content=\"index, follow, max-snippet:-1, max-image-preview:large, max-video-preview:-1\" \/>\n<link rel=\"canonical\" href=\"https:\/\/teresianaseuropa.org\/pt-pt\/aviso-legal\/\" \/>\n<meta property=\"og:locale\" content=\"pt_PT\" \/>\n<meta property=\"og:type\" content=\"article\" \/>\n<meta property=\"og:title\" content=\"Aviso legal - Teresianas\" \/>\n<meta property=\"og:description\" content=\"AVISO LEGAL DO S\u00cdTIO WEB DA COMPANHIA DE SANTA TERESA DE JESUS PROV\u00cdNCIA TERESIANA DA EUROPA 1. IDENTIFICA\u00c7\u00c3O DO TITULAR DO DOM\u00cdNIO Em conformidade com o disposto no artigo 10 [&hellip;]\" \/>\n<meta property=\"og:url\" content=\"https:\/\/teresianaseuropa.org\/pt-pt\/aviso-legal\/\" \/>\n<meta property=\"og:site_name\" content=\"Teresianas\" \/>\n<meta property=\"article:modified_time\" content=\"2025-01-23T13:58:42+00:00\" \/>\n<meta name=\"twitter:card\" content=\"summary_large_image\" \/>\n<meta name=\"twitter:label1\" content=\"Tempo estimado de leitura\" \/>\n\t<meta name=\"twitter:data1\" content=\"4 minutos\" \/>\n<script type=\"application\/ld+json\" class=\"yoast-schema-graph\">{\"@context\":\"https:\\\/\\\/schema.org\",\"@graph\":[{\"@type\":\"WebPage\",\"@id\":\"https:\\\/\\\/teresianaseuropa.org\\\/pt-pt\\\/aviso-legal\\\/\",\"url\":\"https:\\\/\\\/teresianaseuropa.org\\\/pt-pt\\\/aviso-legal\\\/\",\"name\":\"Aviso legal - Teresianas\",\"isPartOf\":{\"@id\":\"https:\\\/\\\/teresianaseuropa.org\\\/pt-pt\\\/#website\"},\"datePublished\":\"2025-01-23T13:58:20+00:00\",\"dateModified\":\"2025-01-23T13:58:42+00:00\",\"breadcrumb\":{\"@id\":\"https:\\\/\\\/teresianaseuropa.org\\\/pt-pt\\\/aviso-legal\\\/#breadcrumb\"},\"inLanguage\":\"pt-PT\",\"potentialAction\":[{\"@type\":\"ReadAction\",\"target\":[\"https:\\\/\\\/teresianaseuropa.org\\\/pt-pt\\\/aviso-legal\\\/\"]}]},{\"@type\":\"BreadcrumbList\",\"@id\":\"https:\\\/\\\/teresianaseuropa.org\\\/pt-pt\\\/aviso-legal\\\/#breadcrumb\",\"itemListElement\":[{\"@type\":\"ListItem\",\"position\":1,\"name\":\"Portada\",\"item\":\"https:\\\/\\\/teresianaseuropa.org\\\/pt-pt\\\/irmas-teresianas\\\/\"},{\"@type\":\"ListItem\",\"position\":2,\"name\":\"Aviso legal\"}]},{\"@type\":\"WebSite\",\"@id\":\"https:\\\/\\\/teresianaseuropa.org\\\/pt-pt\\\/#website\",\"url\":\"https:\\\/\\\/teresianaseuropa.org\\\/pt-pt\\\/\",\"name\":\"Teresianas Europa\",\"description\":\"\",\"publisher\":{\"@id\":\"https:\\\/\\\/teresianaseuropa.org\\\/pt-pt\\\/#organization\"},\"potentialAction\":[{\"@type\":\"SearchAction\",\"target\":{\"@type\":\"EntryPoint\",\"urlTemplate\":\"https:\\\/\\\/teresianaseuropa.org\\\/pt-pt\\\/?s={search_term_string}\"},\"query-input\":{\"@type\":\"PropertyValueSpecification\",\"valueRequired\":true,\"valueName\":\"search_term_string\"}}],\"inLanguage\":\"pt-PT\"},{\"@type\":\"Organization\",\"@id\":\"https:\\\/\\\/teresianaseuropa.org\\\/pt-pt\\\/#organization\",\"name\":\"Teresianas Provincia de Europa\",\"url\":\"https:\\\/\\\/teresianaseuropa.org\\\/pt-pt\\\/\",\"logo\":{\"@type\":\"ImageObject\",\"inLanguage\":\"pt-PT\",\"@id\":\"https:\\\/\\\/teresianaseuropa.org\\\/pt-pt\\\/#\\\/schema\\\/logo\\\/image\\\/\",\"url\":\"https:\\\/\\\/teresianaseuropa.org\\\/wp-content\\\/uploads\\\/2024\\\/07\\\/stjLogo.png\",\"contentUrl\":\"https:\\\/\\\/teresianaseuropa.org\\\/wp-content\\\/uploads\\\/2024\\\/07\\\/stjLogo.png\",\"width\":376,\"height\":194,\"caption\":\"Teresianas Provincia de Europa\"},\"image\":{\"@id\":\"https:\\\/\\\/teresianaseuropa.org\\\/pt-pt\\\/#\\\/schema\\\/logo\\\/image\\\/\"},\"sameAs\":[\"https:\\\/\\\/www.instagram.com\\\/teresianaseuropa\\\/\"]}]}<\/script>\n<!-- \/ Yoast SEO plugin. -->","yoast_head_json":{"title":"Aviso legal - Teresianas","robots":{"index":"index","follow":"follow","max-snippet":"max-snippet:-1","max-image-preview":"max-image-preview:large","max-video-preview":"max-video-preview:-1"},"canonical":"https:\/\/teresianaseuropa.org\/pt-pt\/aviso-legal\/","og_locale":"pt_PT","og_type":"article","og_title":"Aviso legal - Teresianas","og_description":"AVISO LEGAL DO S\u00cdTIO WEB DA COMPANHIA DE SANTA TERESA DE JESUS PROV\u00cdNCIA TERESIANA DA EUROPA 1. IDENTIFICA\u00c7\u00c3O DO TITULAR DO DOM\u00cdNIO Em conformidade com o disposto no artigo 10 [&hellip;]","og_url":"https:\/\/teresianaseuropa.org\/pt-pt\/aviso-legal\/","og_site_name":"Teresianas","article_modified_time":"2025-01-23T13:58:42+00:00","twitter_card":"summary_large_image","twitter_misc":{"Tempo estimado de leitura":"4 minutos"},"schema":{"@context":"https:\/\/schema.org","@graph":[{"@type":"WebPage","@id":"https:\/\/teresianaseuropa.org\/pt-pt\/aviso-legal\/","url":"https:\/\/teresianaseuropa.org\/pt-pt\/aviso-legal\/","name":"Aviso legal - Teresianas","isPartOf":{"@id":"https:\/\/teresianaseuropa.org\/pt-pt\/#website"},"datePublished":"2025-01-23T13:58:20+00:00","dateModified":"2025-01-23T13:58:42+00:00","breadcrumb":{"@id":"https:\/\/teresianaseuropa.org\/pt-pt\/aviso-legal\/#breadcrumb"},"inLanguage":"pt-PT","potentialAction":[{"@type":"ReadAction","target":["https:\/\/teresianaseuropa.org\/pt-pt\/aviso-legal\/"]}]},{"@type":"BreadcrumbList","@id":"https:\/\/teresianaseuropa.org\/pt-pt\/aviso-legal\/#breadcrumb","itemListElement":[{"@type":"ListItem","position":1,"name":"Portada","item":"https:\/\/teresianaseuropa.org\/pt-pt\/irmas-teresianas\/"},{"@type":"ListItem","position":2,"name":"Aviso legal"}]},{"@type":"WebSite","@id":"https:\/\/teresianaseuropa.org\/pt-pt\/#website","url":"https:\/\/teresianaseuropa.org\/pt-pt\/","name":"Teresianas Europa","description":"","publisher":{"@id":"https:\/\/teresianaseuropa.org\/pt-pt\/#organization"},"potentialAction":[{"@type":"SearchAction","target":{"@type":"EntryPoint","urlTemplate":"https:\/\/teresianaseuropa.org\/pt-pt\/?s={search_term_string}"},"query-input":{"@type":"PropertyValueSpecification","valueRequired":true,"valueName":"search_term_string"}}],"inLanguage":"pt-PT"},{"@type":"Organization","@id":"https:\/\/teresianaseuropa.org\/pt-pt\/#organization","name":"Teresianas Provincia de Europa","url":"https:\/\/teresianaseuropa.org\/pt-pt\/","logo":{"@type":"ImageObject","inLanguage":"pt-PT","@id":"https:\/\/teresianaseuropa.org\/pt-pt\/#\/schema\/logo\/image\/","url":"https:\/\/teresianaseuropa.org\/wp-content\/uploads\/2024\/07\/stjLogo.png","contentUrl":"https:\/\/teresianaseuropa.org\/wp-content\/uploads\/2024\/07\/stjLogo.png","width":376,"height":194,"caption":"Teresianas Provincia de Europa"},"image":{"@id":"https:\/\/teresianaseuropa.org\/pt-pt\/#\/schema\/logo\/image\/"},"sameAs":["https:\/\/www.instagram.com\/teresianaseuropa\/"]}]}},"_links":{"self":[{"href":"https:\/\/teresianaseuropa.org\/pt-pt\/wp-json\/wp\/v2\/pages\/1851","targetHints":{"allow":["GET"]}}],"collection":[{"href":"https:\/\/teresianaseuropa.org\/pt-pt\/wp-json\/wp\/v2\/pages"}],"about":[{"href":"https:\/\/teresianaseuropa.org\/pt-pt\/wp-json\/wp\/v2\/types\/page"}],"author":[{"embeddable":true,"href":"https:\/\/teresianaseuropa.org\/pt-pt\/wp-json\/wp\/v2\/users\/1"}],"replies":[{"embeddable":true,"href":"https:\/\/teresianaseuropa.org\/pt-pt\/wp-json\/wp\/v2\/comments?post=1851"}],"version-history":[{"count":1,"href":"https:\/\/teresianaseuropa.org\/pt-pt\/wp-json\/wp\/v2\/pages\/1851\/revisions"}],"predecessor-version":[{"id":1852,"href":"https:\/\/teresianaseuropa.org\/pt-pt\/wp-json\/wp\/v2\/pages\/1851\/revisions\/1852"}],"wp:attachment":[{"href":"https:\/\/teresianaseuropa.org\/pt-pt\/wp-json\/wp\/v2\/media?parent=1851"}],"curies":[{"name":"wp","href":"https:\/\/api.w.org\/{rel}","templated":true}]}}